{"id":277,"date":"2021-03-02T16:41:48","date_gmt":"2021-03-02T15:41:48","guid":{"rendered":"http:\/\/image-bible.ch\/?page_id=277"},"modified":"2021-09-13T16:29:34","modified_gmt":"2021-09-13T14:29:34","slug":"21-fete-juive","status":"publish","type":"page","link":"http:\/\/image-bible.ch\/?page_id=277","title":{"rendered":"A1.7 \/ F\u00eate juive et chr\u00e9tienne"},"content":{"rendered":"<p style=\"text-align: center;\"><span style=\"font-size: 14pt; font-family: 'comic sans ms', sans-serif;\">A1. L\u2019Annonciation \u00e0 Marie \/\u00a0 F\u00eate juive et chr\u00e9tienne<\/span><\/p>\n<p class=\"first-paragraph\"><span class=\"underline\"><strong>Date de l\u2019Annonciation<\/strong><\/span><\/p>\n<p>9 mois avant le jour de No\u00ebl. Tombe le 25 mars chez les catholiques, le 6 avril chez les coptes et les Arm\u00e9niens, et le 7 avril chez les orthodoxes.<\/p>\n<p><span class=\"underline\"><strong>Origine de l\u2019Annonciation<\/strong><\/span><\/p>\n<p>L\u2019Annonciation c\u00e9l\u00e8bre l\u2019annonce de Dieu d\u2019une maternit\u00e9 divine <a href=\"https:\/\/www.ohmymag.com\/societe\/assomption-pourquoi-le-15-aout-est-ferie_art108336.html\" target=\"_blank\" rel=\"noopener\">\u00e0 Marie<\/a>, par le truchement de l\u2019archange Gabriel. Selon l\u2019Evangile, l\u2019archange Gabriel est entr\u00e9 dans la demeure de la jeune Marie, promise \u00e0 Joseph, dans une ville de Galil\u00e9e appel\u00e9e Nazareth.<\/p>\n<p>L\u2019Archange se pr\u00e9senta \u00e0 elle par des mots d\u00e9sormais c\u00e9l\u00e8bres : <em>\u00ab\u00a0Je te salue Marie, combl\u00e9e de gr\u00e2ce, le Seigneur est avec toi.\u00a0\u00bb<\/em> Surprise, Marie ne r\u00e9alise pas ce que Gabriel vient lui annoncer et, au moment o\u00f9 il lui pr\u00e9dit une grossesse, Marie ne comprend pas comment elle peut enfanter tout en \u00e9tant vierge. C\u2019est alors que Gabriel lui explique que c\u2019est l\u2019Esprit Saint qui descendra sur elle pour la f\u00e9conder.<\/p>\n<p>La journ\u00e9e de l\u2019Annonciation a \u00e9t\u00e9 tardivement ajout\u00e9e au calendrier chr\u00e9tien et a pour particularit\u00e9 de co\u00efncider avec l\u2019\u00e9quinoxe de printemps. Par ailleurs, dans la tradition catholique, d\u2019autres \u00e9v\u00e9nements sont fix\u00e9s \u00e0 la m\u00eame date : le premier jour de la cr\u00e9ation du monde, la chute d\u2019Adam et Eve, le sacrifice d\u2019Isaac, la mort du Christ sur la croix, ou encore le Jugement dernier.<\/p>\n<p><span class=\"underline\"><strong>Traditions pendant l\u2019Annonciation<\/strong><\/span><\/p>\n<p>Cet \u00e9v\u00e9nement biblique est aussi bien c\u00e9l\u00e9br\u00e9 par les catholiques que par les orthodoxes. Seules les dates changent, en raison des calendriers diff\u00e9rents (respectivement julien et gr\u00e9gorien) employ\u00e9s par les deux traditions.<\/p>\n<p>En m\u00e9moire de cet \u00e9pisode de la Bible, les \u00e9glises du monde entier font r\u00e9citer le \u00ab\u00a0Ave Maria\u00a0\u00bb durant la messe organis\u00e9e en ce jour. La tradition th\u00e9ologique souligne m\u00eame que cette formule contient le nom d\u2019Eve en invers\u00e9, ce qui donne un sens d\u2019autant plus mystique \u00e0 l\u2019Annonciation.<\/p>\n<p>Celle-ci prend alors la forme d\u2019un message de joie et de lib\u00e9ration, confirm\u00e9e par le texte original \u00e9crit en grec o\u00f9 la salutation de Gabriel est \u00ab\u00a0XAIPE\u00a0\u00bb, signifiant \u00ab\u00a0R\u00e9jouis-toi\u00a0\u00bb. L\u2019Annonciation pr\u00e9figure alors la prochaine venue du Christ.<\/p>\n<p>Cet \u00e9v\u00e9nement biblique a par ailleurs une importance particuli\u00e8re dans certains pays, comme la Gr\u00e8ce et le Liban, qui ont d\u00e9cid\u00e9 d\u2019en faire une f\u00eate nationale.<\/p>\n<p><!-- \/wp:paragraph --><\/p>\n","protected":false},"excerpt":{"rendered":"<p>A1. L\u2019Annonciation \u00e0 Marie \/\u00a0 F\u00eate juive et chr\u00e9tienne Date de l\u2019Annonciation 9 mois avant le jour de No\u00ebl. Tombe le 25 mars chez les catholiques, le 6 avril chez les coptes et les Arm\u00e9niens, et le 7 avril chez<\/p>\n","protected":false},"author":1,"featured_media":0,"parent":21,"menu_order":7,"comment_status":"closed","ping_status":"closed","template":"","meta":{"footnotes":""},"_links":{"self":[{"href":"http:\/\/image-bible.ch\/index.php?rest_route=\/wp\/v2\/pages\/277"}],"collection":[{"href":"http:\/\/image-bible.ch\/index.php?rest_route=\/wp\/v2\/pages"}],"about":[{"href":"http:\/\/image-bible.ch\/index.php?rest_route=\/wp\/v2\/types\/page"}],"author":[{"embeddable":true,"href":"http:\/\/image-bible.ch\/index.php?rest_route=\/wp\/v2\/users\/1"}],"replies":[{"embeddable":true,"href":"http:\/\/image-bible.ch\/index.php?rest_route=%2Fwp%2Fv2%2Fcomments&post=277"}],"version-history":[{"count":15,"href":"http:\/\/image-bible.ch\/index.php?rest_route=\/wp\/v2\/pages\/277\/revisions"}],"predecessor-version":[{"id":5855,"href":"http:\/\/image-bible.ch\/index.php?rest_route=\/wp\/v2\/pages\/277\/revisions\/5855"}],"up":[{"embeddable":true,"href":"http:\/\/image-bible.ch\/index.php?rest_route=\/wp\/v2\/pages\/21"}],"wp:attachment":[{"href":"http:\/\/image-bible.ch\/index.php?rest_route=%2Fwp%2Fv2%2Fmedia&parent=277"}],"curies":[{"name":"wp","href":"https:\/\/api.w.org\/{rel}","templated":true}]}}