{"id":459,"date":"2021-03-03T16:07:08","date_gmt":"2021-03-03T15:07:08","guid":{"rendered":"http:\/\/image-bible.ch\/?page_id=459"},"modified":"2021-09-21T17:09:40","modified_gmt":"2021-09-21T15:09:40","slug":"a3-1-la-bible-des-pauvres","status":"publish","type":"page","link":"http:\/\/image-bible.ch\/?page_id=459","title":{"rendered":"A3.1 \/ La Bible des pauvres"},"content":{"rendered":"\r\n<p style=\"text-align: center;\"><span style=\"font-size: 14pt; font-family: 'comic sans ms', sans-serif;\">A3. La circoncision \/ La Bible des pauvres<\/span><strong><br \/><\/strong><\/p>\r\n\r\n\r\n\r\n<p><img loading=\"lazy\" decoding=\"async\" class=\"alignnone  wp-image-5415\" src=\"http:\/\/image-bible.ch\/wp-content\/uploads\/2021\/05\/4.-Adoration-des-mages-3-191x300.jpg\" alt=\"\" width=\"260\" height=\"408\" \/><\/p>\r\n<p>Antitype Circoncision de J\u00e9sus;\u00a0 Type : Circoncision d&rsquo;Isaac par Abrahm; (3) Tpye: Circoncision d&rsquo;un proph\u00e8te<\/p>\r\n<p><b>Pr\u00e9figuration : <\/b><\/p>\r\n<p><b>Circoncision d\u2019Isaac fils d\u2019Abraham :<\/b><\/p>\r\n<p><i>Gn 21,3-4<\/i><\/p>\r\n<p><i>Et Abraham donna un nom au fils que Sara lui avait enfant\u00e9 : il l\u2019appela <\/i><b><i>Isaac<\/i><\/b><i> (c\u2019est-\u00e0-dire : <\/i><b><i>Il rit<\/i><\/b><i>).<\/i><\/p>\r\n<p><i>Quand Isaac eut <\/i><b><i>huit jours<\/i><\/b><i>, Abraham <\/i><b><i>le circoncit<\/i><\/b><i>, comme Dieu le lui avait ordonn\u00e9.<\/i><\/p>\r\n<p><b>Pr\u00e9figuration :\u00a0 Circoncision d\u2019un juif :<br \/><\/b><b>Gn<\/b><b> 17,14<\/b><\/p>\r\n<p><i>Dieu dit \u00e0 Abraham : \u00ab Toi, tu observeras mon alliance, toi et ta descendance apr\u00e8s toi, de g\u00e9n\u00e9ration en g\u00e9n\u00e9ration.<\/i><\/p>\r\n<p><i>\u00a0Et voici l\u2019alliance qui sera observ\u00e9e entre moi et vous, c\u2019est-\u00e0-dire toi et ta descendance apr\u00e8s toi : tous vos enfants m\u00e2les seront circoncis.<\/i><\/p>\r\n<p><i>La chair de votre pr\u00e9puce sera circoncise, et cela deviendra le signe de l\u2019alliance entre moi et vous.<\/i><\/p>\r\n<p><i>\u00c0 chaque g\u00e9n\u00e9ration, tous vos enfants m\u00e2les \u00e2g\u00e9s de huit jours seront circoncis, les enfants n\u00e9s dans la maison, ou les enfants \u00e9trangers qui ne sont pas de ta descendance mais sont acquis \u00e0 prix d\u2019argent.<\/i><\/p>\r\n<p><strong>Isa\u00efe :<\/strong><\/p>\r\n<p><b>Mo\u00efse : <\/b><i>Dt<\/i><i> 10,16 : Pratiquez la circoncision du c\u0153ur, n\u2019ayez plus la nuque raide (d\u00e9j\u00e0 dans l&rsquo;A.T. les proph\u00e8tes insiste sur la circoncision &#8211; purification int\u00e9rieure du c\u0153ur)<br \/><\/i><\/p>\r\n<p><b>Mo\u00efse<\/b><b> : <\/b><em>Jos 5,2-3 : En ce temps-l\u00e0, le Seigneur dit \u00e0 Josu\u00e9\u00a0: \u00ab\u00a0Fais-toi des couteaux de silex et circoncis la deuxi\u00e8me g\u00e9n\u00e9ration des fils d\u2019Isra\u00ebl.\u00a0\u00bb\u00a0Josu\u00e9 se fit des couteaux de silex et circoncit les fils d\u2019Isra\u00ebl sur la colline des Pr\u00e9puces.<\/em><\/p>\r\n<p><b>J\u00e9r\u00e9mie : <\/b><em>Jr \u00a04,4 : <\/em><i>Soyez circoncis pour le Seigneur, enlevez le pr\u00e9puce de votre c\u0153ur, gens de Juda et habitants de J\u00e9rusalem, de peur que ma col\u00e8re n\u2019\u00e9clate comme un feu et ne br\u00fble, sans personne pour l\u2019\u00e9teindre, \u00e0 cause de la malice de vos actes.<\/i><\/p>\r\n","protected":false},"excerpt":{"rendered":"<p>A3. La circoncision \/ La Bible des pauvres Antitype Circoncision de J\u00e9sus;\u00a0 Type : Circoncision d&rsquo;Isaac par Abrahm; (3) Tpye: Circoncision d&rsquo;un proph\u00e8te Pr\u00e9figuration : Circoncision d\u2019Isaac fils d\u2019Abraham : Gn 21,3-4 Et Abraham donna un nom au fils que<\/p>\n","protected":false},"author":1,"featured_media":0,"parent":25,"menu_order":1,"comment_status":"closed","ping_status":"closed","template":"","meta":{"footnotes":""},"_links":{"self":[{"href":"http:\/\/image-bible.ch\/index.php?rest_route=\/wp\/v2\/pages\/459"}],"collection":[{"href":"http:\/\/image-bible.ch\/index.php?rest_route=\/wp\/v2\/pages"}],"about":[{"href":"http:\/\/image-bible.ch\/index.php?rest_route=\/wp\/v2\/types\/page"}],"author":[{"embeddable":true,"href":"http:\/\/image-bible.ch\/index.php?rest_route=\/wp\/v2\/users\/1"}],"replies":[{"embeddable":true,"href":"http:\/\/image-bible.ch\/index.php?rest_route=%2Fwp%2Fv2%2Fcomments&post=459"}],"version-history":[{"count":7,"href":"http:\/\/image-bible.ch\/index.php?rest_route=\/wp\/v2\/pages\/459\/revisions"}],"predecessor-version":[{"id":6234,"href":"http:\/\/image-bible.ch\/index.php?rest_route=\/wp\/v2\/pages\/459\/revisions\/6234"}],"up":[{"embeddable":true,"href":"http:\/\/image-bible.ch\/index.php?rest_route=\/wp\/v2\/pages\/25"}],"wp:attachment":[{"href":"http:\/\/image-bible.ch\/index.php?rest_route=%2Fwp%2Fv2%2Fmedia&parent=459"}],"curies":[{"name":"wp","href":"https:\/\/api.w.org\/{rel}","templated":true}]}}