{"id":507,"date":"2021-03-04T08:06:02","date_gmt":"2021-03-04T07:06:02","guid":{"rendered":"http:\/\/image-bible.ch\/?page_id=507"},"modified":"2021-10-01T12:08:49","modified_gmt":"2021-10-01T10:08:49","slug":"a4-6-icone","status":"publish","type":"page","link":"http:\/\/image-bible.ch\/?page_id=507","title":{"rendered":"A4.6 Ic\u00f4ne"},"content":{"rendered":"\r\n<p style=\"text-align: center;\"><span style=\"font-size: 14pt; font-family: 'book antiqua', palatino, serif;\"><strong>A4. L\u2019 adoration des 3 Mages \/\u00a0 Ic\u00f4ne<\/strong><\/span><\/p>\r\n<p><img loading=\"lazy\" decoding=\"async\" class=\"alignnone size-medium wp-image-5387\" src=\"http:\/\/image-bible.ch\/wp-content\/uploads\/2021\/05\/4.-Nativite-Bihin-01-235x300.jpg\" alt=\"\" width=\"235\" height=\"300\" srcset=\"http:\/\/image-bible.ch\/wp-content\/uploads\/2021\/05\/4.-Nativite-Bihin-01-235x300.jpg 235w, http:\/\/image-bible.ch\/wp-content\/uploads\/2021\/05\/4.-Nativite-Bihin-01-803x1024.jpg 803w, http:\/\/image-bible.ch\/wp-content\/uploads\/2021\/05\/4.-Nativite-Bihin-01-768x979.jpg 768w, http:\/\/image-bible.ch\/wp-content\/uploads\/2021\/05\/4.-Nativite-Bihin-01-1205x1536.jpg 1205w, http:\/\/image-bible.ch\/wp-content\/uploads\/2021\/05\/4.-Nativite-Bihin-01.jpg 1279w\" sizes=\"(max-width: 235px) 100vw, 235px\" \/><\/p>\r\n<p>L&rsquo;ic\u00f4ne de la nativit\u00e9 contient \u00e9galement les mages. Au sommet \u00e0 gauche les mages arrivent \u00e0 cheval, guid\u00e9 par l&rsquo;\u00e9toile, qui est en m\u00eame temps le rayon divin, trinitaire qui descend du ciel (le P\u00e8re) dans la grotte o\u00f9 se trouve l&rsquo;enfant J\u00e9sus.<\/p>\r\n<p>Voir les d\u00e9tails : <a href=\"http:\/\/image-bible.ch\/?page_id=405\">Ic\u00f4ne de la nativit\u00e9<\/a><\/p>\r\n<p><a name=\"_Toc83981866\"><\/a>Adoration des mages vitrail du M\u00fcnster de Berne<\/p>\r\n<table>\r\n<tbody>\r\n<tr>\r\n<td width=\"141\">\r\n<p><strong><em>Mo\u00efse et le buisson ardent<\/em><\/strong><\/p>\r\n<\/td>\r\n<td width=\"359\">\r\n<p><strong><em>Adoration des mages<\/em><\/strong><\/p>\r\n<\/td>\r\n<td width=\"141\">\r\n<p><strong><em>Aaron et le rameau qui fleurit<\/em><\/strong><\/p>\r\n<\/td>\r\n<\/tr>\r\n<\/tbody>\r\n<\/table>\r\n<table width=\"100%\">\r\n<tbody>\r\n<tr>\r\n<td>\r\n<p><em>Adoration des mages, Armadio delli angeli, Fra Angelico, 1451-53, <br \/>couvent San Marco, Florence (Italie)<\/em><\/p>\r\n<\/td>\r\n<\/tr>\r\n<\/tbody>\r\n<\/table>\r\n<p>Au M\u00fcnster de Berne, dans le vitrail de l\u2019arbre de Jess\u00e9, au quatri\u00e8me registre nous trouvons l\u2019adoration des mages entour\u00e9 comme dans la bible des pauvres de Mo\u00efse qui enl\u00e8ve ses chaussures devant le buisson ardent o\u00f9 appara\u00eet le Christ et Aaron qui montre le rameau en fleur, comme un tuyau d\u2019orgue.<\/p>\r\n<p><strong>\u00a0<\/strong><\/p>\r\n<p>&nbsp;<\/p>\r\n<p>&nbsp;<\/p>\r\n<p>&nbsp;<\/p>\r\n<p>&nbsp;<\/p>\r\n<p>&nbsp;<\/p>\r\n","protected":false},"excerpt":{"rendered":"<p>A4. L\u2019 adoration des 3 Mages \/\u00a0 Ic\u00f4ne L&rsquo;ic\u00f4ne de la nativit\u00e9 contient \u00e9galement les mages. Au sommet \u00e0 gauche les mages arrivent \u00e0 cheval, guid\u00e9 par l&rsquo;\u00e9toile, qui est en m\u00eame temps le rayon divin, trinitaire qui descend du<\/p>\n","protected":false},"author":1,"featured_media":0,"parent":27,"menu_order":6,"comment_status":"closed","ping_status":"closed","template":"","meta":{"footnotes":""},"_links":{"self":[{"href":"http:\/\/image-bible.ch\/index.php?rest_route=\/wp\/v2\/pages\/507"}],"collection":[{"href":"http:\/\/image-bible.ch\/index.php?rest_route=\/wp\/v2\/pages"}],"about":[{"href":"http:\/\/image-bible.ch\/index.php?rest_route=\/wp\/v2\/types\/page"}],"author":[{"embeddable":true,"href":"http:\/\/image-bible.ch\/index.php?rest_route=\/wp\/v2\/users\/1"}],"replies":[{"embeddable":true,"href":"http:\/\/image-bible.ch\/index.php?rest_route=%2Fwp%2Fv2%2Fcomments&post=507"}],"version-history":[{"count":6,"href":"http:\/\/image-bible.ch\/index.php?rest_route=\/wp\/v2\/pages\/507\/revisions"}],"predecessor-version":[{"id":6309,"href":"http:\/\/image-bible.ch\/index.php?rest_route=\/wp\/v2\/pages\/507\/revisions\/6309"}],"up":[{"embeddable":true,"href":"http:\/\/image-bible.ch\/index.php?rest_route=\/wp\/v2\/pages\/27"}],"wp:attachment":[{"href":"http:\/\/image-bible.ch\/index.php?rest_route=%2Fwp%2Fv2%2Fmedia&parent=507"}],"curies":[{"name":"wp","href":"https:\/\/api.w.org\/{rel}","templated":true}]}}