{"id":5275,"date":"2021-04-08T16:29:57","date_gmt":"2021-04-08T14:29:57","guid":{"rendered":"http:\/\/image-bible.ch\/?page_id=5275"},"modified":"2024-09-03T08:56:56","modified_gmt":"2024-09-03T06:56:56","slug":"a0-6-icone","status":"publish","type":"page","link":"http:\/\/image-bible.ch\/?page_id=5275","title":{"rendered":"A0.6 \/ Ic\u00f4ne"},"content":{"rendered":"<h2 style=\"text-align: center;\">A0.6 \/ Ic\u00f4ne<\/h2>\r\n<p>Lorsqu&rsquo;un ic\u00f4ne a \u00e9t\u00e9 \u00e9crite avec le r\u00e9cit du N.T. et\/ou de l&rsquo;A.T., elle se trouvera l\u00e0 avec sa pr\u00e9sentation et son interpr\u00e9ation. <strong>Quelques pr\u00e9cisions :<\/strong><\/p>\r\n<ul style=\"list-style-type: disc;\">\r\n<li>On <strong>\u00e9crit<\/strong> une ic\u00f4ne, car elle est toujours la repr\u00e9sentation d&rsquo;un r\u00e9cit biblique, d&rsquo;un saint ou de sa vie.<\/li>\r\n<li>L&rsquo;ic\u00f4ne est une invitation \u00e0 d\u00e9passer ce que l&rsquo;on voit pour entrer <span style=\"color: #ff0000;\"><strong>dans le myst\u00e8re<\/strong><\/span> qu&rsquo;elle repr\u00e9sente.<\/li>\r\n<li><strong>L&rsquo;auteur<\/strong> de l&rsquo;ic\u00f4ne <strong>s&rsquo;efface<\/strong> devant le myst\u00e8re, il ne signe jamais son oeuvre.<\/li>\r\n<li>L&rsquo;ic\u00f4ne est r\u00e9alis\u00e9e dans la pri\u00e8re, voire le je\u00fbne.<\/li>\r\n<li>L&rsquo;ic\u00f4ne est r\u00e9alis\u00e9e avec des <strong>\u00e9l\u00e9ments naturels<\/strong> : oeuf, pigment naturels, &#8230;<\/li>\r\n<li>La peinture de l&rsquo;ic\u00f4ne part des \u00e9l\u00e9ments les plus <strong>sombre<\/strong> (mort) pour terminer par les plus <strong>clairs<\/strong> (r\u00e9surrection), les clairs des habits et du visage.<\/li>\r\n<li>La planche de l&rsquo;ic\u00f4ne est creus\u00e9e, comme un tombeau, elle est recouverte d&rsquo;une p\u00e2te blanche (gresso) qui absorbe la couleur.<\/li>\r\n<\/ul>\r\n<p style=\"text-align: justify;\"><span style=\"color: #ff0000;\"><strong>Le myst\u00e8re : <\/strong><span style=\"color: #000000;\">ce n&rsquo;est pas ce qui est myt\u00e9rieux, incompr\u00e9hensible, secret. Le myst\u00e8re chr\u00e9tien est ce qui nous d\u00e9passe infiniment, mais dont nous pouvons d\u00e9couvrir et comprendre les pr\u00e9mices et vivre les premiers pas. Le myst\u00e8re est davantage une exp\u00e9rience in\u00e9puisable \u00e0 vivre, qu&rsquo;un concept \u00e0 comprendre et \u00e0 saisir seulement avec notre intelligence.<\/span> <\/span><\/p>\r\n<p>D\u00e9couvrir le sens des couleurs dans les ic\u00f4nes : <a href=\"http:\/\/image-bible.ch\/wp-content\/uploads\/2021\/09\/Sens-des-couleurs-des-icones.docx\">Sens des couleurs des ic\u00f4nes<\/a><\/p>\r\n<p>L&rsquo;iconostase pr\u00e9sente dans son 2<sup>e<\/sup> registre les f\u00eates liturgiques : <a href=\"http:\/\/image-bible.ch\/wp-content\/uploads\/2021\/09\/Liconostase.docx\">L&rsquo;iconostase<\/a> et <a href=\"http:\/\/image-bible.ch\/wp-content\/uploads\/2021\/09\/Iconostases-roumaines.docx\">Iconostases roumaines<\/a><\/p>\r\n<p>Pour r\u00e9aliser un ic\u00f4ne ou conna\u00eetre la mani\u00e8re de peindre une ic\u00f4ne : Jacques Bihin, acad\u00e9mie de l&rsquo;ic\u00f4ne : <a href=\"https:\/\/www.youtube.com\/watch?v=LzA7wwmotoI&amp;list=PLwaw-gZydrnBcATjPSjSjhaZGSOl30KUw\">Les d\u00e9buts de la r\u00e9alisation d&rsquo;une ic\u00f4ne<\/a><\/p>\r\n<!-- \/wp:heading -->\r\n\r\n<!-- wp:paragraph -->\r\n<p>Des tutoriels pr\u00e9cis et simple par Jacques Bihin (Be): <a href=\"https:\/\/www.youtube.com\/user\/jacquesbihin\" target=\"_blank\" rel=\"noopener\">Tutoriels r\u00e9alisation ic\u00f4ne<\/a><\/p>\r\n<p><a href=\"https:\/\/frangelico.ch\/8-icones-et-explications\/\">Explications et images d&rsquo;ic\u00f4nes<\/a><\/p>\r\n<p><img loading=\"lazy\" decoding=\"async\" class=\"alignnone size-medium wp-image-5879\" src=\"http:\/\/image-bible.ch\/wp-content\/uploads\/2021\/09\/Gura-Humorului-Cathdedrale-orthodoxe-Iconostase-vue-densemble-300x228.jpg\" alt=\"\" width=\"300\" height=\"228\" srcset=\"http:\/\/image-bible.ch\/wp-content\/uploads\/2021\/09\/Gura-Humorului-Cathdedrale-orthodoxe-Iconostase-vue-densemble-300x228.jpg 300w, http:\/\/image-bible.ch\/wp-content\/uploads\/2021\/09\/Gura-Humorului-Cathdedrale-orthodoxe-Iconostase-vue-densemble-1024x779.jpg 1024w, http:\/\/image-bible.ch\/wp-content\/uploads\/2021\/09\/Gura-Humorului-Cathdedrale-orthodoxe-Iconostase-vue-densemble-768x585.jpg 768w, http:\/\/image-bible.ch\/wp-content\/uploads\/2021\/09\/Gura-Humorului-Cathdedrale-orthodoxe-Iconostase-vue-densemble-1536x1169.jpg 1536w, http:\/\/image-bible.ch\/wp-content\/uploads\/2021\/09\/Gura-Humorului-Cathdedrale-orthodoxe-Iconostase-vue-densemble-2048x1559.jpg 2048w\" sizes=\"(max-width: 300px) 100vw, 300px\" \/> <img loading=\"lazy\" decoding=\"async\" class=\"alignnone size-medium wp-image-5880\" src=\"http:\/\/image-bible.ch\/wp-content\/uploads\/2021\/09\/Sibiu-eglise-21es-07-300x169.jpg\" alt=\"\" width=\"300\" height=\"169\" srcset=\"http:\/\/image-bible.ch\/wp-content\/uploads\/2021\/09\/Sibiu-eglise-21es-07-300x169.jpg 300w, http:\/\/image-bible.ch\/wp-content\/uploads\/2021\/09\/Sibiu-eglise-21es-07-1024x576.jpg 1024w, http:\/\/image-bible.ch\/wp-content\/uploads\/2021\/09\/Sibiu-eglise-21es-07-768x432.jpg 768w, http:\/\/image-bible.ch\/wp-content\/uploads\/2021\/09\/Sibiu-eglise-21es-07-1536x863.jpg 1536w, http:\/\/image-bible.ch\/wp-content\/uploads\/2021\/09\/Sibiu-eglise-21es-07-2048x1151.jpg 2048w\" sizes=\"(max-width: 300px) 100vw, 300px\" \/> Pr\u00e9sentation de l&rsquo;iconostase :<\/p>\r\n<p>Iconostase St Jean Chrysostome Bucarest (Roumanie)<\/p>\r\n<div id='gallery-1' class='gallery galleryid-5275 gallery-columns-3 gallery-size-medium'><figure class='gallery-item'>\n\t\t\t<div class='gallery-icon landscape'>\n\t\t\t\t<a href='http:\/\/image-bible.ch\/?attachment_id=8547'><img loading=\"lazy\" decoding=\"async\" width=\"300\" height=\"169\" src=\"http:\/\/image-bible.ch\/wp-content\/uploads\/Bapteme-Bucarest-eglise-St-Jean-Chrisosthome-Iconostase-1-300x169.jpg\" class=\"attachment-medium size-medium\" alt=\"\" srcset=\"http:\/\/image-bible.ch\/wp-content\/uploads\/Bapteme-Bucarest-eglise-St-Jean-Chrisosthome-Iconostase-1-300x169.jpg 300w, http:\/\/image-bible.ch\/wp-content\/uploads\/Bapteme-Bucarest-eglise-St-Jean-Chrisosthome-Iconostase-1-1024x576.jpg 1024w, http:\/\/image-bible.ch\/wp-content\/uploads\/Bapteme-Bucarest-eglise-St-Jean-Chrisosthome-Iconostase-1-768x432.jpg 768w, http:\/\/image-bible.ch\/wp-content\/uploads\/Bapteme-Bucarest-eglise-St-Jean-Chrisosthome-Iconostase-1-1536x863.jpg 1536w, http:\/\/image-bible.ch\/wp-content\/uploads\/Bapteme-Bucarest-eglise-St-Jean-Chrisosthome-Iconostase-1-2048x1151.jpg 2048w\" sizes=\"(max-width: 300px) 100vw, 300px\" \/><\/a>\n\t\t\t<\/div><\/figure><figure class='gallery-item'>\n\t\t\t<div class='gallery-icon landscape'>\n\t\t\t\t<a href='http:\/\/image-bible.ch\/?attachment_id=8549'><img loading=\"lazy\" decoding=\"async\" width=\"300\" height=\"157\" src=\"http:\/\/image-bible.ch\/wp-content\/uploads\/Bucarest-eglise-St-Jean-Chrisosthome-Iconostase-4-Ste-Cene-2-300x157.jpg\" class=\"attachment-medium size-medium\" alt=\"\" srcset=\"http:\/\/image-bible.ch\/wp-content\/uploads\/Bucarest-eglise-St-Jean-Chrisosthome-Iconostase-4-Ste-Cene-2-300x157.jpg 300w, http:\/\/image-bible.ch\/wp-content\/uploads\/Bucarest-eglise-St-Jean-Chrisosthome-Iconostase-4-Ste-Cene-2-1024x537.jpg 1024w, http:\/\/image-bible.ch\/wp-content\/uploads\/Bucarest-eglise-St-Jean-Chrisosthome-Iconostase-4-Ste-Cene-2-768x403.jpg 768w, http:\/\/image-bible.ch\/wp-content\/uploads\/Bucarest-eglise-St-Jean-Chrisosthome-Iconostase-4-Ste-Cene-2-1536x806.jpg 1536w, http:\/\/image-bible.ch\/wp-content\/uploads\/Bucarest-eglise-St-Jean-Chrisosthome-Iconostase-4-Ste-Cene-2-2048x1075.jpg 2048w\" sizes=\"(max-width: 300px) 100vw, 300px\" \/><\/a>\n\t\t\t<\/div><\/figure><figure class='gallery-item'>\n\t\t\t<div class='gallery-icon landscape'>\n\t\t\t\t<a href='http:\/\/image-bible.ch\/?attachment_id=8550'><img loading=\"lazy\" decoding=\"async\" width=\"300\" height=\"196\" src=\"http:\/\/image-bible.ch\/wp-content\/uploads\/Bucarest-eglise-St-Jean-Chrisosthome-Iconostase-6-Ascension-300x196.jpg\" class=\"attachment-medium size-medium\" alt=\"\" aria-describedby=\"gallery-1-8550\" srcset=\"http:\/\/image-bible.ch\/wp-content\/uploads\/Bucarest-eglise-St-Jean-Chrisosthome-Iconostase-6-Ascension-300x196.jpg 300w, http:\/\/image-bible.ch\/wp-content\/uploads\/Bucarest-eglise-St-Jean-Chrisosthome-Iconostase-6-Ascension-1024x668.jpg 1024w, http:\/\/image-bible.ch\/wp-content\/uploads\/Bucarest-eglise-St-Jean-Chrisosthome-Iconostase-6-Ascension-768x501.jpg 768w, http:\/\/image-bible.ch\/wp-content\/uploads\/Bucarest-eglise-St-Jean-Chrisosthome-Iconostase-6-Ascension-1536x1002.jpg 1536w, http:\/\/image-bible.ch\/wp-content\/uploads\/Bucarest-eglise-St-Jean-Chrisosthome-Iconostase-6-Ascension-2048x1336.jpg 2048w\" sizes=\"(max-width: 300px) 100vw, 300px\" \/><\/a>\n\t\t\t<\/div>\n\t\t\t\t<figcaption class='wp-caption-text gallery-caption' id='gallery-1-8550'>\n\t\t\t\tAscension, iconostase, cath\u00e9drale de ucarest \n\t\t\t\t<\/figcaption><\/figure><figure class='gallery-item'>\n\t\t\t<div class='gallery-icon landscape'>\n\t\t\t\t<a href='http:\/\/image-bible.ch\/?attachment_id=8551'><img loading=\"lazy\" decoding=\"async\" width=\"300\" height=\"169\" src=\"http:\/\/image-bible.ch\/wp-content\/uploads\/Bucarest-eglise-St-Jean-Chrisosthome-Iconostase-Apotres-A-300x169.jpg\" class=\"attachment-medium size-medium\" alt=\"\" srcset=\"http:\/\/image-bible.ch\/wp-content\/uploads\/Bucarest-eglise-St-Jean-Chrisosthome-Iconostase-Apotres-A-300x169.jpg 300w, http:\/\/image-bible.ch\/wp-content\/uploads\/Bucarest-eglise-St-Jean-Chrisosthome-Iconostase-Apotres-A-1024x576.jpg 1024w, http:\/\/image-bible.ch\/wp-content\/uploads\/Bucarest-eglise-St-Jean-Chrisosthome-Iconostase-Apotres-A-768x432.jpg 768w, http:\/\/image-bible.ch\/wp-content\/uploads\/Bucarest-eglise-St-Jean-Chrisosthome-Iconostase-Apotres-A-1536x863.jpg 1536w, http:\/\/image-bible.ch\/wp-content\/uploads\/Bucarest-eglise-St-Jean-Chrisosthome-Iconostase-Apotres-A-2048x1151.jpg 2048w\" sizes=\"(max-width: 300px) 100vw, 300px\" \/><\/a>\n\t\t\t<\/div><\/figure><figure class='gallery-item'>\n\t\t\t<div class='gallery-icon landscape'>\n\t\t\t\t<a href='http:\/\/image-bible.ch\/?attachment_id=8552'><img loading=\"lazy\" decoding=\"async\" width=\"300\" height=\"169\" src=\"http:\/\/image-bible.ch\/wp-content\/uploads\/Bucarest-eglise-St-Jean-Chrisosthome-Iconostase-Apotres-B-300x169.jpg\" class=\"attachment-medium size-medium\" alt=\"\" srcset=\"http:\/\/image-bible.ch\/wp-content\/uploads\/Bucarest-eglise-St-Jean-Chrisosthome-Iconostase-Apotres-B-300x169.jpg 300w, http:\/\/image-bible.ch\/wp-content\/uploads\/Bucarest-eglise-St-Jean-Chrisosthome-Iconostase-Apotres-B-1024x576.jpg 1024w, http:\/\/image-bible.ch\/wp-content\/uploads\/Bucarest-eglise-St-Jean-Chrisosthome-Iconostase-Apotres-B-768x432.jpg 768w, http:\/\/image-bible.ch\/wp-content\/uploads\/Bucarest-eglise-St-Jean-Chrisosthome-Iconostase-Apotres-B-1536x863.jpg 1536w, http:\/\/image-bible.ch\/wp-content\/uploads\/Bucarest-eglise-St-Jean-Chrisosthome-Iconostase-Apotres-B-2048x1151.jpg 2048w\" sizes=\"(max-width: 300px) 100vw, 300px\" \/><\/a>\n\t\t\t<\/div><\/figure><figure class='gallery-item'>\n\t\t\t<div class='gallery-icon landscape'>\n\t\t\t\t<a href='http:\/\/image-bible.ch\/?attachment_id=8553'><img loading=\"lazy\" decoding=\"async\" width=\"300\" height=\"169\" src=\"http:\/\/image-bible.ch\/wp-content\/uploads\/Bucarest-eglise-St-Jean-Chrisosthome-Iconostase-Apotres-C-300x169.jpg\" class=\"attachment-medium size-medium\" alt=\"\" srcset=\"http:\/\/image-bible.ch\/wp-content\/uploads\/Bucarest-eglise-St-Jean-Chrisosthome-Iconostase-Apotres-C-300x169.jpg 300w, http:\/\/image-bible.ch\/wp-content\/uploads\/Bucarest-eglise-St-Jean-Chrisosthome-Iconostase-Apotres-C-1024x576.jpg 1024w, http:\/\/image-bible.ch\/wp-content\/uploads\/Bucarest-eglise-St-Jean-Chrisosthome-Iconostase-Apotres-C-768x432.jpg 768w, http:\/\/image-bible.ch\/wp-content\/uploads\/Bucarest-eglise-St-Jean-Chrisosthome-Iconostase-Apotres-C-1536x863.jpg 1536w, http:\/\/image-bible.ch\/wp-content\/uploads\/Bucarest-eglise-St-Jean-Chrisosthome-Iconostase-Apotres-C-2048x1151.jpg 2048w\" sizes=\"(max-width: 300px) 100vw, 300px\" \/><\/a>\n\t\t\t<\/div><\/figure><figure class='gallery-item'>\n\t\t\t<div class='gallery-icon landscape'>\n\t\t\t\t<a href='http:\/\/image-bible.ch\/?attachment_id=8554'><img loading=\"lazy\" decoding=\"async\" width=\"300\" height=\"169\" src=\"http:\/\/image-bible.ch\/wp-content\/uploads\/Bucarest-eglise-St-Jean-Chrisosthome-Iconostase-Vue-densemble-1-300x169.jpg\" class=\"attachment-medium size-medium\" alt=\"\" srcset=\"http:\/\/image-bible.ch\/wp-content\/uploads\/Bucarest-eglise-St-Jean-Chrisosthome-Iconostase-Vue-densemble-1-300x169.jpg 300w, http:\/\/image-bible.ch\/wp-content\/uploads\/Bucarest-eglise-St-Jean-Chrisosthome-Iconostase-Vue-densemble-1-1024x576.jpg 1024w, http:\/\/image-bible.ch\/wp-content\/uploads\/Bucarest-eglise-St-Jean-Chrisosthome-Iconostase-Vue-densemble-1-768x432.jpg 768w, http:\/\/image-bible.ch\/wp-content\/uploads\/Bucarest-eglise-St-Jean-Chrisosthome-Iconostase-Vue-densemble-1-1536x863.jpg 1536w, http:\/\/image-bible.ch\/wp-content\/uploads\/Bucarest-eglise-St-Jean-Chrisosthome-Iconostase-Vue-densemble-1-2048x1151.jpg 2048w\" sizes=\"(max-width: 300px) 100vw, 300px\" \/><\/a>\n\t\t\t<\/div><\/figure><figure class='gallery-item'>\n\t\t\t<div class='gallery-icon landscape'>\n\t\t\t\t<a href='http:\/\/image-bible.ch\/?attachment_id=8555'><img loading=\"lazy\" decoding=\"async\" width=\"300\" height=\"169\" src=\"http:\/\/image-bible.ch\/wp-content\/uploads\/Bucarest-eglise-St-Jean-Chrisosthome-Iconostase-Vue-densemble-2-300x169.jpg\" class=\"attachment-medium size-medium\" alt=\"\" srcset=\"http:\/\/image-bible.ch\/wp-content\/uploads\/Bucarest-eglise-St-Jean-Chrisosthome-Iconostase-Vue-densemble-2-300x169.jpg 300w, http:\/\/image-bible.ch\/wp-content\/uploads\/Bucarest-eglise-St-Jean-Chrisosthome-Iconostase-Vue-densemble-2-1024x576.jpg 1024w, http:\/\/image-bible.ch\/wp-content\/uploads\/Bucarest-eglise-St-Jean-Chrisosthome-Iconostase-Vue-densemble-2-768x432.jpg 768w, http:\/\/image-bible.ch\/wp-content\/uploads\/Bucarest-eglise-St-Jean-Chrisosthome-Iconostase-Vue-densemble-2-1536x863.jpg 1536w, http:\/\/image-bible.ch\/wp-content\/uploads\/Bucarest-eglise-St-Jean-Chrisosthome-Iconostase-Vue-densemble-2-2048x1151.jpg 2048w\" sizes=\"(max-width: 300px) 100vw, 300px\" \/><\/a>\n\t\t\t<\/div><\/figure><figure class='gallery-item'>\n\t\t\t<div class='gallery-icon landscape'>\n\t\t\t\t<a href='http:\/\/image-bible.ch\/?attachment_id=8556'><img loading=\"lazy\" decoding=\"async\" width=\"300\" height=\"200\" src=\"http:\/\/image-bible.ch\/wp-content\/uploads\/Entree-a-Jerusalem-Bucarest-eglise-St-Jean-Chrisosthome-Iconostase--300x200.jpg\" class=\"attachment-medium size-medium\" alt=\"\" srcset=\"http:\/\/image-bible.ch\/wp-content\/uploads\/Entree-a-Jerusalem-Bucarest-eglise-St-Jean-Chrisosthome-Iconostase--300x200.jpg 300w, http:\/\/image-bible.ch\/wp-content\/uploads\/Entree-a-Jerusalem-Bucarest-eglise-St-Jean-Chrisosthome-Iconostase--1024x682.jpg 1024w, http:\/\/image-bible.ch\/wp-content\/uploads\/Entree-a-Jerusalem-Bucarest-eglise-St-Jean-Chrisosthome-Iconostase--768x511.jpg 768w, http:\/\/image-bible.ch\/wp-content\/uploads\/Entree-a-Jerusalem-Bucarest-eglise-St-Jean-Chrisosthome-Iconostase--1536x1022.jpg 1536w, http:\/\/image-bible.ch\/wp-content\/uploads\/Entree-a-Jerusalem-Bucarest-eglise-St-Jean-Chrisosthome-Iconostase--2048x1363.jpg 2048w\" sizes=\"(max-width: 300px) 100vw, 300px\" \/><\/a>\n\t\t\t<\/div><\/figure><figure class='gallery-item'>\n\t\t\t<div class='gallery-icon landscape'>\n\t\t\t\t<a href='http:\/\/image-bible.ch\/?attachment_id=8557'><img loading=\"lazy\" decoding=\"async\" width=\"300\" height=\"169\" src=\"http:\/\/image-bible.ch\/wp-content\/uploads\/Entree-a-Jerusalem-Bucarest-eglise-St-Jean-Chrisosthome-Iconostase-300x169.jpg\" class=\"attachment-medium size-medium\" alt=\"\" srcset=\"http:\/\/image-bible.ch\/wp-content\/uploads\/Entree-a-Jerusalem-Bucarest-eglise-St-Jean-Chrisosthome-Iconostase-300x169.jpg 300w, http:\/\/image-bible.ch\/wp-content\/uploads\/Entree-a-Jerusalem-Bucarest-eglise-St-Jean-Chrisosthome-Iconostase-1024x576.jpg 1024w, http:\/\/image-bible.ch\/wp-content\/uploads\/Entree-a-Jerusalem-Bucarest-eglise-St-Jean-Chrisosthome-Iconostase-768x432.jpg 768w, http:\/\/image-bible.ch\/wp-content\/uploads\/Entree-a-Jerusalem-Bucarest-eglise-St-Jean-Chrisosthome-Iconostase-1536x863.jpg 1536w, http:\/\/image-bible.ch\/wp-content\/uploads\/Entree-a-Jerusalem-Bucarest-eglise-St-Jean-Chrisosthome-Iconostase-2048x1151.jpg 2048w\" sizes=\"(max-width: 300px) 100vw, 300px\" \/><\/a>\n\t\t\t<\/div><\/figure><figure class='gallery-item'>\n\t\t\t<div class='gallery-icon landscape'>\n\t\t\t\t<a href='http:\/\/image-bible.ch\/?attachment_id=8558'><img loading=\"lazy\" decoding=\"async\" width=\"300\" height=\"169\" src=\"http:\/\/image-bible.ch\/wp-content\/uploads\/Pentecote-Bucarest-eglise-St-Jean-Chrisosthome-Iconostase-300x169.jpg\" class=\"attachment-medium size-medium\" alt=\"\" srcset=\"http:\/\/image-bible.ch\/wp-content\/uploads\/Pentecote-Bucarest-eglise-St-Jean-Chrisosthome-Iconostase-300x169.jpg 300w, http:\/\/image-bible.ch\/wp-content\/uploads\/Pentecote-Bucarest-eglise-St-Jean-Chrisosthome-Iconostase-1024x576.jpg 1024w, http:\/\/image-bible.ch\/wp-content\/uploads\/Pentecote-Bucarest-eglise-St-Jean-Chrisosthome-Iconostase-768x432.jpg 768w, http:\/\/image-bible.ch\/wp-content\/uploads\/Pentecote-Bucarest-eglise-St-Jean-Chrisosthome-Iconostase-1536x863.jpg 1536w, http:\/\/image-bible.ch\/wp-content\/uploads\/Pentecote-Bucarest-eglise-St-Jean-Chrisosthome-Iconostase-2048x1151.jpg 2048w\" sizes=\"(max-width: 300px) 100vw, 300px\" \/><\/a>\n\t\t\t<\/div><\/figure><figure class='gallery-item'>\n\t\t\t<div class='gallery-icon landscape'>\n\t\t\t\t<a href='http:\/\/image-bible.ch\/?attachment_id=8559'><img loading=\"lazy\" decoding=\"async\" width=\"300\" height=\"169\" src=\"http:\/\/image-bible.ch\/wp-content\/uploads\/Presentation-Bucarest-eglise-St-Jean-Chrisosthome-Iconostase-300x169.jpg\" class=\"attachment-medium size-medium\" alt=\"\" srcset=\"http:\/\/image-bible.ch\/wp-content\/uploads\/Presentation-Bucarest-eglise-St-Jean-Chrisosthome-Iconostase-300x169.jpg 300w, http:\/\/image-bible.ch\/wp-content\/uploads\/Presentation-Bucarest-eglise-St-Jean-Chrisosthome-Iconostase-1024x576.jpg 1024w, http:\/\/image-bible.ch\/wp-content\/uploads\/Presentation-Bucarest-eglise-St-Jean-Chrisosthome-Iconostase-768x432.jpg 768w, http:\/\/image-bible.ch\/wp-content\/uploads\/Presentation-Bucarest-eglise-St-Jean-Chrisosthome-Iconostase-1536x863.jpg 1536w, http:\/\/image-bible.ch\/wp-content\/uploads\/Presentation-Bucarest-eglise-St-Jean-Chrisosthome-Iconostase-2048x1151.jpg 2048w\" sizes=\"(max-width: 300px) 100vw, 300px\" \/><\/a>\n\t\t\t<\/div><\/figure><figure class='gallery-item'>\n\t\t\t<div class='gallery-icon landscape'>\n\t\t\t\t<a href='http:\/\/image-bible.ch\/?attachment_id=8560'><img loading=\"lazy\" decoding=\"async\" width=\"300\" height=\"169\" src=\"http:\/\/image-bible.ch\/wp-content\/uploads\/Sainte-Cene-Bucarest-eglise-St-Jean-Chrisosthome-Iconostase-300x169.jpg\" class=\"attachment-medium size-medium\" alt=\"\" srcset=\"http:\/\/image-bible.ch\/wp-content\/uploads\/Sainte-Cene-Bucarest-eglise-St-Jean-Chrisosthome-Iconostase-300x169.jpg 300w, http:\/\/image-bible.ch\/wp-content\/uploads\/Sainte-Cene-Bucarest-eglise-St-Jean-Chrisosthome-Iconostase-1024x576.jpg 1024w, http:\/\/image-bible.ch\/wp-content\/uploads\/Sainte-Cene-Bucarest-eglise-St-Jean-Chrisosthome-Iconostase-768x432.jpg 768w, http:\/\/image-bible.ch\/wp-content\/uploads\/Sainte-Cene-Bucarest-eglise-St-Jean-Chrisosthome-Iconostase-1536x863.jpg 1536w, http:\/\/image-bible.ch\/wp-content\/uploads\/Sainte-Cene-Bucarest-eglise-St-Jean-Chrisosthome-Iconostase-2048x1151.jpg 2048w\" sizes=\"(max-width: 300px) 100vw, 300px\" \/><\/a>\n\t\t\t<\/div><\/figure><figure class='gallery-item'>\n\t\t\t<div class='gallery-icon landscape'>\n\t\t\t\t<a href='http:\/\/image-bible.ch\/?attachment_id=8561'><img loading=\"lazy\" decoding=\"async\" width=\"300\" height=\"169\" src=\"http:\/\/image-bible.ch\/wp-content\/uploads\/Transfiguration-Bucarest-eglise-St-Jean-Chrisosthome-Iconostase-300x169.jpg\" class=\"attachment-medium size-medium\" alt=\"\" srcset=\"http:\/\/image-bible.ch\/wp-content\/uploads\/Transfiguration-Bucarest-eglise-St-Jean-Chrisosthome-Iconostase-300x169.jpg 300w, http:\/\/image-bible.ch\/wp-content\/uploads\/Transfiguration-Bucarest-eglise-St-Jean-Chrisosthome-Iconostase-1024x576.jpg 1024w, http:\/\/image-bible.ch\/wp-content\/uploads\/Transfiguration-Bucarest-eglise-St-Jean-Chrisosthome-Iconostase-768x432.jpg 768w, http:\/\/image-bible.ch\/wp-content\/uploads\/Transfiguration-Bucarest-eglise-St-Jean-Chrisosthome-Iconostase-1536x863.jpg 1536w, http:\/\/image-bible.ch\/wp-content\/uploads\/Transfiguration-Bucarest-eglise-St-Jean-Chrisosthome-Iconostase-2048x1151.jpg 2048w\" sizes=\"(max-width: 300px) 100vw, 300px\" \/><\/a>\n\t\t\t<\/div><\/figure><figure class='gallery-item'>\n\t\t\t<div class='gallery-icon landscape'>\n\t\t\t\t<a href='http:\/\/image-bible.ch\/?attachment_id=8562'><img loading=\"lazy\" decoding=\"async\" width=\"300\" height=\"169\" src=\"http:\/\/image-bible.ch\/wp-content\/uploads\/Trinite-Bucarest-eglise-St-Jean-Chrisosthome-Iconostase-300x169.jpg\" class=\"attachment-medium size-medium\" alt=\"\" srcset=\"http:\/\/image-bible.ch\/wp-content\/uploads\/Trinite-Bucarest-eglise-St-Jean-Chrisosthome-Iconostase-300x169.jpg 300w, http:\/\/image-bible.ch\/wp-content\/uploads\/Trinite-Bucarest-eglise-St-Jean-Chrisosthome-Iconostase-1024x576.jpg 1024w, http:\/\/image-bible.ch\/wp-content\/uploads\/Trinite-Bucarest-eglise-St-Jean-Chrisosthome-Iconostase-768x432.jpg 768w, http:\/\/image-bible.ch\/wp-content\/uploads\/Trinite-Bucarest-eglise-St-Jean-Chrisosthome-Iconostase-1536x863.jpg 1536w, http:\/\/image-bible.ch\/wp-content\/uploads\/Trinite-Bucarest-eglise-St-Jean-Chrisosthome-Iconostase-2048x1151.jpg 2048w\" sizes=\"(max-width: 300px) 100vw, 300px\" \/><\/a>\n\t\t\t<\/div><\/figure>\n\t\t<\/div>\n\r\n<p>Iconostase monast\u00e8re de Voronet (Roumanie)<\/p>\r\n<div id='gallery-2' class='gallery galleryid-5275 gallery-columns-3 gallery-size-medium'><figure class='gallery-item'>\n\t\t\t<div class='gallery-icon portrait'>\n\t\t\t\t<a href='http:\/\/image-bible.ch\/?attachment_id=8563'><img loading=\"lazy\" decoding=\"async\" width=\"213\" height=\"300\" src=\"http:\/\/image-bible.ch\/wp-content\/uploads\/Voronet-Iconostase-1-Naissance-de-Marie-213x300.jpg\" class=\"attachment-medium size-medium\" alt=\"\" srcset=\"http:\/\/image-bible.ch\/wp-content\/uploads\/Voronet-Iconostase-1-Naissance-de-Marie-213x300.jpg 213w, http:\/\/image-bible.ch\/wp-content\/uploads\/Voronet-Iconostase-1-Naissance-de-Marie-728x1024.jpg 728w, http:\/\/image-bible.ch\/wp-content\/uploads\/Voronet-Iconostase-1-Naissance-de-Marie-768x1080.jpg 768w, http:\/\/image-bible.ch\/wp-content\/uploads\/Voronet-Iconostase-1-Naissance-de-Marie-1092x1536.jpg 1092w, http:\/\/image-bible.ch\/wp-content\/uploads\/Voronet-Iconostase-1-Naissance-de-Marie-1457x2048.jpg 1457w, http:\/\/image-bible.ch\/wp-content\/uploads\/Voronet-Iconostase-1-Naissance-de-Marie-scaled.jpg 1821w\" sizes=\"(max-width: 213px) 100vw, 213px\" \/><\/a>\n\t\t\t<\/div><\/figure><figure class='gallery-item'>\n\t\t\t<div class='gallery-icon portrait'>\n\t\t\t\t<a href='http:\/\/image-bible.ch\/?attachment_id=8564'><img loading=\"lazy\" decoding=\"async\" width=\"222\" height=\"300\" src=\"http:\/\/image-bible.ch\/wp-content\/uploads\/Voronet-Iconostase-2-Exaltation-de-la-croix-222x300.jpg\" class=\"attachment-medium size-medium\" alt=\"\" srcset=\"http:\/\/image-bible.ch\/wp-content\/uploads\/Voronet-Iconostase-2-Exaltation-de-la-croix-222x300.jpg 222w, http:\/\/image-bible.ch\/wp-content\/uploads\/Voronet-Iconostase-2-Exaltation-de-la-croix-757x1024.jpg 757w, http:\/\/image-bible.ch\/wp-content\/uploads\/Voronet-Iconostase-2-Exaltation-de-la-croix-768x1040.jpg 768w, http:\/\/image-bible.ch\/wp-content\/uploads\/Voronet-Iconostase-2-Exaltation-de-la-croix-1135x1536.jpg 1135w, http:\/\/image-bible.ch\/wp-content\/uploads\/Voronet-Iconostase-2-Exaltation-de-la-croix-1513x2048.jpg 1513w, http:\/\/image-bible.ch\/wp-content\/uploads\/Voronet-Iconostase-2-Exaltation-de-la-croix-scaled.jpg 1891w\" sizes=\"(max-width: 222px) 100vw, 222px\" \/><\/a>\n\t\t\t<\/div><\/figure><figure class='gallery-item'>\n\t\t\t<div class='gallery-icon portrait'>\n\t\t\t\t<a href='http:\/\/image-bible.ch\/?attachment_id=8565'><img loading=\"lazy\" decoding=\"async\" width=\"217\" height=\"300\" src=\"http:\/\/image-bible.ch\/wp-content\/uploads\/Voronet-Iconostase-3-Presentation-de-Marie-au-Temple--217x300.jpg\" class=\"attachment-medium size-medium\" alt=\"\" srcset=\"http:\/\/image-bible.ch\/wp-content\/uploads\/Voronet-Iconostase-3-Presentation-de-Marie-au-Temple--217x300.jpg 217w, http:\/\/image-bible.ch\/wp-content\/uploads\/Voronet-Iconostase-3-Presentation-de-Marie-au-Temple--739x1024.jpg 739w, http:\/\/image-bible.ch\/wp-content\/uploads\/Voronet-Iconostase-3-Presentation-de-Marie-au-Temple--768x1064.jpg 768w, http:\/\/image-bible.ch\/wp-content\/uploads\/Voronet-Iconostase-3-Presentation-de-Marie-au-Temple--1109x1536.jpg 1109w, http:\/\/image-bible.ch\/wp-content\/uploads\/Voronet-Iconostase-3-Presentation-de-Marie-au-Temple--1479x2048.jpg 1479w, http:\/\/image-bible.ch\/wp-content\/uploads\/Voronet-Iconostase-3-Presentation-de-Marie-au-Temple--scaled.jpg 1849w\" sizes=\"(max-width: 217px) 100vw, 217px\" \/><\/a>\n\t\t\t<\/div><\/figure><figure class='gallery-item'>\n\t\t\t<div class='gallery-icon portrait'>\n\t\t\t\t<a href='http:\/\/image-bible.ch\/?attachment_id=8566'><img loading=\"lazy\" decoding=\"async\" width=\"212\" height=\"300\" src=\"http:\/\/image-bible.ch\/wp-content\/uploads\/Voronet-Iconostase-4-Nativite-de-Jesus-212x300.jpg\" class=\"attachment-medium size-medium\" alt=\"\" srcset=\"http:\/\/image-bible.ch\/wp-content\/uploads\/Voronet-Iconostase-4-Nativite-de-Jesus-212x300.jpg 212w, http:\/\/image-bible.ch\/wp-content\/uploads\/Voronet-Iconostase-4-Nativite-de-Jesus-725x1024.jpg 725w, http:\/\/image-bible.ch\/wp-content\/uploads\/Voronet-Iconostase-4-Nativite-de-Jesus-768x1084.jpg 768w, http:\/\/image-bible.ch\/wp-content\/uploads\/Voronet-Iconostase-4-Nativite-de-Jesus-1088x1536.jpg 1088w, http:\/\/image-bible.ch\/wp-content\/uploads\/Voronet-Iconostase-4-Nativite-de-Jesus-1451x2048.jpg 1451w, http:\/\/image-bible.ch\/wp-content\/uploads\/Voronet-Iconostase-4-Nativite-de-Jesus-scaled.jpg 1813w\" sizes=\"(max-width: 212px) 100vw, 212px\" \/><\/a>\n\t\t\t<\/div><\/figure><figure class='gallery-item'>\n\t\t\t<div class='gallery-icon portrait'>\n\t\t\t\t<a href='http:\/\/image-bible.ch\/?attachment_id=8567'><img loading=\"lazy\" decoding=\"async\" width=\"218\" height=\"300\" src=\"http:\/\/image-bible.ch\/wp-content\/uploads\/Voronet-Iconostase-5-Circoncison-de-Jesus-au-Temple-218x300.jpg\" class=\"attachment-medium size-medium\" alt=\"\" srcset=\"http:\/\/image-bible.ch\/wp-content\/uploads\/Voronet-Iconostase-5-Circoncison-de-Jesus-au-Temple-218x300.jpg 218w, http:\/\/image-bible.ch\/wp-content\/uploads\/Voronet-Iconostase-5-Circoncison-de-Jesus-au-Temple-745x1024.jpg 745w, http:\/\/image-bible.ch\/wp-content\/uploads\/Voronet-Iconostase-5-Circoncison-de-Jesus-au-Temple-768x1055.jpg 768w, http:\/\/image-bible.ch\/wp-content\/uploads\/Voronet-Iconostase-5-Circoncison-de-Jesus-au-Temple-1118x1536.jpg 1118w, http:\/\/image-bible.ch\/wp-content\/uploads\/Voronet-Iconostase-5-Circoncison-de-Jesus-au-Temple-1491x2048.jpg 1491w, http:\/\/image-bible.ch\/wp-content\/uploads\/Voronet-Iconostase-5-Circoncison-de-Jesus-au-Temple-scaled.jpg 1863w\" sizes=\"(max-width: 218px) 100vw, 218px\" \/><\/a>\n\t\t\t<\/div><\/figure><figure class='gallery-item'>\n\t\t\t<div class='gallery-icon portrait'>\n\t\t\t\t<a href='http:\/\/image-bible.ch\/?attachment_id=8568'><img loading=\"lazy\" decoding=\"async\" width=\"246\" height=\"300\" src=\"http:\/\/image-bible.ch\/wp-content\/uploads\/Voronet-Iconostase-6-Bapteme-1-246x300.jpg\" class=\"attachment-medium size-medium\" alt=\"\" srcset=\"http:\/\/image-bible.ch\/wp-content\/uploads\/Voronet-Iconostase-6-Bapteme-1-246x300.jpg 246w, http:\/\/image-bible.ch\/wp-content\/uploads\/Voronet-Iconostase-6-Bapteme-1-840x1024.jpg 840w, http:\/\/image-bible.ch\/wp-content\/uploads\/Voronet-Iconostase-6-Bapteme-1-768x936.jpg 768w, http:\/\/image-bible.ch\/wp-content\/uploads\/Voronet-Iconostase-6-Bapteme-1-1261x1536.jpg 1261w, http:\/\/image-bible.ch\/wp-content\/uploads\/Voronet-Iconostase-6-Bapteme-1.jpg 1557w\" sizes=\"(max-width: 246px) 100vw, 246px\" \/><\/a>\n\t\t\t<\/div><\/figure><figure class='gallery-item'>\n\t\t\t<div class='gallery-icon portrait'>\n\t\t\t\t<a href='http:\/\/image-bible.ch\/?attachment_id=8569'><img loading=\"lazy\" decoding=\"async\" width=\"239\" height=\"300\" src=\"http:\/\/image-bible.ch\/wp-content\/uploads\/Voronet-Iconostase-7-Presentation-de-Jesus-239x300.jpg\" class=\"attachment-medium size-medium\" alt=\"\" srcset=\"http:\/\/image-bible.ch\/wp-content\/uploads\/Voronet-Iconostase-7-Presentation-de-Jesus-239x300.jpg 239w, http:\/\/image-bible.ch\/wp-content\/uploads\/Voronet-Iconostase-7-Presentation-de-Jesus-815x1024.jpg 815w, http:\/\/image-bible.ch\/wp-content\/uploads\/Voronet-Iconostase-7-Presentation-de-Jesus-768x965.jpg 768w, http:\/\/image-bible.ch\/wp-content\/uploads\/Voronet-Iconostase-7-Presentation-de-Jesus-1222x1536.jpg 1222w, http:\/\/image-bible.ch\/wp-content\/uploads\/Voronet-Iconostase-7-Presentation-de-Jesus.jpg 1486w\" sizes=\"(max-width: 239px) 100vw, 239px\" \/><\/a>\n\t\t\t<\/div><\/figure><figure class='gallery-item'>\n\t\t\t<div class='gallery-icon landscape'>\n\t\t\t\t<a href='http:\/\/image-bible.ch\/?attachment_id=8570'><img loading=\"lazy\" decoding=\"async\" width=\"300\" height=\"265\" src=\"http:\/\/image-bible.ch\/wp-content\/uploads\/Voronet-Iconostase-8-Annonciation-2-300x265.jpg\" class=\"attachment-medium size-medium\" alt=\"\" srcset=\"http:\/\/image-bible.ch\/wp-content\/uploads\/Voronet-Iconostase-8-Annonciation-2-300x265.jpg 300w, http:\/\/image-bible.ch\/wp-content\/uploads\/Voronet-Iconostase-8-Annonciation-2-1024x904.jpg 1024w, http:\/\/image-bible.ch\/wp-content\/uploads\/Voronet-Iconostase-8-Annonciation-2-768x678.jpg 768w, http:\/\/image-bible.ch\/wp-content\/uploads\/Voronet-Iconostase-8-Annonciation-2-1536x1355.jpg 1536w, http:\/\/image-bible.ch\/wp-content\/uploads\/Voronet-Iconostase-8-Annonciation-2-2048x1807.jpg 2048w\" sizes=\"(max-width: 300px) 100vw, 300px\" \/><\/a>\n\t\t\t<\/div><\/figure><figure class='gallery-item'>\n\t\t\t<div class='gallery-icon landscape'>\n\t\t\t\t<a href='http:\/\/image-bible.ch\/?attachment_id=8571'><img loading=\"lazy\" decoding=\"async\" width=\"300\" height=\"296\" src=\"http:\/\/image-bible.ch\/wp-content\/uploads\/Voronet-Iconostase-9-Entree-a-Jerusalem-300x296.jpg\" class=\"attachment-medium size-medium\" alt=\"\" srcset=\"http:\/\/image-bible.ch\/wp-content\/uploads\/Voronet-Iconostase-9-Entree-a-Jerusalem-300x296.jpg 300w, http:\/\/image-bible.ch\/wp-content\/uploads\/Voronet-Iconostase-9-Entree-a-Jerusalem-1024x1011.jpg 1024w, http:\/\/image-bible.ch\/wp-content\/uploads\/Voronet-Iconostase-9-Entree-a-Jerusalem-768x758.jpg 768w, http:\/\/image-bible.ch\/wp-content\/uploads\/Voronet-Iconostase-9-Entree-a-Jerusalem-1536x1517.jpg 1536w, http:\/\/image-bible.ch\/wp-content\/uploads\/Voronet-Iconostase-9-Entree-a-Jerusalem-2048x2022.jpg 2048w\" sizes=\"(max-width: 300px) 100vw, 300px\" \/><\/a>\n\t\t\t<\/div><\/figure><figure class='gallery-item'>\n\t\t\t<div class='gallery-icon portrait'>\n\t\t\t\t<a href='http:\/\/image-bible.ch\/?attachment_id=8572'><img loading=\"lazy\" decoding=\"async\" width=\"220\" height=\"300\" src=\"http:\/\/image-bible.ch\/wp-content\/uploads\/Voronet-Iconostase-10-Resurrection-220x300.jpg\" class=\"attachment-medium size-medium\" alt=\"\" srcset=\"http:\/\/image-bible.ch\/wp-content\/uploads\/Voronet-Iconostase-10-Resurrection-220x300.jpg 220w, http:\/\/image-bible.ch\/wp-content\/uploads\/Voronet-Iconostase-10-Resurrection-751x1024.jpg 751w, http:\/\/image-bible.ch\/wp-content\/uploads\/Voronet-Iconostase-10-Resurrection-768x1047.jpg 768w, http:\/\/image-bible.ch\/wp-content\/uploads\/Voronet-Iconostase-10-Resurrection-1127x1536.jpg 1127w, http:\/\/image-bible.ch\/wp-content\/uploads\/Voronet-Iconostase-10-Resurrection-1503x2048.jpg 1503w, http:\/\/image-bible.ch\/wp-content\/uploads\/Voronet-Iconostase-10-Resurrection-scaled.jpg 1878w\" sizes=\"(max-width: 220px) 100vw, 220px\" \/><\/a>\n\t\t\t<\/div><\/figure><figure class='gallery-item'>\n\t\t\t<div class='gallery-icon portrait'>\n\t\t\t\t<a href='http:\/\/image-bible.ch\/?attachment_id=8573'><img loading=\"lazy\" decoding=\"async\" width=\"214\" height=\"300\" src=\"http:\/\/image-bible.ch\/wp-content\/uploads\/Voronet-Iconostase-11-Ascension-214x300.jpg\" class=\"attachment-medium size-medium\" alt=\"\" srcset=\"http:\/\/image-bible.ch\/wp-content\/uploads\/Voronet-Iconostase-11-Ascension-214x300.jpg 214w, http:\/\/image-bible.ch\/wp-content\/uploads\/Voronet-Iconostase-11-Ascension-730x1024.jpg 730w, http:\/\/image-bible.ch\/wp-content\/uploads\/Voronet-Iconostase-11-Ascension-768x1077.jpg 768w, http:\/\/image-bible.ch\/wp-content\/uploads\/Voronet-Iconostase-11-Ascension-1095x1536.jpg 1095w, http:\/\/image-bible.ch\/wp-content\/uploads\/Voronet-Iconostase-11-Ascension-1461x2048.jpg 1461w, http:\/\/image-bible.ch\/wp-content\/uploads\/Voronet-Iconostase-11-Ascension-scaled.jpg 1826w\" sizes=\"(max-width: 214px) 100vw, 214px\" \/><\/a>\n\t\t\t<\/div><\/figure><figure class='gallery-item'>\n\t\t\t<div class='gallery-icon portrait'>\n\t\t\t\t<a href='http:\/\/image-bible.ch\/?attachment_id=8574'><img loading=\"lazy\" decoding=\"async\" width=\"200\" height=\"300\" src=\"http:\/\/image-bible.ch\/wp-content\/uploads\/Voronet-Iconostase-12-Pentecote-1-200x300.jpg\" class=\"attachment-medium size-medium\" alt=\"\" srcset=\"http:\/\/image-bible.ch\/wp-content\/uploads\/Voronet-Iconostase-12-Pentecote-1-200x300.jpg 200w, http:\/\/image-bible.ch\/wp-content\/uploads\/Voronet-Iconostase-12-Pentecote-1-681x1024.jpg 681w, http:\/\/image-bible.ch\/wp-content\/uploads\/Voronet-Iconostase-12-Pentecote-1-768x1155.jpg 768w, http:\/\/image-bible.ch\/wp-content\/uploads\/Voronet-Iconostase-12-Pentecote-1.jpg 981w\" sizes=\"(max-width: 200px) 100vw, 200px\" \/><\/a>\n\t\t\t<\/div><\/figure><figure class='gallery-item'>\n\t\t\t<div class='gallery-icon portrait'>\n\t\t\t\t<a href='http:\/\/image-bible.ch\/?attachment_id=8575'><img loading=\"lazy\" decoding=\"async\" width=\"230\" height=\"300\" src=\"http:\/\/image-bible.ch\/wp-content\/uploads\/Voronet-Iconostase-13-Naissance-Jean-Baptiste--230x300.jpg\" class=\"attachment-medium size-medium\" alt=\"\" srcset=\"http:\/\/image-bible.ch\/wp-content\/uploads\/Voronet-Iconostase-13-Naissance-Jean-Baptiste--230x300.jpg 230w, http:\/\/image-bible.ch\/wp-content\/uploads\/Voronet-Iconostase-13-Naissance-Jean-Baptiste--786x1024.jpg 786w, http:\/\/image-bible.ch\/wp-content\/uploads\/Voronet-Iconostase-13-Naissance-Jean-Baptiste--768x1001.jpg 768w, http:\/\/image-bible.ch\/wp-content\/uploads\/Voronet-Iconostase-13-Naissance-Jean-Baptiste--1179x1536.jpg 1179w, http:\/\/image-bible.ch\/wp-content\/uploads\/Voronet-Iconostase-13-Naissance-Jean-Baptiste--1572x2048.jpg 1572w, http:\/\/image-bible.ch\/wp-content\/uploads\/Voronet-Iconostase-13-Naissance-Jean-Baptiste--scaled.jpg 1965w\" sizes=\"(max-width: 230px) 100vw, 230px\" \/><\/a>\n\t\t\t<\/div><\/figure><figure class='gallery-item'>\n\t\t\t<div class='gallery-icon portrait'>\n\t\t\t\t<a href='http:\/\/image-bible.ch\/?attachment_id=8576'><img loading=\"lazy\" decoding=\"async\" width=\"212\" height=\"300\" src=\"http:\/\/image-bible.ch\/wp-content\/uploads\/Voronet-Iconostase-14-Transfiguration-212x300.jpg\" class=\"attachment-medium size-medium\" alt=\"\" srcset=\"http:\/\/image-bible.ch\/wp-content\/uploads\/Voronet-Iconostase-14-Transfiguration-212x300.jpg 212w, http:\/\/image-bible.ch\/wp-content\/uploads\/Voronet-Iconostase-14-Transfiguration-725x1024.jpg 725w, http:\/\/image-bible.ch\/wp-content\/uploads\/Voronet-Iconostase-14-Transfiguration-768x1084.jpg 768w, http:\/\/image-bible.ch\/wp-content\/uploads\/Voronet-Iconostase-14-Transfiguration-1088x1536.jpg 1088w, http:\/\/image-bible.ch\/wp-content\/uploads\/Voronet-Iconostase-14-Transfiguration-1451x2048.jpg 1451w, http:\/\/image-bible.ch\/wp-content\/uploads\/Voronet-Iconostase-14-Transfiguration-scaled.jpg 1813w\" sizes=\"(max-width: 212px) 100vw, 212px\" \/><\/a>\n\t\t\t<\/div><\/figure><figure class='gallery-item'>\n\t\t\t<div class='gallery-icon portrait'>\n\t\t\t\t<a href='http:\/\/image-bible.ch\/?attachment_id=8577'><img loading=\"lazy\" decoding=\"async\" width=\"212\" height=\"300\" src=\"http:\/\/image-bible.ch\/wp-content\/uploads\/Voronet-Iconostase-15-Dormition-212x300.jpg\" class=\"attachment-medium size-medium\" alt=\"\" srcset=\"http:\/\/image-bible.ch\/wp-content\/uploads\/Voronet-Iconostase-15-Dormition-212x300.jpg 212w, http:\/\/image-bible.ch\/wp-content\/uploads\/Voronet-Iconostase-15-Dormition-725x1024.jpg 725w, http:\/\/image-bible.ch\/wp-content\/uploads\/Voronet-Iconostase-15-Dormition-768x1084.jpg 768w, http:\/\/image-bible.ch\/wp-content\/uploads\/Voronet-Iconostase-15-Dormition-1088x1536.jpg 1088w, http:\/\/image-bible.ch\/wp-content\/uploads\/Voronet-Iconostase-15-Dormition-1451x2048.jpg 1451w, http:\/\/image-bible.ch\/wp-content\/uploads\/Voronet-Iconostase-15-Dormition-scaled.jpg 1813w\" sizes=\"(max-width: 212px) 100vw, 212px\" \/><\/a>\n\t\t\t<\/div><\/figure><figure class='gallery-item'>\n\t\t\t<div class='gallery-icon landscape'>\n\t\t\t\t<a href='http:\/\/image-bible.ch\/?attachment_id=8578'><img loading=\"lazy\" decoding=\"async\" width=\"300\" height=\"169\" src=\"http:\/\/image-bible.ch\/wp-content\/uploads\/Voronet-Iconostase-Apotres-A-300x169.jpg\" class=\"attachment-medium size-medium\" alt=\"\" srcset=\"http:\/\/image-bible.ch\/wp-content\/uploads\/Voronet-Iconostase-Apotres-A-300x169.jpg 300w, http:\/\/image-bible.ch\/wp-content\/uploads\/Voronet-Iconostase-Apotres-A-1024x576.jpg 1024w, http:\/\/image-bible.ch\/wp-content\/uploads\/Voronet-Iconostase-Apotres-A-768x432.jpg 768w, http:\/\/image-bible.ch\/wp-content\/uploads\/Voronet-Iconostase-Apotres-A-1536x863.jpg 1536w, http:\/\/image-bible.ch\/wp-content\/uploads\/Voronet-Iconostase-Apotres-A-2048x1151.jpg 2048w\" sizes=\"(max-width: 300px) 100vw, 300px\" \/><\/a>\n\t\t\t<\/div><\/figure><figure class='gallery-item'>\n\t\t\t<div class='gallery-icon landscape'>\n\t\t\t\t<a href='http:\/\/image-bible.ch\/?attachment_id=8579'><img loading=\"lazy\" decoding=\"async\" width=\"300\" height=\"187\" src=\"http:\/\/image-bible.ch\/wp-content\/uploads\/Voronet-Iconostase-Apotres-B1-300x187.jpg\" class=\"attachment-medium size-medium\" alt=\"\" srcset=\"http:\/\/image-bible.ch\/wp-content\/uploads\/Voronet-Iconostase-Apotres-B1-300x187.jpg 300w, http:\/\/image-bible.ch\/wp-content\/uploads\/Voronet-Iconostase-Apotres-B1-1024x640.jpg 1024w, http:\/\/image-bible.ch\/wp-content\/uploads\/Voronet-Iconostase-Apotres-B1-768x480.jpg 768w, http:\/\/image-bible.ch\/wp-content\/uploads\/Voronet-Iconostase-Apotres-B1-1536x960.jpg 1536w, http:\/\/image-bible.ch\/wp-content\/uploads\/Voronet-Iconostase-Apotres-B1-2048x1280.jpg 2048w\" sizes=\"(max-width: 300px) 100vw, 300px\" \/><\/a>\n\t\t\t<\/div><\/figure><figure class='gallery-item'>\n\t\t\t<div class='gallery-icon landscape'>\n\t\t\t\t<a href='http:\/\/image-bible.ch\/?attachment_id=8580'><img loading=\"lazy\" decoding=\"async\" width=\"300\" height=\"169\" src=\"http:\/\/image-bible.ch\/wp-content\/uploads\/Voronet-Iconostase-Apotres-B2-300x169.jpg\" class=\"attachment-medium size-medium\" alt=\"\" srcset=\"http:\/\/image-bible.ch\/wp-content\/uploads\/Voronet-Iconostase-Apotres-B2-300x169.jpg 300w, http:\/\/image-bible.ch\/wp-content\/uploads\/Voronet-Iconostase-Apotres-B2-1024x576.jpg 1024w, http:\/\/image-bible.ch\/wp-content\/uploads\/Voronet-Iconostase-Apotres-B2-768x432.jpg 768w, http:\/\/image-bible.ch\/wp-content\/uploads\/Voronet-Iconostase-Apotres-B2-1536x863.jpg 1536w, http:\/\/image-bible.ch\/wp-content\/uploads\/Voronet-Iconostase-Apotres-B2-2048x1151.jpg 2048w\" sizes=\"(max-width: 300px) 100vw, 300px\" \/><\/a>\n\t\t\t<\/div><\/figure><figure class='gallery-item'>\n\t\t\t<div class='gallery-icon landscape'>\n\t\t\t\t<a href='http:\/\/image-bible.ch\/?attachment_id=8581'><img loading=\"lazy\" decoding=\"async\" width=\"300\" height=\"169\" src=\"http:\/\/image-bible.ch\/wp-content\/uploads\/Voronet-Iconostase-Apotres-C-300x169.jpg\" class=\"attachment-medium size-medium\" alt=\"\" srcset=\"http:\/\/image-bible.ch\/wp-content\/uploads\/Voronet-Iconostase-Apotres-C-300x169.jpg 300w, http:\/\/image-bible.ch\/wp-content\/uploads\/Voronet-Iconostase-Apotres-C-1024x576.jpg 1024w, http:\/\/image-bible.ch\/wp-content\/uploads\/Voronet-Iconostase-Apotres-C-768x432.jpg 768w, http:\/\/image-bible.ch\/wp-content\/uploads\/Voronet-Iconostase-Apotres-C-1536x863.jpg 1536w, http:\/\/image-bible.ch\/wp-content\/uploads\/Voronet-Iconostase-Apotres-C-2048x1151.jpg 2048w\" sizes=\"(max-width: 300px) 100vw, 300px\" \/><\/a>\n\t\t\t<\/div><\/figure><figure class='gallery-item'>\n\t\t\t<div class='gallery-icon landscape'>\n\t\t\t\t<a href='http:\/\/image-bible.ch\/?attachment_id=8582'><img loading=\"lazy\" decoding=\"async\" width=\"300\" height=\"169\" src=\"http:\/\/image-bible.ch\/wp-content\/uploads\/Voronet-Iconostase-Les-fetes-1-300x169.jpg\" class=\"attachment-medium size-medium\" alt=\"\" srcset=\"http:\/\/image-bible.ch\/wp-content\/uploads\/Voronet-Iconostase-Les-fetes-1-300x169.jpg 300w, http:\/\/image-bible.ch\/wp-content\/uploads\/Voronet-Iconostase-Les-fetes-1-1024x576.jpg 1024w, http:\/\/image-bible.ch\/wp-content\/uploads\/Voronet-Iconostase-Les-fetes-1-768x432.jpg 768w, http:\/\/image-bible.ch\/wp-content\/uploads\/Voronet-Iconostase-Les-fetes-1-1536x864.jpg 1536w, http:\/\/image-bible.ch\/wp-content\/uploads\/Voronet-Iconostase-Les-fetes-1-2048x1152.jpg 2048w\" sizes=\"(max-width: 300px) 100vw, 300px\" \/><\/a>\n\t\t\t<\/div><\/figure><figure class='gallery-item'>\n\t\t\t<div class='gallery-icon landscape'>\n\t\t\t\t<a href='http:\/\/image-bible.ch\/?attachment_id=8583'><img loading=\"lazy\" decoding=\"async\" width=\"300\" height=\"169\" src=\"http:\/\/image-bible.ch\/wp-content\/uploads\/Voronet-Iconostase-Les-fetes-300x169.jpg\" class=\"attachment-medium size-medium\" alt=\"\" srcset=\"http:\/\/image-bible.ch\/wp-content\/uploads\/Voronet-Iconostase-Les-fetes-300x169.jpg 300w, http:\/\/image-bible.ch\/wp-content\/uploads\/Voronet-Iconostase-Les-fetes-1024x576.jpg 1024w, http:\/\/image-bible.ch\/wp-content\/uploads\/Voronet-Iconostase-Les-fetes-768x432.jpg 768w, http:\/\/image-bible.ch\/wp-content\/uploads\/Voronet-Iconostase-Les-fetes-1536x864.jpg 1536w, http:\/\/image-bible.ch\/wp-content\/uploads\/Voronet-Iconostase-Les-fetes-2048x1152.jpg 2048w\" sizes=\"(max-width: 300px) 100vw, 300px\" \/><\/a>\n\t\t\t<\/div><\/figure>\n\t\t<\/div>\n\r\n<p>Les 12 f\u00eates dans les iconostases<\/p>\r\n<div id='gallery-3' class='gallery galleryid-5275 gallery-columns-3 gallery-size-medium'><figure class='gallery-item'>\n\t\t\t<div class='gallery-icon portrait'>\n\t\t\t\t<a href='http:\/\/image-bible.ch\/?attachment_id=8586'><img loading=\"lazy\" decoding=\"async\" width=\"245\" height=\"300\" src=\"http:\/\/image-bible.ch\/wp-content\/uploads\/0.-Les-12fetes.-l-Atelier-dicone-Hauterive-245x300.jpg\" class=\"attachment-medium size-medium\" alt=\"\" srcset=\"http:\/\/image-bible.ch\/wp-content\/uploads\/0.-Les-12fetes.-l-Atelier-dicone-Hauterive-245x300.jpg 245w, http:\/\/image-bible.ch\/wp-content\/uploads\/0.-Les-12fetes.-l-Atelier-dicone-Hauterive-835x1024.jpg 835w, http:\/\/image-bible.ch\/wp-content\/uploads\/0.-Les-12fetes.-l-Atelier-dicone-Hauterive-768x941.jpg 768w, http:\/\/image-bible.ch\/wp-content\/uploads\/0.-Les-12fetes.-l-Atelier-dicone-Hauterive-1253x1536.jpg 1253w, http:\/\/image-bible.ch\/wp-content\/uploads\/0.-Les-12fetes.-l-Atelier-dicone-Hauterive-1671x2048.jpg 1671w\" sizes=\"(max-width: 245px) 100vw, 245px\" \/><\/a>\n\t\t\t<\/div><\/figure><figure class='gallery-item'>\n\t\t\t<div class='gallery-icon portrait'>\n\t\t\t\t<a href='http:\/\/image-bible.ch\/?attachment_id=8587'><img loading=\"lazy\" decoding=\"async\" width=\"235\" height=\"300\" src=\"http:\/\/image-bible.ch\/wp-content\/uploads\/1.1-Rencontre-de-Joachim-et-Anne-1-235x300.jpg\" class=\"attachment-medium size-medium\" alt=\"\" srcset=\"http:\/\/image-bible.ch\/wp-content\/uploads\/1.1-Rencontre-de-Joachim-et-Anne-1-235x300.jpg 235w, http:\/\/image-bible.ch\/wp-content\/uploads\/1.1-Rencontre-de-Joachim-et-Anne-1-803x1024.jpg 803w, http:\/\/image-bible.ch\/wp-content\/uploads\/1.1-Rencontre-de-Joachim-et-Anne-1-768x979.jpg 768w, http:\/\/image-bible.ch\/wp-content\/uploads\/1.1-Rencontre-de-Joachim-et-Anne-1-1205x1536.jpg 1205w, http:\/\/image-bible.ch\/wp-content\/uploads\/1.1-Rencontre-de-Joachim-et-Anne-1-1607x2048.jpg 1607w, http:\/\/image-bible.ch\/wp-content\/uploads\/1.1-Rencontre-de-Joachim-et-Anne-1.jpg 2003w\" sizes=\"(max-width: 235px) 100vw, 235px\" \/><\/a>\n\t\t\t<\/div><\/figure><figure class='gallery-item'>\n\t\t\t<div class='gallery-icon portrait'>\n\t\t\t\t<a href='http:\/\/image-bible.ch\/?attachment_id=8588'><img loading=\"lazy\" decoding=\"async\" width=\"222\" height=\"300\" src=\"http:\/\/image-bible.ch\/wp-content\/uploads\/3.-Annonciation-Bihin-222x300.jpg\" class=\"attachment-medium size-medium\" alt=\"\" srcset=\"http:\/\/image-bible.ch\/wp-content\/uploads\/3.-Annonciation-Bihin-222x300.jpg 222w, http:\/\/image-bible.ch\/wp-content\/uploads\/3.-Annonciation-Bihin-759x1024.jpg 759w, http:\/\/image-bible.ch\/wp-content\/uploads\/3.-Annonciation-Bihin-768x1036.jpg 768w, http:\/\/image-bible.ch\/wp-content\/uploads\/3.-Annonciation-Bihin-1139x1536.jpg 1139w, http:\/\/image-bible.ch\/wp-content\/uploads\/3.-Annonciation-Bihin.jpg 1289w\" sizes=\"(max-width: 222px) 100vw, 222px\" \/><\/a>\n\t\t\t<\/div><\/figure><figure class='gallery-item'>\n\t\t\t<div class='gallery-icon portrait'>\n\t\t\t\t<a href='http:\/\/image-bible.ch\/?attachment_id=8590'><img loading=\"lazy\" decoding=\"async\" width=\"239\" height=\"300\" src=\"http:\/\/image-bible.ch\/wp-content\/uploads\/3.1-Visitation-atelier-St-Luc-2-239x300.jpg\" class=\"attachment-medium size-medium\" alt=\"\" srcset=\"http:\/\/image-bible.ch\/wp-content\/uploads\/3.1-Visitation-atelier-St-Luc-2-239x300.jpg 239w, http:\/\/image-bible.ch\/wp-content\/uploads\/3.1-Visitation-atelier-St-Luc-2-817x1024.jpg 817w, http:\/\/image-bible.ch\/wp-content\/uploads\/3.1-Visitation-atelier-St-Luc-2-768x962.jpg 768w, http:\/\/image-bible.ch\/wp-content\/uploads\/3.1-Visitation-atelier-St-Luc-2-1226x1536.jpg 1226w, http:\/\/image-bible.ch\/wp-content\/uploads\/3.1-Visitation-atelier-St-Luc-2-1634x2048.jpg 1634w, http:\/\/image-bible.ch\/wp-content\/uploads\/3.1-Visitation-atelier-St-Luc-2-scaled.jpg 2043w\" sizes=\"(max-width: 239px) 100vw, 239px\" \/><\/a>\n\t\t\t<\/div><\/figure><figure class='gallery-item'>\n\t\t\t<div class='gallery-icon portrait'>\n\t\t\t\t<a href='http:\/\/image-bible.ch\/?attachment_id=8591'><img loading=\"lazy\" decoding=\"async\" width=\"219\" height=\"300\" src=\"http:\/\/image-bible.ch\/wp-content\/uploads\/4.-Icone-de-la-Nativite-219x300.jpg\" class=\"attachment-medium size-medium\" alt=\"\" srcset=\"http:\/\/image-bible.ch\/wp-content\/uploads\/4.-Icone-de-la-Nativite-219x300.jpg 219w, http:\/\/image-bible.ch\/wp-content\/uploads\/4.-Icone-de-la-Nativite-749x1024.jpg 749w, http:\/\/image-bible.ch\/wp-content\/uploads\/4.-Icone-de-la-Nativite-768x1051.jpg 768w, http:\/\/image-bible.ch\/wp-content\/uploads\/4.-Icone-de-la-Nativite-1123x1536.jpg 1123w, http:\/\/image-bible.ch\/wp-content\/uploads\/4.-Icone-de-la-Nativite-1497x2048.jpg 1497w, http:\/\/image-bible.ch\/wp-content\/uploads\/4.-Icone-de-la-Nativite-scaled.jpg 1871w\" sizes=\"(max-width: 219px) 100vw, 219px\" \/><\/a>\n\t\t\t<\/div><\/figure><figure class='gallery-item'>\n\t\t\t<div class='gallery-icon portrait'>\n\t\t\t\t<a href='http:\/\/image-bible.ch\/?attachment_id=8592'><img loading=\"lazy\" decoding=\"async\" width=\"226\" height=\"300\" src=\"http:\/\/image-bible.ch\/wp-content\/uploads\/4.-Nativite-Andre-Roublev-1405-226x300.jpg\" class=\"attachment-medium size-medium\" alt=\"\" srcset=\"http:\/\/image-bible.ch\/wp-content\/uploads\/4.-Nativite-Andre-Roublev-1405-226x300.jpg 226w, http:\/\/image-bible.ch\/wp-content\/uploads\/4.-Nativite-Andre-Roublev-1405-772x1024.jpg 772w, http:\/\/image-bible.ch\/wp-content\/uploads\/4.-Nativite-Andre-Roublev-1405-768x1019.jpg 768w, http:\/\/image-bible.ch\/wp-content\/uploads\/4.-Nativite-Andre-Roublev-1405-1157x1536.jpg 1157w, http:\/\/image-bible.ch\/wp-content\/uploads\/4.-Nativite-Andre-Roublev-1405.jpg 1400w\" sizes=\"(max-width: 226px) 100vw, 226px\" \/><\/a>\n\t\t\t<\/div><\/figure><figure class='gallery-item'>\n\t\t\t<div class='gallery-icon portrait'>\n\t\t\t\t<a href='http:\/\/image-bible.ch\/?attachment_id=8593'><img loading=\"lazy\" decoding=\"async\" width=\"247\" height=\"300\" src=\"http:\/\/image-bible.ch\/wp-content\/uploads\/4.-Nativite-atelier-St-Luc-1-247x300.jpg\" class=\"attachment-medium size-medium\" alt=\"\" srcset=\"http:\/\/image-bible.ch\/wp-content\/uploads\/4.-Nativite-atelier-St-Luc-1-247x300.jpg 247w, http:\/\/image-bible.ch\/wp-content\/uploads\/4.-Nativite-atelier-St-Luc-1-843x1024.jpg 843w, http:\/\/image-bible.ch\/wp-content\/uploads\/4.-Nativite-atelier-St-Luc-1-768x933.jpg 768w, http:\/\/image-bible.ch\/wp-content\/uploads\/4.-Nativite-atelier-St-Luc-1-1264x1536.jpg 1264w, http:\/\/image-bible.ch\/wp-content\/uploads\/4.-Nativite-atelier-St-Luc-1-1685x2048.jpg 1685w, http:\/\/image-bible.ch\/wp-content\/uploads\/4.-Nativite-atelier-St-Luc-1.jpg 2040w\" sizes=\"(max-width: 247px) 100vw, 247px\" \/><\/a>\n\t\t\t<\/div><\/figure><figure class='gallery-item'>\n\t\t\t<div class='gallery-icon portrait'>\n\t\t\t\t<a href='http:\/\/image-bible.ch\/?attachment_id=8594'><img loading=\"lazy\" decoding=\"async\" width=\"235\" height=\"300\" src=\"http:\/\/image-bible.ch\/wp-content\/uploads\/4.-Nativite-Bihin-01-235x300.jpg\" class=\"attachment-medium size-medium\" alt=\"\" srcset=\"http:\/\/image-bible.ch\/wp-content\/uploads\/4.-Nativite-Bihin-01-235x300.jpg 235w, http:\/\/image-bible.ch\/wp-content\/uploads\/4.-Nativite-Bihin-01-803x1024.jpg 803w, http:\/\/image-bible.ch\/wp-content\/uploads\/4.-Nativite-Bihin-01-768x979.jpg 768w, http:\/\/image-bible.ch\/wp-content\/uploads\/4.-Nativite-Bihin-01-1205x1536.jpg 1205w, http:\/\/image-bible.ch\/wp-content\/uploads\/4.-Nativite-Bihin-01.jpg 1279w\" sizes=\"(max-width: 235px) 100vw, 235px\" \/><\/a>\n\t\t\t<\/div><\/figure><figure class='gallery-item'>\n\t\t\t<div class='gallery-icon portrait'>\n\t\t\t\t<a href='http:\/\/image-bible.ch\/?attachment_id=8595'><img loading=\"lazy\" decoding=\"async\" width=\"214\" height=\"300\" src=\"http:\/\/image-bible.ch\/wp-content\/uploads\/4.-Nativite-copte-214x300.jpg\" class=\"attachment-medium size-medium\" alt=\"\" srcset=\"http:\/\/image-bible.ch\/wp-content\/uploads\/4.-Nativite-copte-214x300.jpg 214w, http:\/\/image-bible.ch\/wp-content\/uploads\/4.-Nativite-copte-731x1024.jpg 731w, http:\/\/image-bible.ch\/wp-content\/uploads\/4.-Nativite-copte-768x1075.jpg 768w, http:\/\/image-bible.ch\/wp-content\/uploads\/4.-Nativite-copte-1097x1536.jpg 1097w, http:\/\/image-bible.ch\/wp-content\/uploads\/4.-Nativite-copte.jpg 1417w\" sizes=\"(max-width: 214px) 100vw, 214px\" \/><\/a>\n\t\t\t<\/div><\/figure><figure class='gallery-item'>\n\t\t\t<div class='gallery-icon portrait'>\n\t\t\t\t<a href='http:\/\/image-bible.ch\/?attachment_id=8596'><img loading=\"lazy\" decoding=\"async\" width=\"247\" height=\"300\" src=\"http:\/\/image-bible.ch\/wp-content\/uploads\/4.1-Annonciation-Icone-centre-international-Marial-Nazareth-02-247x300.jpg\" class=\"attachment-medium size-medium\" alt=\"\" srcset=\"http:\/\/image-bible.ch\/wp-content\/uploads\/4.1-Annonciation-Icone-centre-international-Marial-Nazareth-02-247x300.jpg 247w, http:\/\/image-bible.ch\/wp-content\/uploads\/4.1-Annonciation-Icone-centre-international-Marial-Nazareth-02-844x1024.jpg 844w, http:\/\/image-bible.ch\/wp-content\/uploads\/4.1-Annonciation-Icone-centre-international-Marial-Nazareth-02-768x932.jpg 768w, http:\/\/image-bible.ch\/wp-content\/uploads\/4.1-Annonciation-Icone-centre-international-Marial-Nazareth-02-1266x1536.jpg 1266w, http:\/\/image-bible.ch\/wp-content\/uploads\/4.1-Annonciation-Icone-centre-international-Marial-Nazareth-02-1688x2048.jpg 1688w\" sizes=\"(max-width: 247px) 100vw, 247px\" \/><\/a>\n\t\t\t<\/div><\/figure><figure class='gallery-item'>\n\t\t\t<div class='gallery-icon portrait'>\n\t\t\t\t<a href='http:\/\/image-bible.ch\/?attachment_id=8597'><img loading=\"lazy\" decoding=\"async\" width=\"248\" height=\"300\" src=\"http:\/\/image-bible.ch\/wp-content\/uploads\/4.2-Visitation-Icone-Nazareth-Cente-international-Marie-unite-06-248x300.jpg\" class=\"attachment-medium size-medium\" alt=\"\" srcset=\"http:\/\/image-bible.ch\/wp-content\/uploads\/4.2-Visitation-Icone-Nazareth-Cente-international-Marie-unite-06-248x300.jpg 248w, http:\/\/image-bible.ch\/wp-content\/uploads\/4.2-Visitation-Icone-Nazareth-Cente-international-Marie-unite-06-846x1024.jpg 846w, http:\/\/image-bible.ch\/wp-content\/uploads\/4.2-Visitation-Icone-Nazareth-Cente-international-Marie-unite-06-768x930.jpg 768w, http:\/\/image-bible.ch\/wp-content\/uploads\/4.2-Visitation-Icone-Nazareth-Cente-international-Marie-unite-06-1268x1536.jpg 1268w, http:\/\/image-bible.ch\/wp-content\/uploads\/4.2-Visitation-Icone-Nazareth-Cente-international-Marie-unite-06-1691x2048.jpg 1691w\" sizes=\"(max-width: 248px) 100vw, 248px\" \/><\/a>\n\t\t\t<\/div><\/figure><figure class='gallery-item'>\n\t\t\t<div class='gallery-icon portrait'>\n\t\t\t\t<a href='http:\/\/image-bible.ch\/?attachment_id=8598'><img loading=\"lazy\" decoding=\"async\" width=\"257\" height=\"300\" src=\"http:\/\/image-bible.ch\/wp-content\/uploads\/4.3-Nativite-Icone-Nazareth-Cente-international-Marie-unite-02-257x300.jpg\" class=\"attachment-medium size-medium\" alt=\"\" srcset=\"http:\/\/image-bible.ch\/wp-content\/uploads\/4.3-Nativite-Icone-Nazareth-Cente-international-Marie-unite-02-257x300.jpg 257w, http:\/\/image-bible.ch\/wp-content\/uploads\/4.3-Nativite-Icone-Nazareth-Cente-international-Marie-unite-02-877x1024.jpg 877w, http:\/\/image-bible.ch\/wp-content\/uploads\/4.3-Nativite-Icone-Nazareth-Cente-international-Marie-unite-02-768x897.jpg 768w, http:\/\/image-bible.ch\/wp-content\/uploads\/4.3-Nativite-Icone-Nazareth-Cente-international-Marie-unite-02-1315x1536.jpg 1315w, http:\/\/image-bible.ch\/wp-content\/uploads\/4.3-Nativite-Icone-Nazareth-Cente-international-Marie-unite-02-1753x2048.jpg 1753w\" sizes=\"(max-width: 257px) 100vw, 257px\" \/><\/a>\n\t\t\t<\/div><\/figure><figure class='gallery-item'>\n\t\t\t<div class='gallery-icon portrait'>\n\t\t\t\t<a href='http:\/\/image-bible.ch\/?attachment_id=8599'><img loading=\"lazy\" decoding=\"async\" width=\"264\" height=\"300\" src=\"http:\/\/image-bible.ch\/wp-content\/uploads\/4.4-Presentation-Icone-centre-international-Marial-Nazareth-05-264x300.jpg\" class=\"attachment-medium size-medium\" alt=\"\" srcset=\"http:\/\/image-bible.ch\/wp-content\/uploads\/4.4-Presentation-Icone-centre-international-Marial-Nazareth-05-264x300.jpg 264w, http:\/\/image-bible.ch\/wp-content\/uploads\/4.4-Presentation-Icone-centre-international-Marial-Nazareth-05-900x1024.jpg 900w, http:\/\/image-bible.ch\/wp-content\/uploads\/4.4-Presentation-Icone-centre-international-Marial-Nazareth-05-768x874.jpg 768w, http:\/\/image-bible.ch\/wp-content\/uploads\/4.4-Presentation-Icone-centre-international-Marial-Nazareth-05-1350x1536.jpg 1350w, http:\/\/image-bible.ch\/wp-content\/uploads\/4.4-Presentation-Icone-centre-international-Marial-Nazareth-05-1800x2048.jpg 1800w\" sizes=\"(max-width: 264px) 100vw, 264px\" \/><\/a>\n\t\t\t<\/div><\/figure><figure class='gallery-item'>\n\t\t\t<div class='gallery-icon portrait'>\n\t\t\t\t<a href='http:\/\/image-bible.ch\/?attachment_id=8600'><img loading=\"lazy\" decoding=\"async\" width=\"249\" height=\"300\" src=\"http:\/\/image-bible.ch\/wp-content\/uploads\/4.5-Jesus-et-les-docteurs-de-la-loi-Icone-centre-international-Marial-Nazareth-07-249x300.jpg\" class=\"attachment-medium size-medium\" alt=\"\" srcset=\"http:\/\/image-bible.ch\/wp-content\/uploads\/4.5-Jesus-et-les-docteurs-de-la-loi-Icone-centre-international-Marial-Nazareth-07-249x300.jpg 249w, http:\/\/image-bible.ch\/wp-content\/uploads\/4.5-Jesus-et-les-docteurs-de-la-loi-Icone-centre-international-Marial-Nazareth-07-851x1024.jpg 851w, http:\/\/image-bible.ch\/wp-content\/uploads\/4.5-Jesus-et-les-docteurs-de-la-loi-Icone-centre-international-Marial-Nazareth-07-768x924.jpg 768w, http:\/\/image-bible.ch\/wp-content\/uploads\/4.5-Jesus-et-les-docteurs-de-la-loi-Icone-centre-international-Marial-Nazareth-07-1277x1536.jpg 1277w, http:\/\/image-bible.ch\/wp-content\/uploads\/4.5-Jesus-et-les-docteurs-de-la-loi-Icone-centre-international-Marial-Nazareth-07-1702x2048.jpg 1702w\" sizes=\"(max-width: 249px) 100vw, 249px\" \/><\/a>\n\t\t\t<\/div><\/figure><figure class='gallery-item'>\n\t\t\t<div class='gallery-icon portrait'>\n\t\t\t\t<a href='http:\/\/image-bible.ch\/?attachment_id=8601'><img loading=\"lazy\" decoding=\"async\" width=\"253\" height=\"300\" src=\"http:\/\/image-bible.ch\/wp-content\/uploads\/4.6-Bapteme-Icone-centre-international-Marial-Nazareth-08-253x300.jpg\" class=\"attachment-medium size-medium\" alt=\"\" srcset=\"http:\/\/image-bible.ch\/wp-content\/uploads\/4.6-Bapteme-Icone-centre-international-Marial-Nazareth-08-253x300.jpg 253w, http:\/\/image-bible.ch\/wp-content\/uploads\/4.6-Bapteme-Icone-centre-international-Marial-Nazareth-08-863x1024.jpg 863w, http:\/\/image-bible.ch\/wp-content\/uploads\/4.6-Bapteme-Icone-centre-international-Marial-Nazareth-08-768x911.jpg 768w, http:\/\/image-bible.ch\/wp-content\/uploads\/4.6-Bapteme-Icone-centre-international-Marial-Nazareth-08-1295x1536.jpg 1295w, http:\/\/image-bible.ch\/wp-content\/uploads\/4.6-Bapteme-Icone-centre-international-Marial-Nazareth-08-1727x2048.jpg 1727w\" sizes=\"(max-width: 253px) 100vw, 253px\" \/><\/a>\n\t\t\t<\/div><\/figure><figure class='gallery-item'>\n\t\t\t<div class='gallery-icon portrait'>\n\t\t\t\t<a href='http:\/\/image-bible.ch\/?attachment_id=8602'><img loading=\"lazy\" decoding=\"async\" width=\"258\" height=\"300\" src=\"http:\/\/image-bible.ch\/wp-content\/uploads\/4.7-Cana-Icone-centre-international-Marial-Nazareth-10-258x300.jpg\" class=\"attachment-medium size-medium\" alt=\"\" srcset=\"http:\/\/image-bible.ch\/wp-content\/uploads\/4.7-Cana-Icone-centre-international-Marial-Nazareth-10-258x300.jpg 258w, http:\/\/image-bible.ch\/wp-content\/uploads\/4.7-Cana-Icone-centre-international-Marial-Nazareth-10-881x1024.jpg 881w, http:\/\/image-bible.ch\/wp-content\/uploads\/4.7-Cana-Icone-centre-international-Marial-Nazareth-10-768x893.jpg 768w, http:\/\/image-bible.ch\/wp-content\/uploads\/4.7-Cana-Icone-centre-international-Marial-Nazareth-10-1321x1536.jpg 1321w, http:\/\/image-bible.ch\/wp-content\/uploads\/4.7-Cana-Icone-centre-international-Marial-Nazareth-10-1761x2048.jpg 1761w\" sizes=\"(max-width: 258px) 100vw, 258px\" \/><\/a>\n\t\t\t<\/div><\/figure><figure class='gallery-item'>\n\t\t\t<div class='gallery-icon portrait'>\n\t\t\t\t<a href='http:\/\/image-bible.ch\/?attachment_id=8604'><img loading=\"lazy\" decoding=\"async\" width=\"261\" height=\"300\" src=\"http:\/\/image-bible.ch\/wp-content\/uploads\/4.8-Predication-Icone-Nazareth-Cente-international-Marie-unite-33-261x300.jpg\" class=\"attachment-medium size-medium\" alt=\"\" srcset=\"http:\/\/image-bible.ch\/wp-content\/uploads\/4.8-Predication-Icone-Nazareth-Cente-international-Marie-unite-33-261x300.jpg 261w, http:\/\/image-bible.ch\/wp-content\/uploads\/4.8-Predication-Icone-Nazareth-Cente-international-Marie-unite-33-892x1024.jpg 892w, http:\/\/image-bible.ch\/wp-content\/uploads\/4.8-Predication-Icone-Nazareth-Cente-international-Marie-unite-33-768x881.jpg 768w, http:\/\/image-bible.ch\/wp-content\/uploads\/4.8-Predication-Icone-Nazareth-Cente-international-Marie-unite-33-1338x1536.jpg 1338w, http:\/\/image-bible.ch\/wp-content\/uploads\/4.8-Predication-Icone-Nazareth-Cente-international-Marie-unite-33-1784x2048.jpg 1784w\" sizes=\"(max-width: 261px) 100vw, 261px\" \/><\/a>\n\t\t\t<\/div><\/figure><figure class='gallery-item'>\n\t\t\t<div class='gallery-icon portrait'>\n\t\t\t\t<a href='http:\/\/image-bible.ch\/?attachment_id=8605'><img loading=\"lazy\" decoding=\"async\" width=\"250\" height=\"300\" src=\"http:\/\/image-bible.ch\/wp-content\/uploads\/4.9-Transfiguration-Icone-Nazareth-Cente-international-Marie-unite-37-250x300.jpg\" class=\"attachment-medium size-medium\" alt=\"\" srcset=\"http:\/\/image-bible.ch\/wp-content\/uploads\/4.9-Transfiguration-Icone-Nazareth-Cente-international-Marie-unite-37-250x300.jpg 250w, http:\/\/image-bible.ch\/wp-content\/uploads\/4.9-Transfiguration-Icone-Nazareth-Cente-international-Marie-unite-37-855x1024.jpg 855w, http:\/\/image-bible.ch\/wp-content\/uploads\/4.9-Transfiguration-Icone-Nazareth-Cente-international-Marie-unite-37-768x920.jpg 768w, http:\/\/image-bible.ch\/wp-content\/uploads\/4.9-Transfiguration-Icone-Nazareth-Cente-international-Marie-unite-37-1282x1536.jpg 1282w, http:\/\/image-bible.ch\/wp-content\/uploads\/4.9-Transfiguration-Icone-Nazareth-Cente-international-Marie-unite-37-1710x2048.jpg 1710w\" sizes=\"(max-width: 250px) 100vw, 250px\" \/><\/a>\n\t\t\t<\/div><\/figure><figure class='gallery-item'>\n\t\t\t<div class='gallery-icon portrait'>\n\t\t\t\t<a href='http:\/\/image-bible.ch\/?attachment_id=8606'><img loading=\"lazy\" decoding=\"async\" width=\"258\" height=\"300\" src=\"http:\/\/image-bible.ch\/wp-content\/uploads\/4.10-Dernier-repas-Icone-centre-international-Marial-Nazareth-14-1-258x300.jpg\" class=\"attachment-medium size-medium\" alt=\"\" srcset=\"http:\/\/image-bible.ch\/wp-content\/uploads\/4.10-Dernier-repas-Icone-centre-international-Marial-Nazareth-14-1-258x300.jpg 258w, http:\/\/image-bible.ch\/wp-content\/uploads\/4.10-Dernier-repas-Icone-centre-international-Marial-Nazareth-14-1-880x1024.jpg 880w, http:\/\/image-bible.ch\/wp-content\/uploads\/4.10-Dernier-repas-Icone-centre-international-Marial-Nazareth-14-1-768x894.jpg 768w, http:\/\/image-bible.ch\/wp-content\/uploads\/4.10-Dernier-repas-Icone-centre-international-Marial-Nazareth-14-1-1320x1536.jpg 1320w, http:\/\/image-bible.ch\/wp-content\/uploads\/4.10-Dernier-repas-Icone-centre-international-Marial-Nazareth-14-1-1760x2048.jpg 1760w\" sizes=\"(max-width: 258px) 100vw, 258px\" \/><\/a>\n\t\t\t<\/div><\/figure><figure class='gallery-item'>\n\t\t\t<div class='gallery-icon portrait'>\n\t\t\t\t<a href='http:\/\/image-bible.ch\/?attachment_id=8608'><img loading=\"lazy\" decoding=\"async\" width=\"259\" height=\"300\" src=\"http:\/\/image-bible.ch\/wp-content\/uploads\/4.14-Portement-de-la-croix-Icone-Nazareth-Cente-international-Marie-unite-01-259x300.jpg\" class=\"attachment-medium size-medium\" alt=\"\" srcset=\"http:\/\/image-bible.ch\/wp-content\/uploads\/4.14-Portement-de-la-croix-Icone-Nazareth-Cente-international-Marie-unite-01-259x300.jpg 259w, http:\/\/image-bible.ch\/wp-content\/uploads\/4.14-Portement-de-la-croix-Icone-Nazareth-Cente-international-Marie-unite-01-885x1024.jpg 885w, http:\/\/image-bible.ch\/wp-content\/uploads\/4.14-Portement-de-la-croix-Icone-Nazareth-Cente-international-Marie-unite-01-768x889.jpg 768w, http:\/\/image-bible.ch\/wp-content\/uploads\/4.14-Portement-de-la-croix-Icone-Nazareth-Cente-international-Marie-unite-01-1327x1536.jpg 1327w, http:\/\/image-bible.ch\/wp-content\/uploads\/4.14-Portement-de-la-croix-Icone-Nazareth-Cente-international-Marie-unite-01-1770x2048.jpg 1770w\" sizes=\"(max-width: 259px) 100vw, 259px\" \/><\/a>\n\t\t\t<\/div><\/figure><figure class='gallery-item'>\n\t\t\t<div class='gallery-icon portrait'>\n\t\t\t\t<a href='http:\/\/image-bible.ch\/?attachment_id=8609'><img loading=\"lazy\" decoding=\"async\" width=\"244\" height=\"300\" src=\"http:\/\/image-bible.ch\/wp-content\/uploads\/4.15-Crucifixion-Icone-Nazareth-Cente-international-Marie-unite-67-244x300.jpg\" class=\"attachment-medium size-medium\" alt=\"\" srcset=\"http:\/\/image-bible.ch\/wp-content\/uploads\/4.15-Crucifixion-Icone-Nazareth-Cente-international-Marie-unite-67-244x300.jpg 244w, http:\/\/image-bible.ch\/wp-content\/uploads\/4.15-Crucifixion-Icone-Nazareth-Cente-international-Marie-unite-67-832x1024.jpg 832w, http:\/\/image-bible.ch\/wp-content\/uploads\/4.15-Crucifixion-Icone-Nazareth-Cente-international-Marie-unite-67-768x946.jpg 768w, http:\/\/image-bible.ch\/wp-content\/uploads\/4.15-Crucifixion-Icone-Nazareth-Cente-international-Marie-unite-67-1248x1536.jpg 1248w, http:\/\/image-bible.ch\/wp-content\/uploads\/4.15-Crucifixion-Icone-Nazareth-Cente-international-Marie-unite-67-1663x2048.jpg 1663w\" sizes=\"(max-width: 244px) 100vw, 244px\" \/><\/a>\n\t\t\t<\/div><\/figure><figure class='gallery-item'>\n\t\t\t<div class='gallery-icon portrait'>\n\t\t\t\t<a href='http:\/\/image-bible.ch\/?attachment_id=8610'><img loading=\"lazy\" decoding=\"async\" width=\"240\" height=\"300\" src=\"http:\/\/image-bible.ch\/wp-content\/uploads\/4.16-Resurrection-Icone-centre-international-Marial-Nazareth-26-240x300.jpg\" class=\"attachment-medium size-medium\" alt=\"\" srcset=\"http:\/\/image-bible.ch\/wp-content\/uploads\/4.16-Resurrection-Icone-centre-international-Marial-Nazareth-26-240x300.jpg 240w, http:\/\/image-bible.ch\/wp-content\/uploads\/4.16-Resurrection-Icone-centre-international-Marial-Nazareth-26-820x1024.jpg 820w, http:\/\/image-bible.ch\/wp-content\/uploads\/4.16-Resurrection-Icone-centre-international-Marial-Nazareth-26-768x959.jpg 768w, http:\/\/image-bible.ch\/wp-content\/uploads\/4.16-Resurrection-Icone-centre-international-Marial-Nazareth-26-1230x1536.jpg 1230w, http:\/\/image-bible.ch\/wp-content\/uploads\/4.16-Resurrection-Icone-centre-international-Marial-Nazareth-26-1641x2048.jpg 1641w\" sizes=\"(max-width: 240px) 100vw, 240px\" \/><\/a>\n\t\t\t<\/div><\/figure><figure class='gallery-item'>\n\t\t\t<div class='gallery-icon portrait'>\n\t\t\t\t<a href='http:\/\/image-bible.ch\/?attachment_id=8611'><img loading=\"lazy\" decoding=\"async\" width=\"234\" height=\"300\" src=\"http:\/\/image-bible.ch\/wp-content\/uploads\/4.17-Ascension-Icone-Nazareth-Cente-international-Marie-unite-05-2-234x300.jpg\" class=\"attachment-medium size-medium\" alt=\"\" srcset=\"http:\/\/image-bible.ch\/wp-content\/uploads\/4.17-Ascension-Icone-Nazareth-Cente-international-Marie-unite-05-2-234x300.jpg 234w, http:\/\/image-bible.ch\/wp-content\/uploads\/4.17-Ascension-Icone-Nazareth-Cente-international-Marie-unite-05-2-799x1024.jpg 799w, http:\/\/image-bible.ch\/wp-content\/uploads\/4.17-Ascension-Icone-Nazareth-Cente-international-Marie-unite-05-2-768x984.jpg 768w, http:\/\/image-bible.ch\/wp-content\/uploads\/4.17-Ascension-Icone-Nazareth-Cente-international-Marie-unite-05-2-1199x1536.jpg 1199w, http:\/\/image-bible.ch\/wp-content\/uploads\/4.17-Ascension-Icone-Nazareth-Cente-international-Marie-unite-05-2-1599x2048.jpg 1599w, http:\/\/image-bible.ch\/wp-content\/uploads\/4.17-Ascension-Icone-Nazareth-Cente-international-Marie-unite-05-2-scaled.jpg 1998w\" sizes=\"(max-width: 234px) 100vw, 234px\" \/><\/a>\n\t\t\t<\/div><\/figure><figure class='gallery-item'>\n\t\t\t<div class='gallery-icon portrait'>\n\t\t\t\t<a href='http:\/\/image-bible.ch\/?attachment_id=8612'><img loading=\"lazy\" decoding=\"async\" width=\"255\" height=\"300\" src=\"http:\/\/image-bible.ch\/wp-content\/uploads\/4.18-Pentecote-Icone-centre-international-Marial-Nazareth-29-255x300.jpg\" class=\"attachment-medium size-medium\" alt=\"\" srcset=\"http:\/\/image-bible.ch\/wp-content\/uploads\/4.18-Pentecote-Icone-centre-international-Marial-Nazareth-29-255x300.jpg 255w, http:\/\/image-bible.ch\/wp-content\/uploads\/4.18-Pentecote-Icone-centre-international-Marial-Nazareth-29-870x1024.jpg 870w, http:\/\/image-bible.ch\/wp-content\/uploads\/4.18-Pentecote-Icone-centre-international-Marial-Nazareth-29-768x904.jpg 768w, http:\/\/image-bible.ch\/wp-content\/uploads\/4.18-Pentecote-Icone-centre-international-Marial-Nazareth-29-1305x1536.jpg 1305w, http:\/\/image-bible.ch\/wp-content\/uploads\/4.18-Pentecote-Icone-centre-international-Marial-Nazareth-29-1740x2048.jpg 1740w\" sizes=\"(max-width: 255px) 100vw, 255px\" \/><\/a>\n\t\t\t<\/div><\/figure><figure class='gallery-item'>\n\t\t\t<div class='gallery-icon portrait'>\n\t\t\t\t<a href='http:\/\/image-bible.ch\/?attachment_id=8613'><img loading=\"lazy\" decoding=\"async\" width=\"255\" height=\"300\" src=\"http:\/\/image-bible.ch\/wp-content\/uploads\/4.19-Dormition-Icone-Nazareth-Cente-international-Marie-unite-12-2-1-255x300.jpg\" class=\"attachment-medium size-medium\" alt=\"\" srcset=\"http:\/\/image-bible.ch\/wp-content\/uploads\/4.19-Dormition-Icone-Nazareth-Cente-international-Marie-unite-12-2-1-255x300.jpg 255w, http:\/\/image-bible.ch\/wp-content\/uploads\/4.19-Dormition-Icone-Nazareth-Cente-international-Marie-unite-12-2-1-871x1024.jpg 871w, http:\/\/image-bible.ch\/wp-content\/uploads\/4.19-Dormition-Icone-Nazareth-Cente-international-Marie-unite-12-2-1-768x902.jpg 768w, http:\/\/image-bible.ch\/wp-content\/uploads\/4.19-Dormition-Icone-Nazareth-Cente-international-Marie-unite-12-2-1-1307x1536.jpg 1307w, http:\/\/image-bible.ch\/wp-content\/uploads\/4.19-Dormition-Icone-Nazareth-Cente-international-Marie-unite-12-2-1-1743x2048.jpg 1743w\" sizes=\"(max-width: 255px) 100vw, 255px\" \/><\/a>\n\t\t\t<\/div><\/figure><figure class='gallery-item'>\n\t\t\t<div class='gallery-icon portrait'>\n\t\t\t\t<a href='http:\/\/image-bible.ch\/?attachment_id=8614'><img loading=\"lazy\" decoding=\"async\" width=\"243\" height=\"300\" src=\"http:\/\/image-bible.ch\/wp-content\/uploads\/4.20-Couronnement-Icone-Nazareth-Cente-international-Marie-unite-25-2-243x300.jpg\" class=\"attachment-medium size-medium\" alt=\"\" srcset=\"http:\/\/image-bible.ch\/wp-content\/uploads\/4.20-Couronnement-Icone-Nazareth-Cente-international-Marie-unite-25-2-243x300.jpg 243w, http:\/\/image-bible.ch\/wp-content\/uploads\/4.20-Couronnement-Icone-Nazareth-Cente-international-Marie-unite-25-2-830x1024.jpg 830w, http:\/\/image-bible.ch\/wp-content\/uploads\/4.20-Couronnement-Icone-Nazareth-Cente-international-Marie-unite-25-2-768x948.jpg 768w, http:\/\/image-bible.ch\/wp-content\/uploads\/4.20-Couronnement-Icone-Nazareth-Cente-international-Marie-unite-25-2-1244x1536.jpg 1244w, http:\/\/image-bible.ch\/wp-content\/uploads\/4.20-Couronnement-Icone-Nazareth-Cente-international-Marie-unite-25-2-1659x2048.jpg 1659w\" sizes=\"(max-width: 243px) 100vw, 243px\" \/><\/a>\n\t\t\t<\/div><\/figure><figure class='gallery-item'>\n\t\t\t<div class='gallery-icon portrait'>\n\t\t\t\t<a href='http:\/\/image-bible.ch\/?attachment_id=8615'><img loading=\"lazy\" decoding=\"async\" width=\"220\" height=\"300\" src=\"http:\/\/image-bible.ch\/wp-content\/uploads\/6.-Bapteme-Bihin-1-1-220x300.jpg\" class=\"attachment-medium size-medium\" alt=\"\" srcset=\"http:\/\/image-bible.ch\/wp-content\/uploads\/6.-Bapteme-Bihin-1-1-220x300.jpg 220w, http:\/\/image-bible.ch\/wp-content\/uploads\/6.-Bapteme-Bihin-1-1-752x1024.jpg 752w, http:\/\/image-bible.ch\/wp-content\/uploads\/6.-Bapteme-Bihin-1-1-768x1045.jpg 768w, http:\/\/image-bible.ch\/wp-content\/uploads\/6.-Bapteme-Bihin-1-1-1128x1536.jpg 1128w, http:\/\/image-bible.ch\/wp-content\/uploads\/6.-Bapteme-Bihin-1-1.jpg 1287w\" sizes=\"(max-width: 220px) 100vw, 220px\" \/><\/a>\n\t\t\t<\/div><\/figure><figure class='gallery-item'>\n\t\t\t<div class='gallery-icon portrait'>\n\t\t\t\t<a href='http:\/\/image-bible.ch\/?attachment_id=8616'><img loading=\"lazy\" decoding=\"async\" width=\"254\" height=\"300\" src=\"http:\/\/image-bible.ch\/wp-content\/uploads\/6.1-Cana-atelier-St-Luc-1-254x300.jpg\" class=\"attachment-medium size-medium\" alt=\"\" srcset=\"http:\/\/image-bible.ch\/wp-content\/uploads\/6.1-Cana-atelier-St-Luc-1-254x300.jpg 254w, http:\/\/image-bible.ch\/wp-content\/uploads\/6.1-Cana-atelier-St-Luc-1-866x1024.jpg 866w, http:\/\/image-bible.ch\/wp-content\/uploads\/6.1-Cana-atelier-St-Luc-1-768x908.jpg 768w, http:\/\/image-bible.ch\/wp-content\/uploads\/6.1-Cana-atelier-St-Luc-1-1299x1536.jpg 1299w, http:\/\/image-bible.ch\/wp-content\/uploads\/6.1-Cana-atelier-St-Luc-1-1732x2048.jpg 1732w, http:\/\/image-bible.ch\/wp-content\/uploads\/6.1-Cana-atelier-St-Luc-1.jpg 2037w\" sizes=\"(max-width: 254px) 100vw, 254px\" \/><\/a>\n\t\t\t<\/div><\/figure><figure class='gallery-item'>\n\t\t\t<div class='gallery-icon portrait'>\n\t\t\t\t<a href='http:\/\/image-bible.ch\/?attachment_id=8617'><img loading=\"lazy\" decoding=\"async\" width=\"227\" height=\"300\" src=\"http:\/\/image-bible.ch\/wp-content\/uploads\/7.-Transfiguration-Bihin-1-227x300.jpg\" class=\"attachment-medium size-medium\" alt=\"\" srcset=\"http:\/\/image-bible.ch\/wp-content\/uploads\/7.-Transfiguration-Bihin-1-227x300.jpg 227w, http:\/\/image-bible.ch\/wp-content\/uploads\/7.-Transfiguration-Bihin-1-775x1024.jpg 775w, http:\/\/image-bible.ch\/wp-content\/uploads\/7.-Transfiguration-Bihin-1-768x1015.jpg 768w, http:\/\/image-bible.ch\/wp-content\/uploads\/7.-Transfiguration-Bihin-1-1162x1536.jpg 1162w, http:\/\/image-bible.ch\/wp-content\/uploads\/7.-Transfiguration-Bihin-1.jpg 1260w\" sizes=\"(max-width: 227px) 100vw, 227px\" \/><\/a>\n\t\t\t<\/div><\/figure><figure class='gallery-item'>\n\t\t\t<div class='gallery-icon portrait'>\n\t\t\t\t<a href='http:\/\/image-bible.ch\/?attachment_id=8618'><img loading=\"lazy\" decoding=\"async\" width=\"205\" height=\"300\" src=\"http:\/\/image-bible.ch\/wp-content\/uploads\/82-Lavement-des-pieds-Bihin-1-205x300.jpg\" class=\"attachment-medium size-medium\" alt=\"\" aria-describedby=\"gallery-3-8618\" srcset=\"http:\/\/image-bible.ch\/wp-content\/uploads\/82-Lavement-des-pieds-Bihin-1-205x300.jpg 205w, http:\/\/image-bible.ch\/wp-content\/uploads\/82-Lavement-des-pieds-Bihin-1-698x1024.jpg 698w, http:\/\/image-bible.ch\/wp-content\/uploads\/82-Lavement-des-pieds-Bihin-1-768x1126.jpg 768w, http:\/\/image-bible.ch\/wp-content\/uploads\/82-Lavement-des-pieds-Bihin-1-1048x1536.jpg 1048w, http:\/\/image-bible.ch\/wp-content\/uploads\/82-Lavement-des-pieds-Bihin-1.jpg 1270w\" sizes=\"(max-width: 205px) 100vw, 205px\" \/><\/a>\n\t\t\t<\/div>\n\t\t\t\t<figcaption class='wp-caption-text gallery-caption' id='gallery-3-8618'>\n\t\t\t\tIc\u00f4ne le lavement des piefs\n\t\t\t\t<\/figcaption><\/figure><figure class='gallery-item'>\n\t\t\t<div class='gallery-icon landscape'>\n\t\t\t\t<a href='http:\/\/image-bible.ch\/?attachment_id=8619'><img loading=\"lazy\" decoding=\"async\" width=\"300\" height=\"178\" src=\"http:\/\/image-bible.ch\/wp-content\/uploads\/8.-Crucifixion-Novgorod-icones-300x178.jpg\" class=\"attachment-medium size-medium\" alt=\"\" srcset=\"http:\/\/image-bible.ch\/wp-content\/uploads\/8.-Crucifixion-Novgorod-icones-300x178.jpg 300w, http:\/\/image-bible.ch\/wp-content\/uploads\/8.-Crucifixion-Novgorod-icones-1024x609.jpg 1024w, http:\/\/image-bible.ch\/wp-content\/uploads\/8.-Crucifixion-Novgorod-icones-768x457.jpg 768w, http:\/\/image-bible.ch\/wp-content\/uploads\/8.-Crucifixion-Novgorod-icones-1536x913.jpg 1536w, http:\/\/image-bible.ch\/wp-content\/uploads\/8.-Crucifixion-Novgorod-icones-2048x1218.jpg 2048w\" sizes=\"(max-width: 300px) 100vw, 300px\" \/><\/a>\n\t\t\t<\/div><\/figure><figure class='gallery-item'>\n\t\t\t<div class='gallery-icon portrait'>\n\t\t\t\t<a href='http:\/\/image-bible.ch\/?attachment_id=8620'><img loading=\"lazy\" decoding=\"async\" width=\"224\" height=\"300\" src=\"http:\/\/image-bible.ch\/wp-content\/uploads\/8.1-Cene-10.-Resurrection-Novgorod-Serie-Fetes-Ste-Sophie-15e-224x300.jpg\" class=\"attachment-medium size-medium\" alt=\"\" srcset=\"http:\/\/image-bible.ch\/wp-content\/uploads\/8.1-Cene-10.-Resurrection-Novgorod-Serie-Fetes-Ste-Sophie-15e-224x300.jpg 224w, http:\/\/image-bible.ch\/wp-content\/uploads\/8.1-Cene-10.-Resurrection-Novgorod-Serie-Fetes-Ste-Sophie-15e-765x1024.jpg 765w, http:\/\/image-bible.ch\/wp-content\/uploads\/8.1-Cene-10.-Resurrection-Novgorod-Serie-Fetes-Ste-Sophie-15e-768x1028.jpg 768w, http:\/\/image-bible.ch\/wp-content\/uploads\/8.1-Cene-10.-Resurrection-Novgorod-Serie-Fetes-Ste-Sophie-15e-1148x1536.jpg 1148w, http:\/\/image-bible.ch\/wp-content\/uploads\/8.1-Cene-10.-Resurrection-Novgorod-Serie-Fetes-Ste-Sophie-15e-1530x2048.jpg 1530w, http:\/\/image-bible.ch\/wp-content\/uploads\/8.1-Cene-10.-Resurrection-Novgorod-Serie-Fetes-Ste-Sophie-15e-scaled.jpg 1913w\" sizes=\"(max-width: 224px) 100vw, 224px\" \/><\/a>\n\t\t\t<\/div><\/figure><figure class='gallery-item'>\n\t\t\t<div class='gallery-icon landscape'>\n\t\t\t\t<a href='http:\/\/image-bible.ch\/?attachment_id=8621'><img loading=\"lazy\" decoding=\"async\" width=\"300\" height=\"235\" src=\"http:\/\/image-bible.ch\/wp-content\/uploads\/8.1-Cene-atelier-S.-Luc-juin-2012-1-300x235.jpg\" class=\"attachment-medium size-medium\" alt=\"\" srcset=\"http:\/\/image-bible.ch\/wp-content\/uploads\/8.1-Cene-atelier-S.-Luc-juin-2012-1-300x235.jpg 300w, http:\/\/image-bible.ch\/wp-content\/uploads\/8.1-Cene-atelier-S.-Luc-juin-2012-1-1024x802.jpg 1024w, http:\/\/image-bible.ch\/wp-content\/uploads\/8.1-Cene-atelier-S.-Luc-juin-2012-1-768x601.jpg 768w, http:\/\/image-bible.ch\/wp-content\/uploads\/8.1-Cene-atelier-S.-Luc-juin-2012-1-1536x1202.jpg 1536w, http:\/\/image-bible.ch\/wp-content\/uploads\/8.1-Cene-atelier-S.-Luc-juin-2012-1-2048x1603.jpg 2048w\" sizes=\"(max-width: 300px) 100vw, 300px\" \/><\/a>\n\t\t\t<\/div><\/figure><figure class='gallery-item'>\n\t\t\t<div class='gallery-icon portrait'>\n\t\t\t\t<a href='http:\/\/image-bible.ch\/?attachment_id=8622'><img loading=\"lazy\" decoding=\"async\" width=\"233\" height=\"300\" src=\"http:\/\/image-bible.ch\/wp-content\/uploads\/8.2-Reniement-Pierre-atelier-S.-Luc-j-1-233x300.jpg\" class=\"attachment-medium size-medium\" alt=\"\" srcset=\"http:\/\/image-bible.ch\/wp-content\/uploads\/8.2-Reniement-Pierre-atelier-S.-Luc-j-1-233x300.jpg 233w, http:\/\/image-bible.ch\/wp-content\/uploads\/8.2-Reniement-Pierre-atelier-S.-Luc-j-1-795x1024.jpg 795w, http:\/\/image-bible.ch\/wp-content\/uploads\/8.2-Reniement-Pierre-atelier-S.-Luc-j-1-768x989.jpg 768w, http:\/\/image-bible.ch\/wp-content\/uploads\/8.2-Reniement-Pierre-atelier-S.-Luc-j-1-1193x1536.jpg 1193w, http:\/\/image-bible.ch\/wp-content\/uploads\/8.2-Reniement-Pierre-atelier-S.-Luc-j-1-1591x2048.jpg 1591w, http:\/\/image-bible.ch\/wp-content\/uploads\/8.2-Reniement-Pierre-atelier-S.-Luc-j-1.jpg 1969w\" sizes=\"(max-width: 233px) 100vw, 233px\" \/><\/a>\n\t\t\t<\/div><\/figure><figure class='gallery-item'>\n\t\t\t<div class='gallery-icon portrait'>\n\t\t\t\t<a href='http:\/\/image-bible.ch\/?attachment_id=8623'><img loading=\"lazy\" decoding=\"async\" width=\"252\" height=\"300\" src=\"http:\/\/image-bible.ch\/wp-content\/uploads\/9.2-Mise-au-tombeau-St-Petersbourg-Musee-russe-252x300.jpg\" class=\"attachment-medium size-medium\" alt=\"\" srcset=\"http:\/\/image-bible.ch\/wp-content\/uploads\/9.2-Mise-au-tombeau-St-Petersbourg-Musee-russe-252x300.jpg 252w, http:\/\/image-bible.ch\/wp-content\/uploads\/9.2-Mise-au-tombeau-St-Petersbourg-Musee-russe-860x1024.jpg 860w, http:\/\/image-bible.ch\/wp-content\/uploads\/9.2-Mise-au-tombeau-St-Petersbourg-Musee-russe-768x915.jpg 768w, http:\/\/image-bible.ch\/wp-content\/uploads\/9.2-Mise-au-tombeau-St-Petersbourg-Musee-russe-1290x1536.jpg 1290w, http:\/\/image-bible.ch\/wp-content\/uploads\/9.2-Mise-au-tombeau-St-Petersbourg-Musee-russe-1719x2048.jpg 1719w\" sizes=\"(max-width: 252px) 100vw, 252px\" \/><\/a>\n\t\t\t<\/div><\/figure><figure class='gallery-item'>\n\t\t\t<div class='gallery-icon portrait'>\n\t\t\t\t<a href='http:\/\/image-bible.ch\/?attachment_id=8624'><img loading=\"lazy\" decoding=\"async\" width=\"244\" height=\"300\" src=\"http:\/\/image-bible.ch\/wp-content\/uploads\/10.-Resurrection-St-Petersbourg-Musee-russe-Novgorad-14e-244x300.jpg\" class=\"attachment-medium size-medium\" alt=\"\" srcset=\"http:\/\/image-bible.ch\/wp-content\/uploads\/10.-Resurrection-St-Petersbourg-Musee-russe-Novgorad-14e-244x300.jpg 244w, http:\/\/image-bible.ch\/wp-content\/uploads\/10.-Resurrection-St-Petersbourg-Musee-russe-Novgorad-14e-832x1024.jpg 832w, http:\/\/image-bible.ch\/wp-content\/uploads\/10.-Resurrection-St-Petersbourg-Musee-russe-Novgorad-14e-768x946.jpg 768w, http:\/\/image-bible.ch\/wp-content\/uploads\/10.-Resurrection-St-Petersbourg-Musee-russe-Novgorad-14e-1247x1536.jpg 1247w, http:\/\/image-bible.ch\/wp-content\/uploads\/10.-Resurrection-St-Petersbourg-Musee-russe-Novgorad-14e-1663x2048.jpg 1663w\" sizes=\"(max-width: 244px) 100vw, 244px\" \/><\/a>\n\t\t\t<\/div><\/figure><figure class='gallery-item'>\n\t\t\t<div class='gallery-icon portrait'>\n\t\t\t\t<a href='http:\/\/image-bible.ch\/?attachment_id=8625'><img loading=\"lazy\" decoding=\"async\" width=\"189\" height=\"300\" src=\"http:\/\/image-bible.ch\/wp-content\/uploads\/10.1-Descente-sejour-morts-Bihin-1-189x300.jpg\" class=\"attachment-medium size-medium\" alt=\"\" srcset=\"http:\/\/image-bible.ch\/wp-content\/uploads\/10.1-Descente-sejour-morts-Bihin-1-189x300.jpg 189w, http:\/\/image-bible.ch\/wp-content\/uploads\/10.1-Descente-sejour-morts-Bihin-1-645x1024.jpg 645w, http:\/\/image-bible.ch\/wp-content\/uploads\/10.1-Descente-sejour-morts-Bihin-1-768x1219.jpg 768w, http:\/\/image-bible.ch\/wp-content\/uploads\/10.1-Descente-sejour-morts-Bihin-1-968x1536.jpg 968w, http:\/\/image-bible.ch\/wp-content\/uploads\/10.1-Descente-sejour-morts-Bihin-1.jpg 1228w\" sizes=\"(max-width: 189px) 100vw, 189px\" \/><\/a>\n\t\t\t<\/div><\/figure><figure class='gallery-item'>\n\t\t\t<div class='gallery-icon portrait'>\n\t\t\t\t<a href='http:\/\/image-bible.ch\/?attachment_id=8626'><img loading=\"lazy\" decoding=\"async\" width=\"237\" height=\"300\" src=\"http:\/\/image-bible.ch\/wp-content\/uploads\/10.1-Disciples-dEmmaus-Astrid-Hild-01-237x300.jpg\" class=\"attachment-medium size-medium\" alt=\"\" srcset=\"http:\/\/image-bible.ch\/wp-content\/uploads\/10.1-Disciples-dEmmaus-Astrid-Hild-01-237x300.jpg 237w, http:\/\/image-bible.ch\/wp-content\/uploads\/10.1-Disciples-dEmmaus-Astrid-Hild-01-810x1024.jpg 810w, http:\/\/image-bible.ch\/wp-content\/uploads\/10.1-Disciples-dEmmaus-Astrid-Hild-01-768x971.jpg 768w, http:\/\/image-bible.ch\/wp-content\/uploads\/10.1-Disciples-dEmmaus-Astrid-Hild-01-1214x1536.jpg 1214w, http:\/\/image-bible.ch\/wp-content\/uploads\/10.1-Disciples-dEmmaus-Astrid-Hild-01-1619x2048.jpg 1619w, http:\/\/image-bible.ch\/wp-content\/uploads\/10.1-Disciples-dEmmaus-Astrid-Hild-01-scaled.jpg 2024w\" sizes=\"(max-width: 237px) 100vw, 237px\" \/><\/a>\n\t\t\t<\/div><\/figure><figure class='gallery-item'>\n\t\t\t<div class='gallery-icon portrait'>\n\t\t\t\t<a href='http:\/\/image-bible.ch\/?attachment_id=8627'><img loading=\"lazy\" decoding=\"async\" width=\"232\" height=\"300\" src=\"http:\/\/image-bible.ch\/wp-content\/uploads\/10.2-Resurrection-femmes-atelier-St-Luc-1-232x300.jpg\" class=\"attachment-medium size-medium\" alt=\"\" srcset=\"http:\/\/image-bible.ch\/wp-content\/uploads\/10.2-Resurrection-femmes-atelier-St-Luc-1-232x300.jpg 232w, http:\/\/image-bible.ch\/wp-content\/uploads\/10.2-Resurrection-femmes-atelier-St-Luc-1-792x1024.jpg 792w, http:\/\/image-bible.ch\/wp-content\/uploads\/10.2-Resurrection-femmes-atelier-St-Luc-1-768x993.jpg 768w, http:\/\/image-bible.ch\/wp-content\/uploads\/10.2-Resurrection-femmes-atelier-St-Luc-1-1188x1536.jpg 1188w, http:\/\/image-bible.ch\/wp-content\/uploads\/10.2-Resurrection-femmes-atelier-St-Luc-1-1584x2048.jpg 1584w, http:\/\/image-bible.ch\/wp-content\/uploads\/10.2-Resurrection-femmes-atelier-St-Luc-1-scaled.jpg 1979w\" sizes=\"(max-width: 232px) 100vw, 232px\" \/><\/a>\n\t\t\t<\/div><\/figure><figure class='gallery-item'>\n\t\t\t<div class='gallery-icon portrait'>\n\t\t\t\t<a href='http:\/\/image-bible.ch\/?attachment_id=8628'><img loading=\"lazy\" decoding=\"async\" width=\"211\" height=\"300\" src=\"http:\/\/image-bible.ch\/wp-content\/uploads\/10.3-Resurrection-St-Thomas-Bihin-1-1-211x300.jpg\" class=\"attachment-medium size-medium\" alt=\"\" srcset=\"http:\/\/image-bible.ch\/wp-content\/uploads\/10.3-Resurrection-St-Thomas-Bihin-1-1-211x300.jpg 211w, http:\/\/image-bible.ch\/wp-content\/uploads\/10.3-Resurrection-St-Thomas-Bihin-1-1-719x1024.jpg 719w, http:\/\/image-bible.ch\/wp-content\/uploads\/10.3-Resurrection-St-Thomas-Bihin-1-1-768x1094.jpg 768w, http:\/\/image-bible.ch\/wp-content\/uploads\/10.3-Resurrection-St-Thomas-Bihin-1-1-1079x1536.jpg 1079w, http:\/\/image-bible.ch\/wp-content\/uploads\/10.3-Resurrection-St-Thomas-Bihin-1-1.jpg 1274w\" sizes=\"(max-width: 211px) 100vw, 211px\" \/><\/a>\n\t\t\t<\/div><\/figure><figure class='gallery-item'>\n\t\t\t<div class='gallery-icon portrait'>\n\t\t\t\t<a href='http:\/\/image-bible.ch\/?attachment_id=8629'><img loading=\"lazy\" decoding=\"async\" width=\"228\" height=\"300\" src=\"http:\/\/image-bible.ch\/wp-content\/uploads\/11-Ascension-Bihin-1.-Ascension-Bihin-corr-1-228x300.jpg\" class=\"attachment-medium size-medium\" alt=\"\" srcset=\"http:\/\/image-bible.ch\/wp-content\/uploads\/11-Ascension-Bihin-1.-Ascension-Bihin-corr-1-228x300.jpg 228w, http:\/\/image-bible.ch\/wp-content\/uploads\/11-Ascension-Bihin-1.-Ascension-Bihin-corr-1-777x1024.jpg 777w, http:\/\/image-bible.ch\/wp-content\/uploads\/11-Ascension-Bihin-1.-Ascension-Bihin-corr-1-768x1012.jpg 768w, http:\/\/image-bible.ch\/wp-content\/uploads\/11-Ascension-Bihin-1.-Ascension-Bihin-corr-1-1166x1536.jpg 1166w, http:\/\/image-bible.ch\/wp-content\/uploads\/11-Ascension-Bihin-1.-Ascension-Bihin-corr-1.jpg 1321w\" sizes=\"(max-width: 228px) 100vw, 228px\" \/><\/a>\n\t\t\t<\/div><\/figure><figure class='gallery-item'>\n\t\t\t<div class='gallery-icon portrait'>\n\t\t\t\t<a href='http:\/\/image-bible.ch\/?attachment_id=8630'><img loading=\"lazy\" decoding=\"async\" width=\"206\" height=\"300\" src=\"http:\/\/image-bible.ch\/wp-content\/uploads\/12.-Exaltation-de-la-croix-206x300.jpg\" class=\"attachment-medium size-medium\" alt=\"\" srcset=\"http:\/\/image-bible.ch\/wp-content\/uploads\/12.-Exaltation-de-la-croix-206x300.jpg 206w, http:\/\/image-bible.ch\/wp-content\/uploads\/12.-Exaltation-de-la-croix-705x1024.jpg 705w, http:\/\/image-bible.ch\/wp-content\/uploads\/12.-Exaltation-de-la-croix-768x1116.jpg 768w, http:\/\/image-bible.ch\/wp-content\/uploads\/12.-Exaltation-de-la-croix-1057x1536.jpg 1057w, http:\/\/image-bible.ch\/wp-content\/uploads\/12.-Exaltation-de-la-croix.jpg 1167w\" sizes=\"(max-width: 206px) 100vw, 206px\" \/><\/a>\n\t\t\t<\/div><\/figure><figure class='gallery-item'>\n\t\t\t<div class='gallery-icon portrait'>\n\t\t\t\t<a href='http:\/\/image-bible.ch\/?attachment_id=8631'><img loading=\"lazy\" decoding=\"async\" width=\"238\" height=\"300\" src=\"http:\/\/image-bible.ch\/wp-content\/uploads\/12.-Pentecote-Bihin-2-cprr-1-238x300.jpg\" class=\"attachment-medium size-medium\" alt=\"\" srcset=\"http:\/\/image-bible.ch\/wp-content\/uploads\/12.-Pentecote-Bihin-2-cprr-1-238x300.jpg 238w, http:\/\/image-bible.ch\/wp-content\/uploads\/12.-Pentecote-Bihin-2-cprr-1-813x1024.jpg 813w, http:\/\/image-bible.ch\/wp-content\/uploads\/12.-Pentecote-Bihin-2-cprr-1-768x967.jpg 768w, http:\/\/image-bible.ch\/wp-content\/uploads\/12.-Pentecote-Bihin-2-cprr-1-1220x1536.jpg 1220w, http:\/\/image-bible.ch\/wp-content\/uploads\/12.-Pentecote-Bihin-2-cprr-1.jpg 1340w\" sizes=\"(max-width: 238px) 100vw, 238px\" \/><\/a>\n\t\t\t<\/div><\/figure><figure class='gallery-item'>\n\t\t\t<div class='gallery-icon portrait'>\n\t\t\t\t<a href='http:\/\/image-bible.ch\/?attachment_id=8632'><img loading=\"lazy\" decoding=\"async\" width=\"207\" height=\"300\" src=\"http:\/\/image-bible.ch\/wp-content\/uploads\/12.-Pentecote-207x300.jpg\" class=\"attachment-medium size-medium\" alt=\"\" srcset=\"http:\/\/image-bible.ch\/wp-content\/uploads\/12.-Pentecote-207x300.jpg 207w, http:\/\/image-bible.ch\/wp-content\/uploads\/12.-Pentecote-705x1024.jpg 705w, http:\/\/image-bible.ch\/wp-content\/uploads\/12.-Pentecote-768x1115.jpg 768w, http:\/\/image-bible.ch\/wp-content\/uploads\/12.-Pentecote-1058x1536.jpg 1058w, http:\/\/image-bible.ch\/wp-content\/uploads\/12.-Pentecote-1411x2048.jpg 1411w, http:\/\/image-bible.ch\/wp-content\/uploads\/12.-Pentecote.jpg 1722w\" sizes=\"(max-width: 207px) 100vw, 207px\" \/><\/a>\n\t\t\t<\/div><\/figure><figure class='gallery-item'>\n\t\t\t<div class='gallery-icon portrait'>\n\t\t\t\t<a href='http:\/\/image-bible.ch\/?attachment_id=8633'><img loading=\"lazy\" decoding=\"async\" width=\"222\" height=\"300\" src=\"http:\/\/image-bible.ch\/wp-content\/uploads\/14.-Dormition-Bihin-1-222x300.jpg\" class=\"attachment-medium size-medium\" alt=\"\" srcset=\"http:\/\/image-bible.ch\/wp-content\/uploads\/14.-Dormition-Bihin-1-222x300.jpg 222w, http:\/\/image-bible.ch\/wp-content\/uploads\/14.-Dormition-Bihin-1-759x1024.jpg 759w, http:\/\/image-bible.ch\/wp-content\/uploads\/14.-Dormition-Bihin-1-768x1036.jpg 768w, http:\/\/image-bible.ch\/wp-content\/uploads\/14.-Dormition-Bihin-1-1139x1536.jpg 1139w, http:\/\/image-bible.ch\/wp-content\/uploads\/14.-Dormition-Bihin-1.jpg 1289w\" sizes=\"(max-width: 222px) 100vw, 222px\" \/><\/a>\n\t\t\t<\/div><\/figure><figure class='gallery-item'>\n\t\t\t<div class='gallery-icon portrait'>\n\t\t\t\t<a href='http:\/\/image-bible.ch\/?attachment_id=8634'><img loading=\"lazy\" decoding=\"async\" width=\"227\" height=\"300\" src=\"http:\/\/image-bible.ch\/wp-content\/uploads\/14.-Dormition-227x300.jpg\" class=\"attachment-medium size-medium\" alt=\"\" srcset=\"http:\/\/image-bible.ch\/wp-content\/uploads\/14.-Dormition-227x300.jpg 227w, http:\/\/image-bible.ch\/wp-content\/uploads\/14.-Dormition-774x1024.jpg 774w, http:\/\/image-bible.ch\/wp-content\/uploads\/14.-Dormition-768x1017.jpg 768w, http:\/\/image-bible.ch\/wp-content\/uploads\/14.-Dormition-1160x1536.jpg 1160w, http:\/\/image-bible.ch\/wp-content\/uploads\/14.-Dormition.jpg 1547w\" sizes=\"(max-width: 227px) 100vw, 227px\" \/><\/a>\n\t\t\t<\/div><\/figure><figure class='gallery-item'>\n\t\t\t<div class='gallery-icon portrait'>\n\t\t\t\t<a href='http:\/\/image-bible.ch\/?attachment_id=8635'><img loading=\"lazy\" decoding=\"async\" width=\"166\" height=\"300\" src=\"http:\/\/image-bible.ch\/wp-content\/uploads\/Assomption-de-la-Vierge-Eglise-de-Montagny-les-Monts-31-166x300.jpg\" class=\"attachment-medium size-medium\" alt=\"\" srcset=\"http:\/\/image-bible.ch\/wp-content\/uploads\/Assomption-de-la-Vierge-Eglise-de-Montagny-les-Monts-31-166x300.jpg 166w, http:\/\/image-bible.ch\/wp-content\/uploads\/Assomption-de-la-Vierge-Eglise-de-Montagny-les-Monts-31-567x1024.jpg 567w, http:\/\/image-bible.ch\/wp-content\/uploads\/Assomption-de-la-Vierge-Eglise-de-Montagny-les-Monts-31-768x1388.jpg 768w, http:\/\/image-bible.ch\/wp-content\/uploads\/Assomption-de-la-Vierge-Eglise-de-Montagny-les-Monts-31-850x1536.jpg 850w, http:\/\/image-bible.ch\/wp-content\/uploads\/Assomption-de-la-Vierge-Eglise-de-Montagny-les-Monts-31-1133x2048.jpg 1133w, http:\/\/image-bible.ch\/wp-content\/uploads\/Assomption-de-la-Vierge-Eglise-de-Montagny-les-Monts-31-scaled.jpg 1417w\" sizes=\"(max-width: 166px) 100vw, 166px\" \/><\/a>\n\t\t\t<\/div><\/figure><figure class='gallery-item'>\n\t\t\t<div class='gallery-icon portrait'>\n\t\t\t\t<a href='http:\/\/image-bible.ch\/?attachment_id=8636'><img loading=\"lazy\" decoding=\"async\" width=\"245\" height=\"300\" src=\"http:\/\/image-bible.ch\/wp-content\/uploads\/Bapteme-245x300.jpg\" class=\"attachment-medium size-medium\" alt=\"\" srcset=\"http:\/\/image-bible.ch\/wp-content\/uploads\/Bapteme-245x300.jpg 245w, http:\/\/image-bible.ch\/wp-content\/uploads\/Bapteme.jpg 407w\" sizes=\"(max-width: 245px) 100vw, 245px\" \/><\/a>\n\t\t\t<\/div><\/figure><figure class='gallery-item'>\n\t\t\t<div class='gallery-icon portrait'>\n\t\t\t\t<a href='http:\/\/image-bible.ch\/?attachment_id=8637'><img loading=\"lazy\" decoding=\"async\" width=\"225\" height=\"300\" src=\"http:\/\/image-bible.ch\/wp-content\/uploads\/Icone-de-la-Resurrection-1-225x300.jpg\" class=\"attachment-medium size-medium\" alt=\"\" srcset=\"http:\/\/image-bible.ch\/wp-content\/uploads\/Icone-de-la-Resurrection-1-225x300.jpg 225w, http:\/\/image-bible.ch\/wp-content\/uploads\/Icone-de-la-Resurrection-1-768x1024.jpg 768w, http:\/\/image-bible.ch\/wp-content\/uploads\/Icone-de-la-Resurrection-1-1152x1536.jpg 1152w, http:\/\/image-bible.ch\/wp-content\/uploads\/Icone-de-la-Resurrection-1-1536x2048.jpg 1536w, http:\/\/image-bible.ch\/wp-content\/uploads\/Icone-de-la-Resurrection-1-scaled.jpg 1920w\" sizes=\"(max-width: 225px) 100vw, 225px\" \/><\/a>\n\t\t\t<\/div><\/figure><figure class='gallery-item'>\n\t\t\t<div class='gallery-icon portrait'>\n\t\t\t\t<a href='http:\/\/image-bible.ch\/?attachment_id=8638'><img loading=\"lazy\" decoding=\"async\" width=\"225\" height=\"300\" src=\"http:\/\/image-bible.ch\/wp-content\/uploads\/Icone-de-la-Resurrection-2-225x300.jpg\" class=\"attachment-medium size-medium\" alt=\"\" srcset=\"http:\/\/image-bible.ch\/wp-content\/uploads\/Icone-de-la-Resurrection-2-225x300.jpg 225w, http:\/\/image-bible.ch\/wp-content\/uploads\/Icone-de-la-Resurrection-2-768x1024.jpg 768w, http:\/\/image-bible.ch\/wp-content\/uploads\/Icone-de-la-Resurrection-2-1152x1536.jpg 1152w, http:\/\/image-bible.ch\/wp-content\/uploads\/Icone-de-la-Resurrection-2-1536x2048.jpg 1536w, http:\/\/image-bible.ch\/wp-content\/uploads\/Icone-de-la-Resurrection-2-scaled.jpg 1920w\" sizes=\"(max-width: 225px) 100vw, 225px\" \/><\/a>\n\t\t\t<\/div><\/figure><figure class='gallery-item'>\n\t\t\t<div class='gallery-icon portrait'>\n\t\t\t\t<a href='http:\/\/image-bible.ch\/?attachment_id=8639'><img loading=\"lazy\" decoding=\"async\" width=\"223\" height=\"300\" src=\"http:\/\/image-bible.ch\/wp-content\/uploads\/Icone-de-la-Resurrection-3-223x300.jpg\" class=\"attachment-medium size-medium\" alt=\"\" srcset=\"http:\/\/image-bible.ch\/wp-content\/uploads\/Icone-de-la-Resurrection-3-223x300.jpg 223w, http:\/\/image-bible.ch\/wp-content\/uploads\/Icone-de-la-Resurrection-3-760x1024.jpg 760w, http:\/\/image-bible.ch\/wp-content\/uploads\/Icone-de-la-Resurrection-3-768x1034.jpg 768w, http:\/\/image-bible.ch\/wp-content\/uploads\/Icone-de-la-Resurrection-3-1140x1536.jpg 1140w, http:\/\/image-bible.ch\/wp-content\/uploads\/Icone-de-la-Resurrection-3-1520x2048.jpg 1520w, http:\/\/image-bible.ch\/wp-content\/uploads\/Icone-de-la-Resurrection-3-scaled.jpg 1901w\" sizes=\"(max-width: 223px) 100vw, 223px\" \/><\/a>\n\t\t\t<\/div><\/figure><figure class='gallery-item'>\n\t\t\t<div class='gallery-icon landscape'>\n\t\t\t\t<a href='http:\/\/image-bible.ch\/?attachment_id=8640'><img loading=\"lazy\" decoding=\"async\" width=\"300\" height=\"268\" src=\"http:\/\/image-bible.ch\/wp-content\/uploads\/Icone-de-la-Resurrection-4-300x268.jpg\" class=\"attachment-medium size-medium\" alt=\"\" srcset=\"http:\/\/image-bible.ch\/wp-content\/uploads\/Icone-de-la-Resurrection-4-300x268.jpg 300w, http:\/\/image-bible.ch\/wp-content\/uploads\/Icone-de-la-Resurrection-4-1024x914.jpg 1024w, http:\/\/image-bible.ch\/wp-content\/uploads\/Icone-de-la-Resurrection-4-768x686.jpg 768w, http:\/\/image-bible.ch\/wp-content\/uploads\/Icone-de-la-Resurrection-4-1536x1371.jpg 1536w, http:\/\/image-bible.ch\/wp-content\/uploads\/Icone-de-la-Resurrection-4-2048x1828.jpg 2048w\" sizes=\"(max-width: 300px) 100vw, 300px\" \/><\/a>\n\t\t\t<\/div><\/figure><figure class='gallery-item'>\n\t\t\t<div class='gallery-icon landscape'>\n\t\t\t\t<a href='http:\/\/image-bible.ch\/?attachment_id=8641'><img loading=\"lazy\" decoding=\"async\" width=\"300\" height=\"142\" src=\"http:\/\/image-bible.ch\/wp-content\/uploads\/Icone-de-la-Resurrection-5-300x142.jpg\" class=\"attachment-medium size-medium\" alt=\"\" srcset=\"http:\/\/image-bible.ch\/wp-content\/uploads\/Icone-de-la-Resurrection-5-300x142.jpg 300w, http:\/\/image-bible.ch\/wp-content\/uploads\/Icone-de-la-Resurrection-5-1024x486.jpg 1024w, http:\/\/image-bible.ch\/wp-content\/uploads\/Icone-de-la-Resurrection-5-768x364.jpg 768w, http:\/\/image-bible.ch\/wp-content\/uploads\/Icone-de-la-Resurrection-5-1536x729.jpg 1536w, http:\/\/image-bible.ch\/wp-content\/uploads\/Icone-de-la-Resurrection-5-2048x972.jpg 2048w\" sizes=\"(max-width: 300px) 100vw, 300px\" \/><\/a>\n\t\t\t<\/div><\/figure><figure class='gallery-item'>\n\t\t\t<div class='gallery-icon landscape'>\n\t\t\t\t<a href='http:\/\/image-bible.ch\/?attachment_id=8642'><img loading=\"lazy\" decoding=\"async\" width=\"300\" height=\"214\" src=\"http:\/\/image-bible.ch\/wp-content\/uploads\/Icone-de-la-Resurrection-6-300x214.jpg\" class=\"attachment-medium size-medium\" alt=\"\" srcset=\"http:\/\/image-bible.ch\/wp-content\/uploads\/Icone-de-la-Resurrection-6-300x214.jpg 300w, http:\/\/image-bible.ch\/wp-content\/uploads\/Icone-de-la-Resurrection-6-1024x729.jpg 1024w, http:\/\/image-bible.ch\/wp-content\/uploads\/Icone-de-la-Resurrection-6-768x547.jpg 768w, http:\/\/image-bible.ch\/wp-content\/uploads\/Icone-de-la-Resurrection-6-1536x1093.jpg 1536w, http:\/\/image-bible.ch\/wp-content\/uploads\/Icone-de-la-Resurrection-6-2048x1458.jpg 2048w\" sizes=\"(max-width: 300px) 100vw, 300px\" \/><\/a>\n\t\t\t<\/div><\/figure><figure class='gallery-item'>\n\t\t\t<div class='gallery-icon landscape'>\n\t\t\t\t<a href='http:\/\/image-bible.ch\/?attachment_id=8643'><img loading=\"lazy\" decoding=\"async\" width=\"300\" height=\"191\" src=\"http:\/\/image-bible.ch\/wp-content\/uploads\/Icone-de-la-Resurrection-7-300x191.jpg\" class=\"attachment-medium size-medium\" alt=\"\" srcset=\"http:\/\/image-bible.ch\/wp-content\/uploads\/Icone-de-la-Resurrection-7-300x191.jpg 300w, http:\/\/image-bible.ch\/wp-content\/uploads\/Icone-de-la-Resurrection-7-1024x651.jpg 1024w, http:\/\/image-bible.ch\/wp-content\/uploads\/Icone-de-la-Resurrection-7-768x488.jpg 768w, http:\/\/image-bible.ch\/wp-content\/uploads\/Icone-de-la-Resurrection-7-1536x976.jpg 1536w, http:\/\/image-bible.ch\/wp-content\/uploads\/Icone-de-la-Resurrection-7-2048x1302.jpg 2048w\" sizes=\"(max-width: 300px) 100vw, 300px\" \/><\/a>\n\t\t\t<\/div><\/figure><figure class='gallery-item'>\n\t\t\t<div class='gallery-icon portrait'>\n\t\t\t\t<a href='http:\/\/image-bible.ch\/?attachment_id=8644'><img loading=\"lazy\" decoding=\"async\" width=\"222\" height=\"300\" src=\"http:\/\/image-bible.ch\/wp-content\/uploads\/Icone-de-la-Resurrection-8-222x300.jpg\" class=\"attachment-medium size-medium\" alt=\"\" srcset=\"http:\/\/image-bible.ch\/wp-content\/uploads\/Icone-de-la-Resurrection-8-222x300.jpg 222w, http:\/\/image-bible.ch\/wp-content\/uploads\/Icone-de-la-Resurrection-8-758x1024.jpg 758w, http:\/\/image-bible.ch\/wp-content\/uploads\/Icone-de-la-Resurrection-8-768x1037.jpg 768w, http:\/\/image-bible.ch\/wp-content\/uploads\/Icone-de-la-Resurrection-8-1137x1536.jpg 1137w, http:\/\/image-bible.ch\/wp-content\/uploads\/Icone-de-la-Resurrection-8-1516x2048.jpg 1516w, http:\/\/image-bible.ch\/wp-content\/uploads\/Icone-de-la-Resurrection-8-scaled.jpg 1896w\" sizes=\"(max-width: 222px) 100vw, 222px\" \/><\/a>\n\t\t\t<\/div><\/figure><figure class='gallery-item'>\n\t\t\t<div class='gallery-icon portrait'>\n\t\t\t\t<a href='http:\/\/image-bible.ch\/?attachment_id=8645'><img loading=\"lazy\" decoding=\"async\" width=\"166\" height=\"300\" src=\"http:\/\/image-bible.ch\/wp-content\/uploads\/Icone-de-la-Resurrection-9-166x300.jpg\" class=\"attachment-medium size-medium\" alt=\"\" srcset=\"http:\/\/image-bible.ch\/wp-content\/uploads\/Icone-de-la-Resurrection-9-166x300.jpg 166w, http:\/\/image-bible.ch\/wp-content\/uploads\/Icone-de-la-Resurrection-9-565x1024.jpg 565w, http:\/\/image-bible.ch\/wp-content\/uploads\/Icone-de-la-Resurrection-9-768x1392.jpg 768w, http:\/\/image-bible.ch\/wp-content\/uploads\/Icone-de-la-Resurrection-9-848x1536.jpg 848w, http:\/\/image-bible.ch\/wp-content\/uploads\/Icone-de-la-Resurrection-9-1130x2048.jpg 1130w, http:\/\/image-bible.ch\/wp-content\/uploads\/Icone-de-la-Resurrection-9-scaled.jpg 1413w\" sizes=\"(max-width: 166px) 100vw, 166px\" \/><\/a>\n\t\t\t<\/div><\/figure><figure class='gallery-item'>\n\t\t\t<div class='gallery-icon portrait'>\n\t\t\t\t<a href='http:\/\/image-bible.ch\/?attachment_id=8646'><img loading=\"lazy\" decoding=\"async\" width=\"243\" height=\"300\" src=\"http:\/\/image-bible.ch\/wp-content\/uploads\/Icone-de-la-resurrection-coreennne-eglise-de-Payerne-5-243x300.jpg\" class=\"attachment-medium size-medium\" alt=\"\" srcset=\"http:\/\/image-bible.ch\/wp-content\/uploads\/Icone-de-la-resurrection-coreennne-eglise-de-Payerne-5-243x300.jpg 243w, http:\/\/image-bible.ch\/wp-content\/uploads\/Icone-de-la-resurrection-coreennne-eglise-de-Payerne-5-828x1024.jpg 828w, http:\/\/image-bible.ch\/wp-content\/uploads\/Icone-de-la-resurrection-coreennne-eglise-de-Payerne-5-768x950.jpg 768w, http:\/\/image-bible.ch\/wp-content\/uploads\/Icone-de-la-resurrection-coreennne-eglise-de-Payerne-5-1242x1536.jpg 1242w, http:\/\/image-bible.ch\/wp-content\/uploads\/Icone-de-la-resurrection-coreennne-eglise-de-Payerne-5-1656x2048.jpg 1656w\" sizes=\"(max-width: 243px) 100vw, 243px\" \/><\/a>\n\t\t\t<\/div><\/figure><figure class='gallery-item'>\n\t\t\t<div class='gallery-icon portrait'>\n\t\t\t\t<a href='http:\/\/image-bible.ch\/?attachment_id=8647'><img loading=\"lazy\" decoding=\"async\" width=\"225\" height=\"300\" src=\"http:\/\/image-bible.ch\/wp-content\/uploads\/Icone-de-la-sainte-Trinite-225x300.jpg\" class=\"attachment-medium size-medium\" alt=\"\" srcset=\"http:\/\/image-bible.ch\/wp-content\/uploads\/Icone-de-la-sainte-Trinite-225x300.jpg 225w, http:\/\/image-bible.ch\/wp-content\/uploads\/Icone-de-la-sainte-Trinite-768x1024.jpg 768w, http:\/\/image-bible.ch\/wp-content\/uploads\/Icone-de-la-sainte-Trinite-1152x1536.jpg 1152w, http:\/\/image-bible.ch\/wp-content\/uploads\/Icone-de-la-sainte-Trinite-1536x2048.jpg 1536w, http:\/\/image-bible.ch\/wp-content\/uploads\/Icone-de-la-sainte-Trinite-scaled.jpg 1920w\" sizes=\"(max-width: 225px) 100vw, 225px\" \/><\/a>\n\t\t\t<\/div><\/figure><figure class='gallery-item'>\n\t\t\t<div class='gallery-icon portrait'>\n\t\t\t\t<a href='http:\/\/image-bible.ch\/?attachment_id=8648'><img loading=\"lazy\" decoding=\"async\" width=\"223\" height=\"300\" src=\"http:\/\/image-bible.ch\/wp-content\/uploads\/Presentation-au-Temple-223x300.jpg\" class=\"attachment-medium size-medium\" alt=\"\" srcset=\"http:\/\/image-bible.ch\/wp-content\/uploads\/Presentation-au-Temple-223x300.jpg 223w, http:\/\/image-bible.ch\/wp-content\/uploads\/Presentation-au-Temple.jpg 356w\" sizes=\"(max-width: 223px) 100vw, 223px\" \/><\/a>\n\t\t\t<\/div><\/figure><figure class='gallery-item'>\n\t\t\t<div class='gallery-icon portrait'>\n\t\t\t\t<a href='http:\/\/image-bible.ch\/?attachment_id=8649'><img loading=\"lazy\" decoding=\"async\" width=\"200\" height=\"300\" src=\"http:\/\/image-bible.ch\/wp-content\/uploads\/Presentation-de-Jesus-au-Templs-Tatiana-Choricheva-200x300.jpg\" class=\"attachment-medium size-medium\" alt=\"\" srcset=\"http:\/\/image-bible.ch\/wp-content\/uploads\/Presentation-de-Jesus-au-Templs-Tatiana-Choricheva-200x300.jpg 200w, http:\/\/image-bible.ch\/wp-content\/uploads\/Presentation-de-Jesus-au-Templs-Tatiana-Choricheva-682x1024.jpg 682w, http:\/\/image-bible.ch\/wp-content\/uploads\/Presentation-de-Jesus-au-Templs-Tatiana-Choricheva-768x1153.jpg 768w, http:\/\/image-bible.ch\/wp-content\/uploads\/Presentation-de-Jesus-au-Templs-Tatiana-Choricheva-1023x1536.jpg 1023w, http:\/\/image-bible.ch\/wp-content\/uploads\/Presentation-de-Jesus-au-Templs-Tatiana-Choricheva.jpg 1049w\" sizes=\"(max-width: 200px) 100vw, 200px\" \/><\/a>\n\t\t\t<\/div><\/figure><figure class='gallery-item'>\n\t\t\t<div class='gallery-icon portrait'>\n\t\t\t\t<a href='http:\/\/image-bible.ch\/?attachment_id=8650'><img loading=\"lazy\" decoding=\"async\" width=\"217\" height=\"300\" src=\"http:\/\/image-bible.ch\/wp-content\/uploads\/Sainte-famille-217x300.jpg\" class=\"attachment-medium size-medium\" alt=\"\" srcset=\"http:\/\/image-bible.ch\/wp-content\/uploads\/Sainte-famille-217x300.jpg 217w, http:\/\/image-bible.ch\/wp-content\/uploads\/Sainte-famille-739x1024.jpg 739w, http:\/\/image-bible.ch\/wp-content\/uploads\/Sainte-famille-768x1064.jpg 768w, http:\/\/image-bible.ch\/wp-content\/uploads\/Sainte-famille-1109x1536.jpg 1109w, http:\/\/image-bible.ch\/wp-content\/uploads\/Sainte-famille.jpg 1227w\" sizes=\"(max-width: 217px) 100vw, 217px\" \/><\/a>\n\t\t\t<\/div><\/figure><figure class='gallery-item'>\n\t\t\t<div class='gallery-icon portrait'>\n\t\t\t\t<a href='http:\/\/image-bible.ch\/?attachment_id=8652'><img loading=\"lazy\" decoding=\"async\" width=\"230\" height=\"300\" src=\"http:\/\/image-bible.ch\/wp-content\/uploads\/Transfiguration-et-scenes-230x300.jpg\" class=\"attachment-medium size-medium\" alt=\"\" srcset=\"http:\/\/image-bible.ch\/wp-content\/uploads\/Transfiguration-et-scenes-230x300.jpg 230w, http:\/\/image-bible.ch\/wp-content\/uploads\/Transfiguration-et-scenes-785x1024.jpg 785w, http:\/\/image-bible.ch\/wp-content\/uploads\/Transfiguration-et-scenes-768x1002.jpg 768w, http:\/\/image-bible.ch\/wp-content\/uploads\/Transfiguration-et-scenes-1177x1536.jpg 1177w, http:\/\/image-bible.ch\/wp-content\/uploads\/Transfiguration-et-scenes-1570x2048.jpg 1570w, http:\/\/image-bible.ch\/wp-content\/uploads\/Transfiguration-et-scenes.jpg 1916w\" sizes=\"(max-width: 230px) 100vw, 230px\" \/><\/a>\n\t\t\t<\/div><\/figure><figure class='gallery-item'>\n\t\t\t<div class='gallery-icon portrait'>\n\t\t\t\t<a href='http:\/\/image-bible.ch\/?attachment_id=8653'><img loading=\"lazy\" decoding=\"async\" width=\"217\" height=\"300\" src=\"http:\/\/image-bible.ch\/wp-content\/uploads\/Transfiguration-Rublev.-desinjpg-217x300.jpg\" class=\"attachment-medium size-medium\" alt=\"\" srcset=\"http:\/\/image-bible.ch\/wp-content\/uploads\/Transfiguration-Rublev.-desinjpg-217x300.jpg 217w, http:\/\/image-bible.ch\/wp-content\/uploads\/Transfiguration-Rublev.-desinjpg-740x1024.jpg 740w, http:\/\/image-bible.ch\/wp-content\/uploads\/Transfiguration-Rublev.-desinjpg-768x1062.jpg 768w, http:\/\/image-bible.ch\/wp-content\/uploads\/Transfiguration-Rublev.-desinjpg-1111x1536.jpg 1111w, http:\/\/image-bible.ch\/wp-content\/uploads\/Transfiguration-Rublev.-desinjpg.jpg 1256w\" sizes=\"(max-width: 217px) 100vw, 217px\" \/><\/a>\n\t\t\t<\/div><\/figure><figure class='gallery-item'>\n\t\t\t<div class='gallery-icon portrait'>\n\t\t\t\t<a href='http:\/\/image-bible.ch\/?attachment_id=8654'><img loading=\"lazy\" decoding=\"async\" width=\"229\" height=\"300\" src=\"http:\/\/image-bible.ch\/wp-content\/uploads\/Transfiguration-Rublev-229x300.jpg\" class=\"attachment-medium size-medium\" alt=\"\" srcset=\"http:\/\/image-bible.ch\/wp-content\/uploads\/Transfiguration-Rublev-229x300.jpg 229w, http:\/\/image-bible.ch\/wp-content\/uploads\/Transfiguration-Rublev-782x1024.jpg 782w, http:\/\/image-bible.ch\/wp-content\/uploads\/Transfiguration-Rublev-768x1005.jpg 768w, http:\/\/image-bible.ch\/wp-content\/uploads\/Transfiguration-Rublev.jpg 1130w\" sizes=\"(max-width: 229px) 100vw, 229px\" \/><\/a>\n\t\t\t<\/div><\/figure>\n\t\t<\/div>\n\r\n<p>Marie<\/p>\r\n<div id='gallery-4' class='gallery galleryid-5275 gallery-columns-3 gallery-size-medium'><figure class='gallery-item'>\n\t\t\t<div class='gallery-icon portrait'>\n\t\t\t\t<a href='http:\/\/image-bible.ch\/?attachment_id=8655'><img loading=\"lazy\" decoding=\"async\" width=\"213\" height=\"300\" src=\"http:\/\/image-bible.ch\/wp-content\/uploads\/Annonciation-Rublev-213x300.jpg\" class=\"attachment-medium size-medium\" alt=\"\" srcset=\"http:\/\/image-bible.ch\/wp-content\/uploads\/Annonciation-Rublev-213x300.jpg 213w, http:\/\/image-bible.ch\/wp-content\/uploads\/Annonciation-Rublev-727x1024.jpg 727w, http:\/\/image-bible.ch\/wp-content\/uploads\/Annonciation-Rublev-768x1081.jpg 768w, http:\/\/image-bible.ch\/wp-content\/uploads\/Annonciation-Rublev-1091x1536.jpg 1091w, http:\/\/image-bible.ch\/wp-content\/uploads\/Annonciation-Rublev.jpg 1400w\" sizes=\"(max-width: 213px) 100vw, 213px\" \/><\/a>\n\t\t\t<\/div><\/figure><figure class='gallery-item'>\n\t\t\t<div class='gallery-icon portrait'>\n\t\t\t\t<a href='http:\/\/image-bible.ch\/?attachment_id=8656'><img loading=\"lazy\" decoding=\"async\" width=\"229\" height=\"300\" src=\"http:\/\/image-bible.ch\/wp-content\/uploads\/Assomption-Ivanka-Demchuk-229x300.jpeg\" class=\"attachment-medium size-medium\" alt=\"\" srcset=\"http:\/\/image-bible.ch\/wp-content\/uploads\/Assomption-Ivanka-Demchuk-229x300.jpeg 229w, http:\/\/image-bible.ch\/wp-content\/uploads\/Assomption-Ivanka-Demchuk.jpeg 640w\" sizes=\"(max-width: 229px) 100vw, 229px\" \/><\/a>\n\t\t\t<\/div><\/figure><figure class='gallery-item'>\n\t\t\t<div class='gallery-icon portrait'>\n\t\t\t\t<a href='http:\/\/image-bible.ch\/?attachment_id=8657'><img loading=\"lazy\" decoding=\"async\" width=\"243\" height=\"300\" src=\"http:\/\/image-bible.ch\/wp-content\/uploads\/Dormition-243x300.jpg\" class=\"attachment-medium size-medium\" alt=\"\" srcset=\"http:\/\/image-bible.ch\/wp-content\/uploads\/Dormition-243x300.jpg 243w, http:\/\/image-bible.ch\/wp-content\/uploads\/Dormition-831x1024.jpg 831w, http:\/\/image-bible.ch\/wp-content\/uploads\/Dormition-768x946.jpg 768w, http:\/\/image-bible.ch\/wp-content\/uploads\/Dormition.jpg 1080w\" sizes=\"(max-width: 243px) 100vw, 243px\" \/><\/a>\n\t\t\t<\/div><\/figure><figure class='gallery-item'>\n\t\t\t<div class='gallery-icon portrait'>\n\t\t\t\t<a href='http:\/\/image-bible.ch\/?attachment_id=8658'><img loading=\"lazy\" decoding=\"async\" width=\"243\" height=\"300\" src=\"http:\/\/image-bible.ch\/wp-content\/uploads\/Icone-avec-140-images-de-Marie-243x300.jpg\" class=\"attachment-medium size-medium\" alt=\"\" srcset=\"http:\/\/image-bible.ch\/wp-content\/uploads\/Icone-avec-140-images-de-Marie-243x300.jpg 243w, http:\/\/image-bible.ch\/wp-content\/uploads\/Icone-avec-140-images-de-Marie.jpg 680w\" sizes=\"(max-width: 243px) 100vw, 243px\" \/><\/a>\n\t\t\t<\/div><\/figure><figure class='gallery-item'>\n\t\t\t<div class='gallery-icon portrait'>\n\t\t\t\t<a href='http:\/\/image-bible.ch\/?attachment_id=8659'><img loading=\"lazy\" decoding=\"async\" width=\"222\" height=\"300\" src=\"http:\/\/image-bible.ch\/wp-content\/uploads\/Marie-apotres-atelier-S.-Luc-juin-2012-2-222x300.jpg\" class=\"attachment-medium size-medium\" alt=\"\" srcset=\"http:\/\/image-bible.ch\/wp-content\/uploads\/Marie-apotres-atelier-S.-Luc-juin-2012-2-222x300.jpg 222w, http:\/\/image-bible.ch\/wp-content\/uploads\/Marie-apotres-atelier-S.-Luc-juin-2012-2-758x1024.jpg 758w, http:\/\/image-bible.ch\/wp-content\/uploads\/Marie-apotres-atelier-S.-Luc-juin-2012-2-768x1038.jpg 768w, http:\/\/image-bible.ch\/wp-content\/uploads\/Marie-apotres-atelier-S.-Luc-juin-2012-2-1137x1536.jpg 1137w, http:\/\/image-bible.ch\/wp-content\/uploads\/Marie-apotres-atelier-S.-Luc-juin-2012-2-1516x2048.jpg 1516w, http:\/\/image-bible.ch\/wp-content\/uploads\/Marie-apotres-atelier-S.-Luc-juin-2012-2-scaled.jpg 1895w\" sizes=\"(max-width: 222px) 100vw, 222px\" \/><\/a>\n\t\t\t<\/div><\/figure><figure class='gallery-item'>\n\t\t\t<div class='gallery-icon portrait'>\n\t\t\t\t<a href='http:\/\/image-bible.ch\/?attachment_id=8660'><img loading=\"lazy\" decoding=\"async\" width=\"187\" height=\"300\" src=\"http:\/\/image-bible.ch\/wp-content\/uploads\/Marie-Bapteme-Jesus-atelier-S.-Luc-juin-2012-006-187x300.jpg\" class=\"attachment-medium size-medium\" alt=\"\" srcset=\"http:\/\/image-bible.ch\/wp-content\/uploads\/Marie-Bapteme-Jesus-atelier-S.-Luc-juin-2012-006-187x300.jpg 187w, http:\/\/image-bible.ch\/wp-content\/uploads\/Marie-Bapteme-Jesus-atelier-S.-Luc-juin-2012-006-639x1024.jpg 639w, http:\/\/image-bible.ch\/wp-content\/uploads\/Marie-Bapteme-Jesus-atelier-S.-Luc-juin-2012-006-768x1230.jpg 768w, http:\/\/image-bible.ch\/wp-content\/uploads\/Marie-Bapteme-Jesus-atelier-S.-Luc-juin-2012-006-959x1536.jpg 959w, http:\/\/image-bible.ch\/wp-content\/uploads\/Marie-Bapteme-Jesus-atelier-S.-Luc-juin-2012-006-1279x2048.jpg 1279w, http:\/\/image-bible.ch\/wp-content\/uploads\/Marie-Bapteme-Jesus-atelier-S.-Luc-juin-2012-006-scaled.jpg 1598w\" sizes=\"(max-width: 187px) 100vw, 187px\" \/><\/a>\n\t\t\t<\/div><\/figure><figure class='gallery-item'>\n\t\t\t<div class='gallery-icon portrait'>\n\t\t\t\t<a href='http:\/\/image-bible.ch\/?attachment_id=8661'><img loading=\"lazy\" decoding=\"async\" width=\"217\" height=\"300\" src=\"http:\/\/image-bible.ch\/wp-content\/uploads\/Marie-Esprit-Saint_1-217x300.jpg\" class=\"attachment-medium size-medium\" alt=\"\" srcset=\"http:\/\/image-bible.ch\/wp-content\/uploads\/Marie-Esprit-Saint_1-217x300.jpg 217w, http:\/\/image-bible.ch\/wp-content\/uploads\/Marie-Esprit-Saint_1-740x1024.jpg 740w, http:\/\/image-bible.ch\/wp-content\/uploads\/Marie-Esprit-Saint_1-768x1063.jpg 768w, http:\/\/image-bible.ch\/wp-content\/uploads\/Marie-Esprit-Saint_1-1110x1536.jpg 1110w, http:\/\/image-bible.ch\/wp-content\/uploads\/Marie-Esprit-Saint_1.jpg 1480w\" sizes=\"(max-width: 217px) 100vw, 217px\" \/><\/a>\n\t\t\t<\/div><\/figure><figure class='gallery-item'>\n\t\t\t<div class='gallery-icon portrait'>\n\t\t\t\t<a href='http:\/\/image-bible.ch\/?attachment_id=8662'><img loading=\"lazy\" decoding=\"async\" width=\"249\" height=\"300\" src=\"http:\/\/image-bible.ch\/wp-content\/uploads\/Marie-bleue-atelier-S.-Luc-juin-2012-001-249x300.jpg\" class=\"attachment-medium size-medium\" alt=\"\" srcset=\"http:\/\/image-bible.ch\/wp-content\/uploads\/Marie-bleue-atelier-S.-Luc-juin-2012-001-249x300.jpg 249w, http:\/\/image-bible.ch\/wp-content\/uploads\/Marie-bleue-atelier-S.-Luc-juin-2012-001-851x1024.jpg 851w, http:\/\/image-bible.ch\/wp-content\/uploads\/Marie-bleue-atelier-S.-Luc-juin-2012-001-768x925.jpg 768w, http:\/\/image-bible.ch\/wp-content\/uploads\/Marie-bleue-atelier-S.-Luc-juin-2012-001-1276x1536.jpg 1276w, http:\/\/image-bible.ch\/wp-content\/uploads\/Marie-bleue-atelier-S.-Luc-juin-2012-001-1701x2048.jpg 1701w\" sizes=\"(max-width: 249px) 100vw, 249px\" \/><\/a>\n\t\t\t<\/div><\/figure><figure class='gallery-item'>\n\t\t\t<div class='gallery-icon landscape'>\n\t\t\t\t<a href='http:\/\/image-bible.ch\/?attachment_id=8663'><img loading=\"lazy\" decoding=\"async\" width=\"300\" height=\"265\" src=\"http:\/\/image-bible.ch\/wp-content\/uploads\/Marie-du-Signe-300x265.jpg\" class=\"attachment-medium size-medium\" alt=\"\" srcset=\"http:\/\/image-bible.ch\/wp-content\/uploads\/Marie-du-Signe-300x265.jpg 300w, http:\/\/image-bible.ch\/wp-content\/uploads\/Marie-du-Signe-768x678.jpg 768w, http:\/\/image-bible.ch\/wp-content\/uploads\/Marie-du-Signe.jpg 1000w\" sizes=\"(max-width: 300px) 100vw, 300px\" \/><\/a>\n\t\t\t<\/div><\/figure><figure class='gallery-item'>\n\t\t\t<div class='gallery-icon portrait'>\n\t\t\t\t<a href='http:\/\/image-bible.ch\/?attachment_id=8664'><img loading=\"lazy\" decoding=\"async\" width=\"241\" height=\"300\" src=\"http:\/\/image-bible.ch\/wp-content\/uploads\/Marie-Icones-Anne-Marie-Maillard-23.11.04-012_modifie-241x300.jpg\" class=\"attachment-medium size-medium\" alt=\"\" srcset=\"http:\/\/image-bible.ch\/wp-content\/uploads\/Marie-Icones-Anne-Marie-Maillard-23.11.04-012_modifie-241x300.jpg 241w, http:\/\/image-bible.ch\/wp-content\/uploads\/Marie-Icones-Anne-Marie-Maillard-23.11.04-012_modifie-822x1024.jpg 822w, http:\/\/image-bible.ch\/wp-content\/uploads\/Marie-Icones-Anne-Marie-Maillard-23.11.04-012_modifie-768x957.jpg 768w, http:\/\/image-bible.ch\/wp-content\/uploads\/Marie-Icones-Anne-Marie-Maillard-23.11.04-012_modifie-1233x1536.jpg 1233w, http:\/\/image-bible.ch\/wp-content\/uploads\/Marie-Icones-Anne-Marie-Maillard-23.11.04-012_modifie-1644x2048.jpg 1644w, http:\/\/image-bible.ch\/wp-content\/uploads\/Marie-Icones-Anne-Marie-Maillard-23.11.04-012_modifie.jpg 1735w\" sizes=\"(max-width: 241px) 100vw, 241px\" \/><\/a>\n\t\t\t<\/div><\/figure><figure class='gallery-item'>\n\t\t\t<div class='gallery-icon portrait'>\n\t\t\t\t<a href='http:\/\/image-bible.ch\/?attachment_id=8665'><img loading=\"lazy\" decoding=\"async\" width=\"230\" height=\"300\" src=\"http:\/\/image-bible.ch\/wp-content\/uploads\/Marie-vierge-de-tendresse-TAK-2-230x300.jpg\" class=\"attachment-medium size-medium\" alt=\"\" srcset=\"http:\/\/image-bible.ch\/wp-content\/uploads\/Marie-vierge-de-tendresse-TAK-2-230x300.jpg 230w, http:\/\/image-bible.ch\/wp-content\/uploads\/Marie-vierge-de-tendresse-TAK-2-787x1024.jpg 787w, http:\/\/image-bible.ch\/wp-content\/uploads\/Marie-vierge-de-tendresse-TAK-2-768x1000.jpg 768w, http:\/\/image-bible.ch\/wp-content\/uploads\/Marie-vierge-de-tendresse-TAK-2-1180x1536.jpg 1180w, http:\/\/image-bible.ch\/wp-content\/uploads\/Marie-vierge-de-tendresse-TAK-2-1573x2048.jpg 1573w, http:\/\/image-bible.ch\/wp-content\/uploads\/Marie-vierge-de-tendresse-TAK-2-scaled.jpg 1967w\" sizes=\"(max-width: 230px) 100vw, 230px\" \/><\/a>\n\t\t\t<\/div><\/figure><figure class='gallery-item'>\n\t\t\t<div class='gallery-icon portrait'>\n\t\t\t\t<a href='http:\/\/image-bible.ch\/?attachment_id=8666'><img loading=\"lazy\" decoding=\"async\" width=\"247\" height=\"300\" src=\"http:\/\/image-bible.ch\/wp-content\/uploads\/Marie-Madeleine-11.9.04-001-1-247x300.jpg\" class=\"attachment-medium size-medium\" alt=\"\" srcset=\"http:\/\/image-bible.ch\/wp-content\/uploads\/Marie-Madeleine-11.9.04-001-1-247x300.jpg 247w, http:\/\/image-bible.ch\/wp-content\/uploads\/Marie-Madeleine-11.9.04-001-1-845x1024.jpg 845w, http:\/\/image-bible.ch\/wp-content\/uploads\/Marie-Madeleine-11.9.04-001-1-768x931.jpg 768w, http:\/\/image-bible.ch\/wp-content\/uploads\/Marie-Madeleine-11.9.04-001-1-1267x1536.jpg 1267w, http:\/\/image-bible.ch\/wp-content\/uploads\/Marie-Madeleine-11.9.04-001-1.jpg 1272w\" sizes=\"(max-width: 247px) 100vw, 247px\" \/><\/a>\n\t\t\t<\/div><\/figure><figure class='gallery-item'>\n\t\t\t<div class='gallery-icon portrait'>\n\t\t\t\t<a href='http:\/\/image-bible.ch\/?attachment_id=8667'><img loading=\"lazy\" decoding=\"async\" width=\"226\" height=\"300\" src=\"http:\/\/image-bible.ch\/wp-content\/uploads\/MeredeDieuduRosaire-226x300.jpg\" class=\"attachment-medium size-medium\" alt=\"\" srcset=\"http:\/\/image-bible.ch\/wp-content\/uploads\/MeredeDieuduRosaire-226x300.jpg 226w, http:\/\/image-bible.ch\/wp-content\/uploads\/MeredeDieuduRosaire-773x1024.jpg 773w, http:\/\/image-bible.ch\/wp-content\/uploads\/MeredeDieuduRosaire-768x1017.jpg 768w, http:\/\/image-bible.ch\/wp-content\/uploads\/MeredeDieuduRosaire-1159x1536.jpg 1159w, http:\/\/image-bible.ch\/wp-content\/uploads\/MeredeDieuduRosaire-1546x2048.jpg 1546w, http:\/\/image-bible.ch\/wp-content\/uploads\/MeredeDieuduRosaire.jpg 1887w\" sizes=\"(max-width: 226px) 100vw, 226px\" \/><\/a>\n\t\t\t<\/div><\/figure><figure class='gallery-item'>\n\t\t\t<div class='gallery-icon portrait'>\n\t\t\t\t<a href='http:\/\/image-bible.ch\/?attachment_id=8668'><img loading=\"lazy\" decoding=\"async\" width=\"229\" height=\"300\" src=\"http:\/\/image-bible.ch\/wp-content\/uploads\/Nativite-de-la-vierge-Marie-229x300.jpg\" class=\"attachment-medium size-medium\" alt=\"\" srcset=\"http:\/\/image-bible.ch\/wp-content\/uploads\/Nativite-de-la-vierge-Marie-229x300.jpg 229w, http:\/\/image-bible.ch\/wp-content\/uploads\/Nativite-de-la-vierge-Marie-783x1024.jpg 783w, http:\/\/image-bible.ch\/wp-content\/uploads\/Nativite-de-la-vierge-Marie-768x1005.jpg 768w, http:\/\/image-bible.ch\/wp-content\/uploads\/Nativite-de-la-vierge-Marie.jpg 1070w\" sizes=\"(max-width: 229px) 100vw, 229px\" \/><\/a>\n\t\t\t<\/div><\/figure><figure class='gallery-item'>\n\t\t\t<div class='gallery-icon portrait'>\n\t\t\t\t<a href='http:\/\/image-bible.ch\/?attachment_id=8669'><img loading=\"lazy\" decoding=\"async\" width=\"190\" height=\"300\" src=\"http:\/\/image-bible.ch\/wp-content\/uploads\/Pentecote-avec-Marie-190x300.jpg\" class=\"attachment-medium size-medium\" alt=\"\" srcset=\"http:\/\/image-bible.ch\/wp-content\/uploads\/Pentecote-avec-Marie-190x300.jpg 190w, http:\/\/image-bible.ch\/wp-content\/uploads\/Pentecote-avec-Marie-649x1024.jpg 649w, http:\/\/image-bible.ch\/wp-content\/uploads\/Pentecote-avec-Marie-768x1212.jpg 768w, http:\/\/image-bible.ch\/wp-content\/uploads\/Pentecote-avec-Marie-974x1536.jpg 974w, http:\/\/image-bible.ch\/wp-content\/uploads\/Pentecote-avec-Marie.jpg 1298w\" sizes=\"(max-width: 190px) 100vw, 190px\" \/><\/a>\n\t\t\t<\/div><\/figure><figure class='gallery-item'>\n\t\t\t<div class='gallery-icon portrait'>\n\t\t\t\t<a href='http:\/\/image-bible.ch\/?attachment_id=8670'><img loading=\"lazy\" decoding=\"async\" width=\"252\" height=\"300\" src=\"http:\/\/image-bible.ch\/wp-content\/uploads\/Sainte-Famille-B-252x300.jpg\" class=\"attachment-medium size-medium\" alt=\"\" srcset=\"http:\/\/image-bible.ch\/wp-content\/uploads\/Sainte-Famille-B-252x300.jpg 252w, http:\/\/image-bible.ch\/wp-content\/uploads\/Sainte-Famille-B.jpg 564w\" sizes=\"(max-width: 252px) 100vw, 252px\" \/><\/a>\n\t\t\t<\/div><\/figure><figure class='gallery-item'>\n\t\t\t<div class='gallery-icon portrait'>\n\t\t\t\t<a href='http:\/\/image-bible.ch\/?attachment_id=8671'><img loading=\"lazy\" decoding=\"async\" width=\"223\" height=\"300\" src=\"http:\/\/image-bible.ch\/wp-content\/uploads\/Sainte-Famille-1-223x300.jpg\" class=\"attachment-medium size-medium\" alt=\"\" srcset=\"http:\/\/image-bible.ch\/wp-content\/uploads\/Sainte-Famille-1-223x300.jpg 223w, http:\/\/image-bible.ch\/wp-content\/uploads\/Sainte-Famille-1.jpg 300w\" sizes=\"(max-width: 223px) 100vw, 223px\" \/><\/a>\n\t\t\t<\/div><\/figure><figure class='gallery-item'>\n\t\t\t<div class='gallery-icon portrait'>\n\t\t\t\t<a href='http:\/\/image-bible.ch\/?attachment_id=8672'><img loading=\"lazy\" decoding=\"async\" width=\"246\" height=\"300\" src=\"http:\/\/image-bible.ch\/wp-content\/uploads\/Vierge-de-tendresse-atelier-S.-Luc-juin-2012-001-246x300.jpg\" class=\"attachment-medium size-medium\" alt=\"\" srcset=\"http:\/\/image-bible.ch\/wp-content\/uploads\/Vierge-de-tendresse-atelier-S.-Luc-juin-2012-001-246x300.jpg 246w, http:\/\/image-bible.ch\/wp-content\/uploads\/Vierge-de-tendresse-atelier-S.-Luc-juin-2012-001-838x1024.jpg 838w, http:\/\/image-bible.ch\/wp-content\/uploads\/Vierge-de-tendresse-atelier-S.-Luc-juin-2012-001-768x938.jpg 768w, http:\/\/image-bible.ch\/wp-content\/uploads\/Vierge-de-tendresse-atelier-S.-Luc-juin-2012-001-1258x1536.jpg 1258w, http:\/\/image-bible.ch\/wp-content\/uploads\/Vierge-de-tendresse-atelier-S.-Luc-juin-2012-001-1677x2048.jpg 1677w, http:\/\/image-bible.ch\/wp-content\/uploads\/Vierge-de-tendresse-atelier-S.-Luc-juin-2012-001.jpg 2020w\" sizes=\"(max-width: 246px) 100vw, 246px\" \/><\/a>\n\t\t\t<\/div><\/figure><figure class='gallery-item'>\n\t\t\t<div class='gallery-icon portrait'>\n\t\t\t\t<a href='http:\/\/image-bible.ch\/?attachment_id=8673'><img loading=\"lazy\" decoding=\"async\" width=\"238\" height=\"300\" src=\"http:\/\/image-bible.ch\/wp-content\/uploads\/Vierge-du-signe-TMK2011-238x300.jpg\" class=\"attachment-medium size-medium\" alt=\"\" srcset=\"http:\/\/image-bible.ch\/wp-content\/uploads\/Vierge-du-signe-TMK2011-238x300.jpg 238w, http:\/\/image-bible.ch\/wp-content\/uploads\/Vierge-du-signe-TMK2011-811x1024.jpg 811w, http:\/\/image-bible.ch\/wp-content\/uploads\/Vierge-du-signe-TMK2011-768x969.jpg 768w, http:\/\/image-bible.ch\/wp-content\/uploads\/Vierge-du-signe-TMK2011-1217x1536.jpg 1217w, http:\/\/image-bible.ch\/wp-content\/uploads\/Vierge-du-signe-TMK2011-1623x2048.jpg 1623w, http:\/\/image-bible.ch\/wp-content\/uploads\/Vierge-du-signe-TMK2011.jpg 1785w\" sizes=\"(max-width: 238px) 100vw, 238px\" \/><\/a>\n\t\t\t<\/div><\/figure><figure class='gallery-item'>\n\t\t\t<div class='gallery-icon portrait'>\n\t\t\t\t<a href='http:\/\/image-bible.ch\/?attachment_id=8674'><img loading=\"lazy\" decoding=\"async\" width=\"201\" height=\"300\" src=\"http:\/\/image-bible.ch\/wp-content\/uploads\/Vierge-Marie-11.9.04-001-201x300.jpg\" class=\"attachment-medium size-medium\" alt=\"\" srcset=\"http:\/\/image-bible.ch\/wp-content\/uploads\/Vierge-Marie-11.9.04-001-201x300.jpg 201w, http:\/\/image-bible.ch\/wp-content\/uploads\/Vierge-Marie-11.9.04-001-685x1024.jpg 685w, http:\/\/image-bible.ch\/wp-content\/uploads\/Vierge-Marie-11.9.04-001-768x1148.jpg 768w, http:\/\/image-bible.ch\/wp-content\/uploads\/Vierge-Marie-11.9.04-001-1027x1536.jpg 1027w, http:\/\/image-bible.ch\/wp-content\/uploads\/Vierge-Marie-11.9.04-001.jpg 1260w\" sizes=\"(max-width: 201px) 100vw, 201px\" \/><\/a>\n\t\t\t<\/div><\/figure><figure class='gallery-item'>\n\t\t\t<div class='gallery-icon portrait'>\n\t\t\t\t<a href='http:\/\/image-bible.ch\/?attachment_id=8675'><img loading=\"lazy\" decoding=\"async\" width=\"233\" height=\"300\" src=\"http:\/\/image-bible.ch\/wp-content\/uploads\/Vierge-Marie-11.9.04-004-233x300.jpg\" class=\"attachment-medium size-medium\" alt=\"\" srcset=\"http:\/\/image-bible.ch\/wp-content\/uploads\/Vierge-Marie-11.9.04-004-233x300.jpg 233w, http:\/\/image-bible.ch\/wp-content\/uploads\/Vierge-Marie-11.9.04-004-795x1024.jpg 795w, http:\/\/image-bible.ch\/wp-content\/uploads\/Vierge-Marie-11.9.04-004-768x989.jpg 768w, http:\/\/image-bible.ch\/wp-content\/uploads\/Vierge-Marie-11.9.04-004-1193x1536.jpg 1193w, http:\/\/image-bible.ch\/wp-content\/uploads\/Vierge-Marie-11.9.04-004.jpg 1273w\" sizes=\"(max-width: 233px) 100vw, 233px\" \/><\/a>\n\t\t\t<\/div><\/figure>\n\t\t<\/div>\n\r\n<p>Saints<\/p>\r\n<div id='gallery-5' class='gallery galleryid-5275 gallery-columns-3 gallery-size-medium'><figure class='gallery-item'>\n\t\t\t<div class='gallery-icon portrait'>\n\t\t\t\t<a href='http:\/\/image-bible.ch\/?attachment_id=8676'><img loading=\"lazy\" decoding=\"async\" width=\"132\" height=\"300\" src=\"http:\/\/image-bible.ch\/wp-content\/uploads\/Josephine-Bakita-Maria-Crespi-Marciandi-132x300.jpg\" class=\"attachment-medium size-medium\" alt=\"\" srcset=\"http:\/\/image-bible.ch\/wp-content\/uploads\/Josephine-Bakita-Maria-Crespi-Marciandi-132x300.jpg 132w, http:\/\/image-bible.ch\/wp-content\/uploads\/Josephine-Bakita-Maria-Crespi-Marciandi-449x1024.jpg 449w, http:\/\/image-bible.ch\/wp-content\/uploads\/Josephine-Bakita-Maria-Crespi-Marciandi-768x1751.jpg 768w, http:\/\/image-bible.ch\/wp-content\/uploads\/Josephine-Bakita-Maria-Crespi-Marciandi-674x1536.jpg 674w, http:\/\/image-bible.ch\/wp-content\/uploads\/Josephine-Bakita-Maria-Crespi-Marciandi-898x2048.jpg 898w, http:\/\/image-bible.ch\/wp-content\/uploads\/Josephine-Bakita-Maria-Crespi-Marciandi.jpg 1088w\" sizes=\"(max-width: 132px) 100vw, 132px\" \/><\/a>\n\t\t\t<\/div><\/figure><figure class='gallery-item'>\n\t\t\t<div class='gallery-icon landscape'>\n\t\t\t\t<a href='http:\/\/image-bible.ch\/?attachment_id=8677'><img loading=\"lazy\" decoding=\"async\" width=\"300\" height=\"200\" src=\"http:\/\/image-bible.ch\/wp-content\/uploads\/Les-12-apotres-Tatiana-Choricheva-300x200.jpg\" class=\"attachment-medium size-medium\" alt=\"\" srcset=\"http:\/\/image-bible.ch\/wp-content\/uploads\/Les-12-apotres-Tatiana-Choricheva-300x200.jpg 300w, http:\/\/image-bible.ch\/wp-content\/uploads\/Les-12-apotres-Tatiana-Choricheva-1024x682.jpg 1024w, http:\/\/image-bible.ch\/wp-content\/uploads\/Les-12-apotres-Tatiana-Choricheva-768x512.jpg 768w, http:\/\/image-bible.ch\/wp-content\/uploads\/Les-12-apotres-Tatiana-Choricheva-1536x1023.jpg 1536w, http:\/\/image-bible.ch\/wp-content\/uploads\/Les-12-apotres-Tatiana-Choricheva.jpg 1575w\" sizes=\"(max-width: 300px) 100vw, 300px\" \/><\/a>\n\t\t\t<\/div><\/figure><figure class='gallery-item'>\n\t\t\t<div class='gallery-icon portrait'>\n\t\t\t\t<a href='http:\/\/image-bible.ch\/?attachment_id=8678'><img loading=\"lazy\" decoding=\"async\" width=\"234\" height=\"300\" src=\"http:\/\/image-bible.ch\/wp-content\/uploads\/Moise-2-234x300.jpg\" class=\"attachment-medium size-medium\" alt=\"\" srcset=\"http:\/\/image-bible.ch\/wp-content\/uploads\/Moise-2-234x300.jpg 234w, http:\/\/image-bible.ch\/wp-content\/uploads\/Moise-2-799x1024.jpg 799w, http:\/\/image-bible.ch\/wp-content\/uploads\/Moise-2-768x984.jpg 768w, http:\/\/image-bible.ch\/wp-content\/uploads\/Moise-2.jpg 952w\" sizes=\"(max-width: 234px) 100vw, 234px\" \/><\/a>\n\t\t\t<\/div><\/figure><figure class='gallery-item'>\n\t\t\t<div class='gallery-icon portrait'>\n\t\t\t\t<a href='http:\/\/image-bible.ch\/?attachment_id=8679'><img loading=\"lazy\" decoding=\"async\" width=\"225\" height=\"300\" src=\"http:\/\/image-bible.ch\/wp-content\/uploads\/Moise-225x300.jpg\" class=\"attachment-medium size-medium\" alt=\"\" srcset=\"http:\/\/image-bible.ch\/wp-content\/uploads\/Moise-225x300.jpg 225w, http:\/\/image-bible.ch\/wp-content\/uploads\/Moise-768x1024.jpg 768w, http:\/\/image-bible.ch\/wp-content\/uploads\/Moise-1152x1536.jpg 1152w, http:\/\/image-bible.ch\/wp-content\/uploads\/Moise.jpg 1200w\" sizes=\"(max-width: 225px) 100vw, 225px\" \/><\/a>\n\t\t\t<\/div><\/figure><figure class='gallery-item'>\n\t\t\t<div class='gallery-icon landscape'>\n\t\t\t\t<a href='http:\/\/image-bible.ch\/?attachment_id=8680'><img loading=\"lazy\" decoding=\"async\" width=\"300\" height=\"300\" src=\"http:\/\/image-bible.ch\/wp-content\/uploads\/Pierre-et-Paul-300x300.jpg\" class=\"attachment-medium size-medium\" alt=\"\" srcset=\"http:\/\/image-bible.ch\/wp-content\/uploads\/Pierre-et-Paul-300x300.jpg 300w, http:\/\/image-bible.ch\/wp-content\/uploads\/Pierre-et-Paul-150x150.jpg 150w, http:\/\/image-bible.ch\/wp-content\/uploads\/Pierre-et-Paul-270x270.jpg 270w, http:\/\/image-bible.ch\/wp-content\/uploads\/Pierre-et-Paul-230x230.jpg 230w, http:\/\/image-bible.ch\/wp-content\/uploads\/Pierre-et-Paul.jpg 750w\" sizes=\"(max-width: 300px) 100vw, 300px\" \/><\/a>\n\t\t\t<\/div><\/figure><figure class='gallery-item'>\n\t\t\t<div class='gallery-icon portrait'>\n\t\t\t\t<a href='http:\/\/image-bible.ch\/?attachment_id=8681'><img loading=\"lazy\" decoding=\"async\" width=\"240\" height=\"300\" src=\"http:\/\/image-bible.ch\/wp-content\/uploads\/Prophete-Sophonie-240x300.jpg\" class=\"attachment-medium size-medium\" alt=\"\" srcset=\"http:\/\/image-bible.ch\/wp-content\/uploads\/Prophete-Sophonie-240x300.jpg 240w, http:\/\/image-bible.ch\/wp-content\/uploads\/Prophete-Sophonie-818x1024.jpg 818w, http:\/\/image-bible.ch\/wp-content\/uploads\/Prophete-Sophonie-768x962.jpg 768w, http:\/\/image-bible.ch\/wp-content\/uploads\/Prophete-Sophonie.jpg 1073w\" sizes=\"(max-width: 240px) 100vw, 240px\" \/><\/a>\n\t\t\t<\/div><\/figure><figure class='gallery-item'>\n\t\t\t<div class='gallery-icon portrait'>\n\t\t\t\t<a href='http:\/\/image-bible.ch\/?attachment_id=8682'><img loading=\"lazy\" decoding=\"async\" width=\"176\" height=\"300\" src=\"http:\/\/image-bible.ch\/wp-content\/uploads\/St-bernard-176x300.jpg\" class=\"attachment-medium size-medium\" alt=\"\" srcset=\"http:\/\/image-bible.ch\/wp-content\/uploads\/St-bernard-176x300.jpg 176w, http:\/\/image-bible.ch\/wp-content\/uploads\/St-bernard-601x1024.jpg 601w, http:\/\/image-bible.ch\/wp-content\/uploads\/St-bernard.jpg 660w\" sizes=\"(max-width: 176px) 100vw, 176px\" \/><\/a>\n\t\t\t<\/div><\/figure><figure class='gallery-item'>\n\t\t\t<div class='gallery-icon portrait'>\n\t\t\t\t<a href='http:\/\/image-bible.ch\/?attachment_id=8683'><img loading=\"lazy\" decoding=\"async\" width=\"199\" height=\"300\" src=\"http:\/\/image-bible.ch\/wp-content\/uploads\/St-Etienne-Lapiadtion-199x300.jpg\" class=\"attachment-medium size-medium\" alt=\"\" srcset=\"http:\/\/image-bible.ch\/wp-content\/uploads\/St-Etienne-Lapiadtion-199x300.jpg 199w, http:\/\/image-bible.ch\/wp-content\/uploads\/St-Etienne-Lapiadtion.jpg 664w\" sizes=\"(max-width: 199px) 100vw, 199px\" \/><\/a>\n\t\t\t<\/div><\/figure><figure class='gallery-item'>\n\t\t\t<div class='gallery-icon landscape'>\n\t\t\t\t<a href='http:\/\/image-bible.ch\/?attachment_id=8684'><img loading=\"lazy\" decoding=\"async\" width=\"300\" height=\"225\" src=\"http:\/\/image-bible.ch\/wp-content\/uploads\/St-Francois-dAssisse-2-300x225.jpg\" class=\"attachment-medium size-medium\" alt=\"\" srcset=\"http:\/\/image-bible.ch\/wp-content\/uploads\/St-Francois-dAssisse-2-300x225.jpg 300w, http:\/\/image-bible.ch\/wp-content\/uploads\/St-Francois-dAssisse-2-768x576.jpg 768w, http:\/\/image-bible.ch\/wp-content\/uploads\/St-Francois-dAssisse-2.jpg 800w\" sizes=\"(max-width: 300px) 100vw, 300px\" \/><\/a>\n\t\t\t<\/div><\/figure><figure class='gallery-item'>\n\t\t\t<div class='gallery-icon landscape'>\n\t\t\t\t<a href='http:\/\/image-bible.ch\/?attachment_id=8685'><img loading=\"lazy\" decoding=\"async\" width=\"300\" height=\"199\" src=\"http:\/\/image-bible.ch\/wp-content\/uploads\/St-Francois-Icone-Grant-Part-8-300x199.jpg\" class=\"attachment-medium size-medium\" alt=\"\" srcset=\"http:\/\/image-bible.ch\/wp-content\/uploads\/St-Francois-Icone-Grant-Part-8-300x199.jpg 300w, http:\/\/image-bible.ch\/wp-content\/uploads\/St-Francois-Icone-Grant-Part-8-1024x680.jpg 1024w, http:\/\/image-bible.ch\/wp-content\/uploads\/St-Francois-Icone-Grant-Part-8-768x510.jpg 768w, http:\/\/image-bible.ch\/wp-content\/uploads\/St-Francois-Icone-Grant-Part-8-1536x1020.jpg 1536w, http:\/\/image-bible.ch\/wp-content\/uploads\/St-Francois-Icone-Grant-Part-8-2048x1360.jpg 2048w\" sizes=\"(max-width: 300px) 100vw, 300px\" \/><\/a>\n\t\t\t<\/div><\/figure><figure class='gallery-item'>\n\t\t\t<div class='gallery-icon portrait'>\n\t\t\t\t<a href='http:\/\/image-bible.ch\/?attachment_id=8686'><img loading=\"lazy\" decoding=\"async\" width=\"235\" height=\"300\" src=\"http:\/\/image-bible.ch\/wp-content\/uploads\/St-Francois-Icone-Grant-Part-9-235x300.jpg\" class=\"attachment-medium size-medium\" alt=\"\" srcset=\"http:\/\/image-bible.ch\/wp-content\/uploads\/St-Francois-Icone-Grant-Part-9-235x300.jpg 235w, http:\/\/image-bible.ch\/wp-content\/uploads\/St-Francois-Icone-Grant-Part-9-804x1024.jpg 804w, http:\/\/image-bible.ch\/wp-content\/uploads\/St-Francois-Icone-Grant-Part-9-768x979.jpg 768w, http:\/\/image-bible.ch\/wp-content\/uploads\/St-Francois-Icone-Grant-Part-9-1205x1536.jpg 1205w, http:\/\/image-bible.ch\/wp-content\/uploads\/St-Francois-Icone-Grant-Part-9-1607x2048.jpg 1607w, http:\/\/image-bible.ch\/wp-content\/uploads\/St-Francois-Icone-Grant-Part-9-scaled.jpg 2009w\" sizes=\"(max-width: 235px) 100vw, 235px\" \/><\/a>\n\t\t\t<\/div><\/figure><figure class='gallery-item'>\n\t\t\t<div class='gallery-icon landscape'>\n\t\t\t\t<a href='http:\/\/image-bible.ch\/?attachment_id=8687'><img loading=\"lazy\" decoding=\"async\" width=\"300\" height=\"207\" src=\"http:\/\/image-bible.ch\/wp-content\/uploads\/St-Francois-Icone-Grant-Part-10-300x207.jpg\" class=\"attachment-medium size-medium\" alt=\"\" srcset=\"http:\/\/image-bible.ch\/wp-content\/uploads\/St-Francois-Icone-Grant-Part-10-300x207.jpg 300w, http:\/\/image-bible.ch\/wp-content\/uploads\/St-Francois-Icone-Grant-Part-10-1024x706.jpg 1024w, http:\/\/image-bible.ch\/wp-content\/uploads\/St-Francois-Icone-Grant-Part-10-768x529.jpg 768w, http:\/\/image-bible.ch\/wp-content\/uploads\/St-Francois-Icone-Grant-Part-10-1536x1059.jpg 1536w, http:\/\/image-bible.ch\/wp-content\/uploads\/St-Francois-Icone-Grant-Part-10-2048x1411.jpg 2048w\" sizes=\"(max-width: 300px) 100vw, 300px\" \/><\/a>\n\t\t\t<\/div><\/figure><figure class='gallery-item'>\n\t\t\t<div class='gallery-icon landscape'>\n\t\t\t\t<a href='http:\/\/image-bible.ch\/?attachment_id=8688'><img loading=\"lazy\" decoding=\"async\" width=\"300\" height=\"199\" src=\"http:\/\/image-bible.ch\/wp-content\/uploads\/St-Francois-Icone-Grant-Part-11-300x199.jpg\" class=\"attachment-medium size-medium\" alt=\"\" srcset=\"http:\/\/image-bible.ch\/wp-content\/uploads\/St-Francois-Icone-Grant-Part-11-300x199.jpg 300w, http:\/\/image-bible.ch\/wp-content\/uploads\/St-Francois-Icone-Grant-Part-11-1024x680.jpg 1024w, http:\/\/image-bible.ch\/wp-content\/uploads\/St-Francois-Icone-Grant-Part-11-768x510.jpg 768w, http:\/\/image-bible.ch\/wp-content\/uploads\/St-Francois-Icone-Grant-Part-11-1536x1020.jpg 1536w, http:\/\/image-bible.ch\/wp-content\/uploads\/St-Francois-Icone-Grant-Part-11-2048x1360.jpg 2048w\" sizes=\"(max-width: 300px) 100vw, 300px\" \/><\/a>\n\t\t\t<\/div><\/figure><figure class='gallery-item'>\n\t\t\t<div class='gallery-icon landscape'>\n\t\t\t\t<a href='http:\/\/image-bible.ch\/?attachment_id=8689'><img loading=\"lazy\" decoding=\"async\" width=\"300\" height=\"222\" src=\"http:\/\/image-bible.ch\/wp-content\/uploads\/St-Francois-Icone-Grant-Part-12-300x222.jpg\" class=\"attachment-medium size-medium\" alt=\"\" srcset=\"http:\/\/image-bible.ch\/wp-content\/uploads\/St-Francois-Icone-Grant-Part-12-300x222.jpg 300w, http:\/\/image-bible.ch\/wp-content\/uploads\/St-Francois-Icone-Grant-Part-12-1024x757.jpg 1024w, http:\/\/image-bible.ch\/wp-content\/uploads\/St-Francois-Icone-Grant-Part-12-768x568.jpg 768w, http:\/\/image-bible.ch\/wp-content\/uploads\/St-Francois-Icone-Grant-Part-12-1536x1136.jpg 1536w, http:\/\/image-bible.ch\/wp-content\/uploads\/St-Francois-Icone-Grant-Part-12-2048x1515.jpg 2048w\" sizes=\"(max-width: 300px) 100vw, 300px\" \/><\/a>\n\t\t\t<\/div><\/figure><figure class='gallery-item'>\n\t\t\t<div class='gallery-icon landscape'>\n\t\t\t\t<a href='http:\/\/image-bible.ch\/?attachment_id=8690'><img loading=\"lazy\" decoding=\"async\" width=\"300\" height=\"218\" src=\"http:\/\/image-bible.ch\/wp-content\/uploads\/St-Francois-Icone-Grant-Part-13-300x218.jpg\" class=\"attachment-medium size-medium\" alt=\"\" srcset=\"http:\/\/image-bible.ch\/wp-content\/uploads\/St-Francois-Icone-Grant-Part-13-300x218.jpg 300w, http:\/\/image-bible.ch\/wp-content\/uploads\/St-Francois-Icone-Grant-Part-13-1024x745.jpg 1024w, http:\/\/image-bible.ch\/wp-content\/uploads\/St-Francois-Icone-Grant-Part-13-768x559.jpg 768w, http:\/\/image-bible.ch\/wp-content\/uploads\/St-Francois-Icone-Grant-Part-13-1536x1117.jpg 1536w, http:\/\/image-bible.ch\/wp-content\/uploads\/St-Francois-Icone-Grant-Part-13-2048x1490.jpg 2048w\" sizes=\"(max-width: 300px) 100vw, 300px\" \/><\/a>\n\t\t\t<\/div><\/figure><figure class='gallery-item'>\n\t\t\t<div class='gallery-icon landscape'>\n\t\t\t\t<a href='http:\/\/image-bible.ch\/?attachment_id=8691'><img loading=\"lazy\" decoding=\"async\" width=\"300\" height=\"220\" src=\"http:\/\/image-bible.ch\/wp-content\/uploads\/St-Francois-Icone-Grant-Part-14-300x220.jpg\" class=\"attachment-medium size-medium\" alt=\"\" srcset=\"http:\/\/image-bible.ch\/wp-content\/uploads\/St-Francois-Icone-Grant-Part-14-300x220.jpg 300w, http:\/\/image-bible.ch\/wp-content\/uploads\/St-Francois-Icone-Grant-Part-14-1024x750.jpg 1024w, http:\/\/image-bible.ch\/wp-content\/uploads\/St-Francois-Icone-Grant-Part-14-768x562.jpg 768w, http:\/\/image-bible.ch\/wp-content\/uploads\/St-Francois-Icone-Grant-Part-14-1536x1125.jpg 1536w, http:\/\/image-bible.ch\/wp-content\/uploads\/St-Francois-Icone-Grant-Part-14-2048x1500.jpg 2048w\" sizes=\"(max-width: 300px) 100vw, 300px\" \/><\/a>\n\t\t\t<\/div><\/figure><figure class='gallery-item'>\n\t\t\t<div class='gallery-icon landscape'>\n\t\t\t\t<a href='http:\/\/image-bible.ch\/?attachment_id=8692'><img loading=\"lazy\" decoding=\"async\" width=\"300\" height=\"199\" src=\"http:\/\/image-bible.ch\/wp-content\/uploads\/St-Francois-Icone-Grant-Part-15-300x199.jpg\" class=\"attachment-medium size-medium\" alt=\"\" srcset=\"http:\/\/image-bible.ch\/wp-content\/uploads\/St-Francois-Icone-Grant-Part-15-300x199.jpg 300w, http:\/\/image-bible.ch\/wp-content\/uploads\/St-Francois-Icone-Grant-Part-15-1024x680.jpg 1024w, http:\/\/image-bible.ch\/wp-content\/uploads\/St-Francois-Icone-Grant-Part-15-768x510.jpg 768w, http:\/\/image-bible.ch\/wp-content\/uploads\/St-Francois-Icone-Grant-Part-15-1536x1020.jpg 1536w, http:\/\/image-bible.ch\/wp-content\/uploads\/St-Francois-Icone-Grant-Part-15-2048x1360.jpg 2048w\" sizes=\"(max-width: 300px) 100vw, 300px\" \/><\/a>\n\t\t\t<\/div><\/figure><figure class='gallery-item'>\n\t\t\t<div class='gallery-icon landscape'>\n\t\t\t\t<a href='http:\/\/image-bible.ch\/?attachment_id=8693'><img loading=\"lazy\" decoding=\"async\" width=\"300\" height=\"199\" src=\"http:\/\/image-bible.ch\/wp-content\/uploads\/St-Francois-Icone-Grant-Part-16-300x199.jpg\" class=\"attachment-medium size-medium\" alt=\"\" srcset=\"http:\/\/image-bible.ch\/wp-content\/uploads\/St-Francois-Icone-Grant-Part-16-300x199.jpg 300w, http:\/\/image-bible.ch\/wp-content\/uploads\/St-Francois-Icone-Grant-Part-16-1024x680.jpg 1024w, http:\/\/image-bible.ch\/wp-content\/uploads\/St-Francois-Icone-Grant-Part-16-768x510.jpg 768w, http:\/\/image-bible.ch\/wp-content\/uploads\/St-Francois-Icone-Grant-Part-16-1536x1020.jpg 1536w, http:\/\/image-bible.ch\/wp-content\/uploads\/St-Francois-Icone-Grant-Part-16-2048x1360.jpg 2048w\" sizes=\"(max-width: 300px) 100vw, 300px\" \/><\/a>\n\t\t\t<\/div><\/figure><figure class='gallery-item'>\n\t\t\t<div class='gallery-icon landscape'>\n\t\t\t\t<a href='http:\/\/image-bible.ch\/?attachment_id=8694'><img loading=\"lazy\" decoding=\"async\" width=\"300\" height=\"199\" src=\"http:\/\/image-bible.ch\/wp-content\/uploads\/St-Francois-Icone-Grant-Part-17-300x199.jpg\" class=\"attachment-medium size-medium\" alt=\"\" srcset=\"http:\/\/image-bible.ch\/wp-content\/uploads\/St-Francois-Icone-Grant-Part-17-300x199.jpg 300w, http:\/\/image-bible.ch\/wp-content\/uploads\/St-Francois-Icone-Grant-Part-17-1024x680.jpg 1024w, http:\/\/image-bible.ch\/wp-content\/uploads\/St-Francois-Icone-Grant-Part-17-768x510.jpg 768w, http:\/\/image-bible.ch\/wp-content\/uploads\/St-Francois-Icone-Grant-Part-17-1536x1020.jpg 1536w, http:\/\/image-bible.ch\/wp-content\/uploads\/St-Francois-Icone-Grant-Part-17-2048x1360.jpg 2048w\" sizes=\"(max-width: 300px) 100vw, 300px\" \/><\/a>\n\t\t\t<\/div><\/figure><figure class='gallery-item'>\n\t\t\t<div class='gallery-icon landscape'>\n\t\t\t\t<a href='http:\/\/image-bible.ch\/?attachment_id=8695'><img loading=\"lazy\" decoding=\"async\" width=\"300\" height=\"199\" src=\"http:\/\/image-bible.ch\/wp-content\/uploads\/St-Francois-Icone-Grant-Part-18-300x199.jpg\" class=\"attachment-medium size-medium\" alt=\"\" srcset=\"http:\/\/image-bible.ch\/wp-content\/uploads\/St-Francois-Icone-Grant-Part-18-300x199.jpg 300w, http:\/\/image-bible.ch\/wp-content\/uploads\/St-Francois-Icone-Grant-Part-18-1024x680.jpg 1024w, http:\/\/image-bible.ch\/wp-content\/uploads\/St-Francois-Icone-Grant-Part-18-768x510.jpg 768w, http:\/\/image-bible.ch\/wp-content\/uploads\/St-Francois-Icone-Grant-Part-18-1536x1020.jpg 1536w, http:\/\/image-bible.ch\/wp-content\/uploads\/St-Francois-Icone-Grant-Part-18-2048x1360.jpg 2048w\" sizes=\"(max-width: 300px) 100vw, 300px\" \/><\/a>\n\t\t\t<\/div><\/figure><figure class='gallery-item'>\n\t\t\t<div class='gallery-icon landscape'>\n\t\t\t\t<a href='http:\/\/image-bible.ch\/?attachment_id=8696'><img loading=\"lazy\" decoding=\"async\" width=\"300\" height=\"199\" src=\"http:\/\/image-bible.ch\/wp-content\/uploads\/St-Francois-Icone-Grant-Part-19-300x199.jpg\" class=\"attachment-medium size-medium\" alt=\"\" srcset=\"http:\/\/image-bible.ch\/wp-content\/uploads\/St-Francois-Icone-Grant-Part-19-300x199.jpg 300w, http:\/\/image-bible.ch\/wp-content\/uploads\/St-Francois-Icone-Grant-Part-19-1024x680.jpg 1024w, http:\/\/image-bible.ch\/wp-content\/uploads\/St-Francois-Icone-Grant-Part-19-768x510.jpg 768w, http:\/\/image-bible.ch\/wp-content\/uploads\/St-Francois-Icone-Grant-Part-19-1536x1020.jpg 1536w, http:\/\/image-bible.ch\/wp-content\/uploads\/St-Francois-Icone-Grant-Part-19-2048x1360.jpg 2048w\" sizes=\"(max-width: 300px) 100vw, 300px\" \/><\/a>\n\t\t\t<\/div><\/figure><figure class='gallery-item'>\n\t\t\t<div class='gallery-icon portrait'>\n\t\t\t\t<a href='http:\/\/image-bible.ch\/?attachment_id=8697'><img loading=\"lazy\" decoding=\"async\" width=\"128\" height=\"300\" src=\"http:\/\/image-bible.ch\/wp-content\/uploads\/St-Francois-128x300.jpg\" class=\"attachment-medium size-medium\" alt=\"\" srcset=\"http:\/\/image-bible.ch\/wp-content\/uploads\/St-Francois-128x300.jpg 128w, http:\/\/image-bible.ch\/wp-content\/uploads\/St-Francois-436x1024.jpg 436w, http:\/\/image-bible.ch\/wp-content\/uploads\/St-Francois.jpg 507w\" sizes=\"(max-width: 128px) 100vw, 128px\" \/><\/a>\n\t\t\t<\/div><\/figure><figure class='gallery-item'>\n\t\t\t<div class='gallery-icon portrait'>\n\t\t\t\t<a href='http:\/\/image-bible.ch\/?attachment_id=8698'><img loading=\"lazy\" decoding=\"async\" width=\"278\" height=\"300\" src=\"http:\/\/image-bible.ch\/wp-content\/uploads\/St-Goerges-atelier-S.-Luc-juin-2012-5-278x300.jpg\" class=\"attachment-medium size-medium\" alt=\"\" srcset=\"http:\/\/image-bible.ch\/wp-content\/uploads\/St-Goerges-atelier-S.-Luc-juin-2012-5-278x300.jpg 278w, http:\/\/image-bible.ch\/wp-content\/uploads\/St-Goerges-atelier-S.-Luc-juin-2012-5-950x1024.jpg 950w, http:\/\/image-bible.ch\/wp-content\/uploads\/St-Goerges-atelier-S.-Luc-juin-2012-5-768x828.jpg 768w, http:\/\/image-bible.ch\/wp-content\/uploads\/St-Goerges-atelier-S.-Luc-juin-2012-5-1425x1536.jpg 1425w, http:\/\/image-bible.ch\/wp-content\/uploads\/St-Goerges-atelier-S.-Luc-juin-2012-5-1900x2048.jpg 1900w, http:\/\/image-bible.ch\/wp-content\/uploads\/St-Goerges-atelier-S.-Luc-juin-2012-5.jpg 2023w\" sizes=\"(max-width: 278px) 100vw, 278px\" \/><\/a>\n\t\t\t<\/div><\/figure><figure class='gallery-item'>\n\t\t\t<div class='gallery-icon portrait'>\n\t\t\t\t<a href='http:\/\/image-bible.ch\/?attachment_id=8699'><img loading=\"lazy\" decoding=\"async\" width=\"289\" height=\"300\" src=\"http:\/\/image-bible.ch\/wp-content\/uploads\/St-Luc-atelier-S.-Luc-juin-2012-13-289x300.jpg\" class=\"attachment-medium size-medium\" alt=\"\" srcset=\"http:\/\/image-bible.ch\/wp-content\/uploads\/St-Luc-atelier-S.-Luc-juin-2012-13-289x300.jpg 289w, http:\/\/image-bible.ch\/wp-content\/uploads\/St-Luc-atelier-S.-Luc-juin-2012-13-986x1024.jpg 986w, http:\/\/image-bible.ch\/wp-content\/uploads\/St-Luc-atelier-S.-Luc-juin-2012-13-768x798.jpg 768w, http:\/\/image-bible.ch\/wp-content\/uploads\/St-Luc-atelier-S.-Luc-juin-2012-13.jpg 1301w\" sizes=\"(max-width: 289px) 100vw, 289px\" \/><\/a>\n\t\t\t<\/div><\/figure><figure class='gallery-item'>\n\t\t\t<div class='gallery-icon portrait'>\n\t\t\t\t<a href='http:\/\/image-bible.ch\/?attachment_id=8700'><img loading=\"lazy\" decoding=\"async\" width=\"185\" height=\"300\" src=\"http:\/\/image-bible.ch\/wp-content\/uploads\/St-Nicolas-atelier-S.-Luc-juin-2012-3-185x300.jpg\" class=\"attachment-medium size-medium\" alt=\"\" srcset=\"http:\/\/image-bible.ch\/wp-content\/uploads\/St-Nicolas-atelier-S.-Luc-juin-2012-3-185x300.jpg 185w, http:\/\/image-bible.ch\/wp-content\/uploads\/St-Nicolas-atelier-S.-Luc-juin-2012-3-631x1024.jpg 631w, http:\/\/image-bible.ch\/wp-content\/uploads\/St-Nicolas-atelier-S.-Luc-juin-2012-3-768x1246.jpg 768w, http:\/\/image-bible.ch\/wp-content\/uploads\/St-Nicolas-atelier-S.-Luc-juin-2012-3-947x1536.jpg 947w, http:\/\/image-bible.ch\/wp-content\/uploads\/St-Nicolas-atelier-S.-Luc-juin-2012-3-1263x2048.jpg 1263w, http:\/\/image-bible.ch\/wp-content\/uploads\/St-Nicolas-atelier-S.-Luc-juin-2012-3-scaled.jpg 1578w\" sizes=\"(max-width: 185px) 100vw, 185px\" \/><\/a>\n\t\t\t<\/div><\/figure><figure class='gallery-item'>\n\t\t\t<div class='gallery-icon portrait'>\n\t\t\t\t<a href='http:\/\/image-bible.ch\/?attachment_id=8701'><img loading=\"lazy\" decoding=\"async\" width=\"243\" height=\"300\" src=\"http:\/\/image-bible.ch\/wp-content\/uploads\/St-Nicolas-icone-243x300.jpg\" class=\"attachment-medium size-medium\" alt=\"\" srcset=\"http:\/\/image-bible.ch\/wp-content\/uploads\/St-Nicolas-icone-243x300.jpg 243w, http:\/\/image-bible.ch\/wp-content\/uploads\/St-Nicolas-icone-830x1024.jpg 830w, http:\/\/image-bible.ch\/wp-content\/uploads\/St-Nicolas-icone-768x948.jpg 768w, http:\/\/image-bible.ch\/wp-content\/uploads\/St-Nicolas-icone.jpg 1031w\" sizes=\"(max-width: 243px) 100vw, 243px\" \/><\/a>\n\t\t\t<\/div><\/figure><figure class='gallery-item'>\n\t\t\t<div class='gallery-icon portrait'>\n\t\t\t\t<a href='http:\/\/image-bible.ch\/?attachment_id=8702'><img loading=\"lazy\" decoding=\"async\" width=\"186\" height=\"300\" src=\"http:\/\/image-bible.ch\/wp-content\/uploads\/St-Nicolas-vie-Novgorod-16e-Borovichi-1-186x300.jpg\" class=\"attachment-medium size-medium\" alt=\"\" srcset=\"http:\/\/image-bible.ch\/wp-content\/uploads\/St-Nicolas-vie-Novgorod-16e-Borovichi-1-186x300.jpg 186w, http:\/\/image-bible.ch\/wp-content\/uploads\/St-Nicolas-vie-Novgorod-16e-Borovichi-1-636x1024.jpg 636w, http:\/\/image-bible.ch\/wp-content\/uploads\/St-Nicolas-vie-Novgorod-16e-Borovichi-1-768x1237.jpg 768w, http:\/\/image-bible.ch\/wp-content\/uploads\/St-Nicolas-vie-Novgorod-16e-Borovichi-1-954x1536.jpg 954w, http:\/\/image-bible.ch\/wp-content\/uploads\/St-Nicolas-vie-Novgorod-16e-Borovichi-1-1272x2048.jpg 1272w, http:\/\/image-bible.ch\/wp-content\/uploads\/St-Nicolas-vie-Novgorod-16e-Borovichi-1-scaled.jpg 1590w\" sizes=\"(max-width: 186px) 100vw, 186px\" \/><\/a>\n\t\t\t<\/div><\/figure><figure class='gallery-item'>\n\t\t\t<div class='gallery-icon portrait'>\n\t\t\t\t<a href='http:\/\/image-bible.ch\/?attachment_id=8703'><img loading=\"lazy\" decoding=\"async\" width=\"200\" height=\"300\" src=\"http:\/\/image-bible.ch\/wp-content\/uploads\/St-Ours-et-Victor-Soleure-Cathedrale001-200x300.jpg\" class=\"attachment-medium size-medium\" alt=\"\" srcset=\"http:\/\/image-bible.ch\/wp-content\/uploads\/St-Ours-et-Victor-Soleure-Cathedrale001-200x300.jpg 200w, http:\/\/image-bible.ch\/wp-content\/uploads\/St-Ours-et-Victor-Soleure-Cathedrale001-683x1024.jpg 683w, http:\/\/image-bible.ch\/wp-content\/uploads\/St-Ours-et-Victor-Soleure-Cathedrale001-768x1151.jpg 768w, http:\/\/image-bible.ch\/wp-content\/uploads\/St-Ours-et-Victor-Soleure-Cathedrale001-1025x1536.jpg 1025w, http:\/\/image-bible.ch\/wp-content\/uploads\/St-Ours-et-Victor-Soleure-Cathedrale001-1367x2048.jpg 1367w, http:\/\/image-bible.ch\/wp-content\/uploads\/St-Ours-et-Victor-Soleure-Cathedrale001-scaled.jpg 1709w\" sizes=\"(max-width: 200px) 100vw, 200px\" \/><\/a>\n\t\t\t<\/div><\/figure><figure class='gallery-item'>\n\t\t\t<div class='gallery-icon portrait'>\n\t\t\t\t<a href='http:\/\/image-bible.ch\/?attachment_id=8704'><img loading=\"lazy\" decoding=\"async\" width=\"177\" height=\"300\" src=\"http:\/\/image-bible.ch\/wp-content\/uploads\/St-Pierre-Paul-Atelier-dicone-oct-0002-177x300.jpg\" class=\"attachment-medium size-medium\" alt=\"\" srcset=\"http:\/\/image-bible.ch\/wp-content\/uploads\/St-Pierre-Paul-Atelier-dicone-oct-0002-177x300.jpg 177w, http:\/\/image-bible.ch\/wp-content\/uploads\/St-Pierre-Paul-Atelier-dicone-oct-0002-606x1024.jpg 606w, http:\/\/image-bible.ch\/wp-content\/uploads\/St-Pierre-Paul-Atelier-dicone-oct-0002-768x1298.jpg 768w, http:\/\/image-bible.ch\/wp-content\/uploads\/St-Pierre-Paul-Atelier-dicone-oct-0002-909x1536.jpg 909w, http:\/\/image-bible.ch\/wp-content\/uploads\/St-Pierre-Paul-Atelier-dicone-oct-0002-1212x2048.jpg 1212w, http:\/\/image-bible.ch\/wp-content\/uploads\/St-Pierre-Paul-Atelier-dicone-oct-0002-scaled.jpg 1514w\" sizes=\"(max-width: 177px) 100vw, 177px\" \/><\/a>\n\t\t\t<\/div><\/figure><figure class='gallery-item'>\n\t\t\t<div class='gallery-icon portrait'>\n\t\t\t\t<a href='http:\/\/image-bible.ch\/?attachment_id=8705'><img loading=\"lazy\" decoding=\"async\" width=\"241\" height=\"300\" src=\"http:\/\/image-bible.ch\/wp-content\/uploads\/St-Seraphim-deSrov-et-Francois-241x300.jpg\" class=\"attachment-medium size-medium\" alt=\"\" srcset=\"http:\/\/image-bible.ch\/wp-content\/uploads\/St-Seraphim-deSrov-et-Francois-241x300.jpg 241w, http:\/\/image-bible.ch\/wp-content\/uploads\/St-Seraphim-deSrov-et-Francois.jpg 643w\" sizes=\"(max-width: 241px) 100vw, 241px\" \/><\/a>\n\t\t\t<\/div><\/figure><figure class='gallery-item'>\n\t\t\t<div class='gallery-icon landscape'>\n\t\t\t\t<a href='http:\/\/image-bible.ch\/?attachment_id=8706'><img loading=\"lazy\" decoding=\"async\" width=\"300\" height=\"225\" src=\"http:\/\/image-bible.ch\/wp-content\/uploads\/St-Seraphin-de-300x225.jpg\" class=\"attachment-medium size-medium\" alt=\"\" srcset=\"http:\/\/image-bible.ch\/wp-content\/uploads\/St-Seraphin-de-300x225.jpg 300w, http:\/\/image-bible.ch\/wp-content\/uploads\/St-Seraphin-de-768x576.jpg 768w, http:\/\/image-bible.ch\/wp-content\/uploads\/St-Seraphin-de.jpg 800w\" sizes=\"(max-width: 300px) 100vw, 300px\" \/><\/a>\n\t\t\t<\/div><\/figure><figure class='gallery-item'>\n\t\t\t<div class='gallery-icon portrait'>\n\t\t\t\t<a href='http:\/\/image-bible.ch\/?attachment_id=8707'><img loading=\"lazy\" decoding=\"async\" width=\"200\" height=\"300\" src=\"http:\/\/image-bible.ch\/wp-content\/uploads\/Ste-Marguerite-Bays-Anne-Marie-Maillard-23.11.04-013-200x300.jpg\" class=\"attachment-medium size-medium\" alt=\"\" srcset=\"http:\/\/image-bible.ch\/wp-content\/uploads\/Ste-Marguerite-Bays-Anne-Marie-Maillard-23.11.04-013-200x300.jpg 200w, http:\/\/image-bible.ch\/wp-content\/uploads\/Ste-Marguerite-Bays-Anne-Marie-Maillard-23.11.04-013-683x1024.jpg 683w, http:\/\/image-bible.ch\/wp-content\/uploads\/Ste-Marguerite-Bays-Anne-Marie-Maillard-23.11.04-013-768x1152.jpg 768w, http:\/\/image-bible.ch\/wp-content\/uploads\/Ste-Marguerite-Bays-Anne-Marie-Maillard-23.11.04-013-1024x1536.jpg 1024w, http:\/\/image-bible.ch\/wp-content\/uploads\/Ste-Marguerite-Bays-Anne-Marie-Maillard-23.11.04-013-1365x2048.jpg 1365w, http:\/\/image-bible.ch\/wp-content\/uploads\/Ste-Marguerite-Bays-Anne-Marie-Maillard-23.11.04-013-scaled.jpg 1707w\" sizes=\"(max-width: 200px) 100vw, 200px\" \/><\/a>\n\t\t\t<\/div><\/figure><figure class='gallery-item'>\n\t\t\t<div class='gallery-icon portrait'>\n\t\t\t\t<a href='http:\/\/image-bible.ch\/?attachment_id=8708'><img loading=\"lazy\" decoding=\"async\" width=\"255\" height=\"300\" src=\"http:\/\/image-bible.ch\/wp-content\/uploads\/Ste-Marguerite-Bays-Anne-Marie-Maillard-255x300.jpg\" class=\"attachment-medium size-medium\" alt=\"\" srcset=\"http:\/\/image-bible.ch\/wp-content\/uploads\/Ste-Marguerite-Bays-Anne-Marie-Maillard-255x300.jpg 255w, http:\/\/image-bible.ch\/wp-content\/uploads\/Ste-Marguerite-Bays-Anne-Marie-Maillard-872x1024.jpg 872w, http:\/\/image-bible.ch\/wp-content\/uploads\/Ste-Marguerite-Bays-Anne-Marie-Maillard-768x902.jpg 768w, http:\/\/image-bible.ch\/wp-content\/uploads\/Ste-Marguerite-Bays-Anne-Marie-Maillard-1308x1536.jpg 1308w, http:\/\/image-bible.ch\/wp-content\/uploads\/Ste-Marguerite-Bays-Anne-Marie-Maillard-1744x2048.jpg 1744w, http:\/\/image-bible.ch\/wp-content\/uploads\/Ste-Marguerite-Bays-Anne-Marie-Maillard.jpg 2048w\" sizes=\"(max-width: 255px) 100vw, 255px\" \/><\/a>\n\t\t\t<\/div><\/figure>\n\t\t<\/div>\n","protected":false},"excerpt":{"rendered":"<p>A0.6 \/ Ic\u00f4ne Lorsqu&rsquo;un ic\u00f4ne a \u00e9t\u00e9 \u00e9crite avec le r\u00e9cit du N.T. et\/ou de l&rsquo;A.T., elle se trouvera l\u00e0 avec sa pr\u00e9sentation et son interpr\u00e9ation. Quelques pr\u00e9cisions : On \u00e9crit une ic\u00f4ne, car elle est toujours la repr\u00e9sentation d&rsquo;un<\/p>\n","protected":false},"author":1,"featured_media":0,"parent":0,"menu_order":0,"comment_status":"closed","ping_status":"closed","template":"","meta":{"footnotes":""},"_links":{"self":[{"href":"http:\/\/image-bible.ch\/index.php?rest_route=\/wp\/v2\/pages\/5275"}],"collection":[{"href":"http:\/\/image-bible.ch\/index.php?rest_route=\/wp\/v2\/pages"}],"about":[{"href":"http:\/\/image-bible.ch\/index.php?rest_route=\/wp\/v2\/types\/page"}],"author":[{"embeddable":true,"href":"http:\/\/image-bible.ch\/index.php?rest_route=\/wp\/v2\/users\/1"}],"replies":[{"embeddable":true,"href":"http:\/\/image-bible.ch\/index.php?rest_route=%2Fwp%2Fv2%2Fcomments&post=5275"}],"version-history":[{"count":13,"href":"http:\/\/image-bible.ch\/index.php?rest_route=\/wp\/v2\/pages\/5275\/revisions"}],"predecessor-version":[{"id":5329,"href":"http:\/\/image-bible.ch\/index.php?rest_route=\/wp\/v2\/pages\/5275\/revisions\/5329"}],"wp:attachment":[{"href":"http:\/\/image-bible.ch\/index.php?rest_route=%2Fwp%2Fv2%2Fmedia&parent=5275"}],"curies":[{"name":"wp","href":"https:\/\/api.w.org\/{rel}","templated":true}]}}